{"id":6324,"date":"2018-05-18T21:30:35","date_gmt":"2018-05-18T19:30:35","guid":{"rendered":"https:\/\/marbellarentacar.es\/?page_id=6324"},"modified":"2023-06-05T20:12:40","modified_gmt":"2023-06-05T18:12:40","slug":"supplements","status":"publish","type":"page","link":"https:\/\/marbellarentacar.es\/fr\/supplements\/","title":{"rendered":"Extras"},"content":{"rendered":"<div class=\"wpb-content-wrapper\"><div class=\"vc_row wpb_row vc_row-fluid\"><div class=\"wpb_column vc_column_container vc_col-sm-3\"><div class=\"vc_column-inner\"><div class=\"wpb_wrapper\">\n\t<div  class=\"wpb_single_image wpb_content_element vc_align_center wpb_content_element  iconswg\">\n\t\t\n\t\t<figure class=\"wpb_wrapper vc_figure\">\n\t\t\t<div class=\"vc_single_image-wrapper   vc_box_border_grey\"><img decoding=\"async\" class=\"vc_single_image-img\" src=\"https:\/\/marbellarentacar.es\/wp-content\/uploads\/2018\/08\/coche-3.svg\" width=\"0\" height=\"0\" alt=\"coche\" title=\"coche\" \/><\/div>\n\t\t<\/figure>\n\t<\/div>\n\n\t<div class=\"wpb_text_column wpb_content_element center\" >\n\t\t<div class=\"wpb_wrapper\">\n\t\t\t<p>Assurance compl\u00e9mentaire et facultative couvrant les dommages aux vitres et aux roues<\/p>\n\n\t\t<\/div>\n\t<\/div>\n<\/div><\/div><\/div><div class=\"wpb_column vc_column_container vc_col-sm-3\"><div class=\"vc_column-inner\"><div class=\"wpb_wrapper\">\n\t<div  class=\"wpb_single_image wpb_content_element vc_align_center wpb_content_element  iconswg\">\n\t\t\n\t\t<figure class=\"wpb_wrapper vc_figure\">\n\t\t\t<div class=\"vc_single_image-wrapper   vc_box_border_grey\"><img decoding=\"async\" class=\"vc_single_image-img\" src=\"https:\/\/marbellarentacar.es\/wp-content\/uploads\/2018\/08\/volante.svg\" width=\"0\" height=\"0\" alt=\"volante\" title=\"volante\" \/><\/div>\n\t\t<\/figure>\n\t<\/div>\n\n\t<div class=\"wpb_text_column wpb_content_element center\" >\n\t\t<div class=\"wpb_wrapper\">\n\t\t\t<p>Conducteur suppl\u00e9mentaire<\/p>\n\n\t\t<\/div>\n\t<\/div>\n<\/div><\/div><\/div><div class=\"wpb_column vc_column_container vc_col-sm-3\"><div class=\"vc_column-inner\"><div class=\"wpb_wrapper\">\n\t<div  class=\"wpb_single_image wpb_content_element vc_align_center wpb_content_element  iconswg\">\n\t\t\n\t\t<figure class=\"wpb_wrapper vc_figure\">\n\t\t\t<div class=\"vc_single_image-wrapper   vc_box_border_grey\"><img decoding=\"async\" class=\"vc_single_image-img\" src=\"https:\/\/marbellarentacar.es\/wp-content\/uploads\/2018\/08\/nino.svg\" width=\"0\" height=\"0\" alt=\"silla de bebe\" title=\"silla de bebe\" \/><\/div>\n\t\t<\/figure>\n\t<\/div>\n\n\t<div class=\"wpb_text_column wpb_content_element center\" >\n\t\t<div class=\"wpb_wrapper\">\n\t\t\t<p>Si\u00e8ge b\u00e9b\u00e9 \/ rehausseur par si\u00e8ge et par contrat<\/p>\n\n\t\t<\/div>\n\t<\/div>\n<\/div><\/div><\/div><div class=\"wpb_column vc_column_container vc_col-sm-3\"><div class=\"vc_column-inner\"><div class=\"wpb_wrapper\">\n\t<div  class=\"wpb_single_image wpb_content_element vc_align_center wpb_content_element  iconswg\">\n\t\t\n\t\t<figure class=\"wpb_wrapper vc_figure\">\n\t\t\t<div class=\"vc_single_image-wrapper   vc_box_border_grey\"><img decoding=\"async\" class=\"vc_single_image-img\" src=\"https:\/\/marbellarentacar.es\/wp-content\/uploads\/2018\/08\/barrera-y-coche.svg\" width=\"0\" height=\"0\" alt=\"fronti\u00e8re\" title=\"fronti\u00e8re\" \/><\/div>\n\t\t<\/figure>\n\t<\/div>\n\n\t<div class=\"wpb_text_column wpb_content_element center\" >\n\t\t<div class=\"wpb_wrapper\">\n\t\t\t<p>Travers\u00e9e de la fronti\u00e8re vers le Portugal par contrat<\/p>\n\n\t\t<\/div>\n\t<\/div>\n<\/div><\/div><\/div><\/div><div class=\"vc_row wpb_row vc_row-fluid\"><div class=\"wpb_column vc_column_container vc_col-sm-3\"><div class=\"vc_column-inner\"><div class=\"wpb_wrapper\">\n\t<div  class=\"wpb_single_image wpb_content_element vc_align_center wpb_content_element  iconswg\">\n\t\t\n\t\t<figure class=\"wpb_wrapper vc_figure\">\n\t\t\t<div class=\"vc_single_image-wrapper   vc_box_border_grey\"><img decoding=\"async\" class=\"vc_single_image-img\" src=\"https:\/\/marbellarentacar.es\/wp-content\/uploads\/2018\/08\/mapa.svg\" width=\"0\" height=\"0\" alt=\"mapa\" title=\"mapa\" \/><\/div>\n\t\t<\/figure>\n\t<\/div>\n\n\t<div class=\"wpb_text_column wpb_content_element center\" >\n\t\t<div class=\"wpb_wrapper\">\n\t\t\t<p>GPS \/ syst\u00e8me de navigation<\/p>\n\n\t\t<\/div>\n\t<\/div>\n<\/div><\/div><\/div><div class=\"wpb_column vc_column_container vc_col-sm-3\"><div class=\"vc_column-inner\"><div class=\"wpb_wrapper\">\n\t<div  class=\"wpb_single_image wpb_content_element vc_align_center wpb_content_element  iconswg\">\n\t\t\n\t\t<figure class=\"wpb_wrapper vc_figure\">\n\t\t\t<div class=\"vc_single_image-wrapper   vc_box_border_grey\"><img decoding=\"async\" class=\"vc_single_image-img\" src=\"https:\/\/marbellarentacar.es\/wp-content\/uploads\/2018\/08\/anciana.svg\" width=\"0\" height=\"0\" alt=\"maire chef d&#039;orchestre\" title=\"maire chef d&#039;orchestre\" \/><\/div>\n\t\t<\/figure>\n\t<\/div>\n\n\t<div class=\"wpb_text_column wpb_content_element center\" >\n\t\t<div class=\"wpb_wrapper\">\n\t\t\t<p>Conducteur senior de 70 \u00e0 99 ans par personne\/contrat<\/p>\n\n\t\t<\/div>\n\t<\/div>\n<\/div><\/div><\/div><div class=\"wpb_column vc_column_container vc_col-sm-3\"><div class=\"vc_column-inner\"><div class=\"wpb_wrapper\">\n\t<div  class=\"wpb_single_image wpb_content_element vc_align_center wpb_content_element  iconswg\">\n\t\t\n\t\t<figure class=\"wpb_wrapper vc_figure\">\n\t\t\t<div class=\"vc_single_image-wrapper   vc_box_border_grey\"><img decoding=\"async\" class=\"vc_single_image-img\" src=\"https:\/\/marbellarentacar.es\/wp-content\/uploads\/2018\/08\/copo-de-nieve.svg\" width=\"0\" height=\"0\" alt=\"louer une voiture\" title=\"louer une voiture\" \/><\/div>\n\t\t<\/figure>\n\t<\/div>\n\n\t<div class=\"wpb_text_column wpb_content_element\" >\n\t\t<div class=\"wpb_wrapper\">\n\t\t\t<p>Cha\u00eenes \u00e0 neige par contrat<\/p>\n\n\t\t<\/div>\n\t<\/div>\n<\/div><\/div><\/div><div class=\"wpb_column vc_column_container vc_col-sm-3\"><div class=\"vc_column-inner\"><div class=\"wpb_wrapper\">\n\t<div  class=\"wpb_single_image wpb_content_element vc_align_center wpb_content_element  iconswg\">\n\t\t\n\t\t<figure class=\"wpb_wrapper vc_figure\">\n\t\t\t<div class=\"vc_single_image-wrapper   vc_box_border_grey\"><img decoding=\"async\" class=\"vc_single_image-img\" src=\"https:\/\/marbellarentacar.es\/wp-content\/uploads\/2018\/08\/joven-1.svg\" width=\"0\" height=\"0\" alt=\"chef d&#039;orchestre joven\" title=\"chef d&#039;orchestre joven\" \/><\/div>\n\t\t<\/figure>\n\t<\/div>\n\n\t<div class=\"wpb_text_column wpb_content_element center\" >\n\t\t<div class=\"wpb_wrapper\">\n\t\t\t<p>Jeune conducteur de 19 \u00e0 24 ans par contrat<\/p>\n\n\t\t<\/div>\n\t<\/div>\n<\/div><\/div><\/div><\/div><div class=\"vc_row wpb_row vc_row-fluid\"><div class=\"wpb_column vc_column_container vc_col-sm-12\"><div class=\"vc_column-inner\"><div class=\"wpb_wrapper\"><div class=\"vc_empty_space\"   style=\"height: 32px\"><span class=\"vc_empty_space_inner\"><\/span><\/div><div class=\"vc_separator wpb_content_element vc_separator_align_center vc_sep_width_100 vc_sep_border_width_3 vc_sep_pos_align_center vc_separator_no_text wpb_content_element  wpb_content_element\" ><span class=\"vc_sep_holder vc_sep_holder_l\"><span style=\"border-color:#004b82;\" class=\"vc_sep_line\"><\/span><\/span><span class=\"vc_sep_holder vc_sep_holder_r\"><span style=\"border-color:#004b82;\" class=\"vc_sep_line\"><\/span><\/span>\n<\/div><div class=\"vc_empty_space\"   style=\"height: 32px\"><span class=\"vc_empty_space_inner\"><\/span><\/div><h2 style=\"text-align: center\" class=\"vc_custom_heading vc_do_custom_heading\" >Franchise d'assurance<\/h2>\n\t<div class=\"wpb_text_column wpb_content_element center\" >\n\t\t<div class=\"wpb_wrapper\">\n\t\t\t<h3>vous ne devrez payer la franchise d'assurance que si vous avez caus\u00e9 des dommages \u00e0 l'environnement.<br \/>\nun nouveau DOMMAGE au v\u00e9hicule. toutefois, vous pouvez \u00e9viter cela en payant la franchise journali\u00e8re afin de r\u00e9duire la franchise \u00e0 z\u00e9ro \u20ac.<\/h3>\n\n\t\t<\/div>\n\t<\/div>\n<\/div><\/div><\/div><\/div><div class=\"vc_row wpb_row vc_row-fluid\"><div class=\"wpb_column vc_column_container vc_col-sm-4\"><div class=\"vc_column-inner\"><div class=\"wpb_wrapper\">\n\t<div  class=\"wpb_single_image wpb_content_element vc_align_center wpb_content_element  iconswg\">\n\t\t\n\t\t<figure class=\"wpb_wrapper vc_figure\">\n\t\t\t<div class=\"vc_single_image-wrapper   vc_box_border_grey\"><img decoding=\"async\" class=\"vc_single_image-img\" src=\"https:\/\/marbellarentacar.es\/wp-content\/uploads\/2018\/08\/coche-5.svg\" width=\"0\" height=\"0\" alt=\"louer une voiture\" title=\"louer une voiture\" \/><\/div>\n\t\t<\/figure>\n\t<\/div>\n\n\t<div class=\"wpb_text_column wpb_content_element\" >\n\t\t<div class=\"wpb_wrapper\">\n\t\t\t<h2 style=\"text-align: center;\"><strong>6,00 \u20ac par jour<\/strong><\/h2>\n\n\t\t<\/div>\n\t<\/div>\n\n\t<div class=\"wpb_text_column wpb_content_element center\" >\n\t\t<div class=\"wpb_wrapper\">\n\t\t\t<p>par contrat de location de 30 jours maximum (renouvelable)<\/p>\n\n\t\t<\/div>\n\t<\/div>\n<div class=\"vc_separator wpb_content_element vc_separator_align_center vc_sep_width_100 vc_sep_border_width_3 vc_sep_pos_align_center wpb_content_element franquicia vc_separator-has-text\" ><span class=\"vc_sep_holder vc_sep_holder_l\"><span style=\"border-color:#dd3333;\" class=\"vc_sep_line\"><\/span><\/span><div class=\"vc_icon_element vc_icon_element-outer vc_do_icon vc_icon_element-align-left\"><div class=\"vc_icon_element-inner vc_icon_element-color-custom vc_icon_element-size-md vc_icon_element-style- vc_icon_element-background-color-grey\" ><span class=\"vc_icon_element-icon fa fa-credit-card\" style=\"color:#dd3333 !important\"><\/span><\/div><\/div><h4>\u20ac 800<\/h4><span class=\"vc_sep_holder vc_sep_holder_r\"><span style=\"border-color:#dd3333;\" class=\"vc_sep_line\"><\/span><\/span>\n<\/div>\n\t<div class=\"wpb_text_column wpb_content_element group group_C\" >\n\t\t<div class=\"wpb_wrapper\">\n\t\t\t<div class=\"group group_C\" style=\"text-align: center;\">Groupes<br \/>\n<strong>C, C1, D, X<\/strong><\/div>\n\n\t\t<\/div>\n\t<\/div>\n<\/div><\/div><\/div><div class=\"wpb_column vc_column_container vc_col-sm-4\"><div class=\"vc_column-inner\"><div class=\"wpb_wrapper\">\n\t<div  class=\"wpb_single_image wpb_content_element vc_align_center wpb_content_element  iconswg\">\n\t\t\n\t\t<figure class=\"wpb_wrapper vc_figure\">\n\t\t\t<div class=\"vc_single_image-wrapper   vc_box_border_grey\"><img decoding=\"async\" class=\"vc_single_image-img\" src=\"https:\/\/marbellarentacar.es\/wp-content\/uploads\/2018\/08\/coche-5.svg\" width=\"0\" height=\"0\" alt=\"louer une voiture\" title=\"louer une voiture\" \/><\/div>\n\t\t<\/figure>\n\t<\/div>\n\n\t<div class=\"wpb_text_column wpb_content_element\" >\n\t\t<div class=\"wpb_wrapper\">\n\t\t\t<h2 style=\"text-align: center;\"><strong>\u20ac 7,00 par jour<\/strong><\/h2>\n\n\t\t<\/div>\n\t<\/div>\n\n\t<div class=\"wpb_text_column wpb_content_element center\" >\n\t\t<div class=\"wpb_wrapper\">\n\t\t\t<p>par contrat de location de 30 jours maximum (renouvelable)<\/p>\n\n\t\t<\/div>\n\t<\/div>\n<div class=\"vc_separator wpb_content_element vc_separator_align_center vc_sep_width_100 vc_sep_border_width_3 vc_sep_pos_align_center wpb_content_element franquicia vc_separator-has-text\" ><span class=\"vc_sep_holder vc_sep_holder_l\"><span style=\"border-color:#dd3333;\" class=\"vc_sep_line\"><\/span><\/span><div class=\"vc_icon_element vc_icon_element-outer vc_do_icon vc_icon_element-align-left\"><div class=\"vc_icon_element-inner vc_icon_element-color-custom vc_icon_element-size-md vc_icon_element-style- vc_icon_element-background-color-grey\" ><span class=\"vc_icon_element-icon fa fa-credit-card\" style=\"color:#dd3333 !important\"><\/span><\/div><\/div><h4>\u20ac 900<\/h4><span class=\"vc_sep_holder vc_sep_holder_r\"><span style=\"border-color:#dd3333;\" class=\"vc_sep_line\"><\/span><\/span>\n<\/div>\n\t<div class=\"wpb_text_column wpb_content_element group group_C\" >\n\t\t<div class=\"wpb_wrapper\">\n\t\t\t<div class=\"group group_C\" style=\"text-align: center;\">Groupes<br \/>\n<strong>D1, E, F, F0, H, H1, P, X1<\/strong><\/div>\n\n\t\t<\/div>\n\t<\/div>\n<\/div><\/div><\/div><div class=\"wpb_column vc_column_container vc_col-sm-4\"><div class=\"vc_column-inner\"><div class=\"wpb_wrapper\">\n\t<div  class=\"wpb_single_image wpb_content_element vc_align_center wpb_content_element  iconswg\">\n\t\t\n\t\t<figure class=\"wpb_wrapper vc_figure\">\n\t\t\t<div class=\"vc_single_image-wrapper   vc_box_border_grey\"><img decoding=\"async\" class=\"vc_single_image-img\" src=\"https:\/\/marbellarentacar.es\/wp-content\/uploads\/2018\/08\/coche-5.svg\" width=\"0\" height=\"0\" alt=\"louer une voiture\" title=\"louer une voiture\" \/><\/div>\n\t\t<\/figure>\n\t<\/div>\n\n\t<div class=\"wpb_text_column wpb_content_element\" >\n\t\t<div class=\"wpb_wrapper\">\n\t\t\t<h2 style=\"text-align: center;\"><strong>\u20ac 8,00 par jour<\/strong><\/h2>\n\n\t\t<\/div>\n\t<\/div>\n\n\t<div class=\"wpb_text_column wpb_content_element center\" >\n\t\t<div class=\"wpb_wrapper\">\n\t\t\t<p>par contrat de location de 30 jours maximum (renouvelable)<\/p>\n\n\t\t<\/div>\n\t<\/div>\n<div class=\"vc_separator wpb_content_element vc_separator_align_center vc_sep_width_100 vc_sep_border_width_3 vc_sep_pos_align_center wpb_content_element franquicia vc_separator-has-text\" ><span class=\"vc_sep_holder vc_sep_holder_l\"><span style=\"border-color:#dd3333;\" class=\"vc_sep_line\"><\/span><\/span><div class=\"vc_icon_element vc_icon_element-outer vc_do_icon vc_icon_element-align-left\"><div class=\"vc_icon_element-inner vc_icon_element-color-custom vc_icon_element-size-md vc_icon_element-style- vc_icon_element-background-color-grey\" ><span class=\"vc_icon_element-icon fa fa-credit-card\" style=\"color:#dd3333 !important\"><\/span><\/div><\/div><h4>\u20ac 1000<\/h4><span class=\"vc_sep_holder vc_sep_holder_r\"><span style=\"border-color:#dd3333;\" class=\"vc_sep_line\"><\/span><\/span>\n<\/div>\n\t<div class=\"wpb_text_column wpb_content_element group group_C\" >\n\t\t<div class=\"wpb_wrapper\">\n\t\t\t<div class=\"group group_C\" style=\"text-align: center;\">Groupes<br \/>\n<strong>J, J1, L<\/strong><\/div>\n\n\t\t<\/div>\n\t<\/div>\n<\/div><\/div><\/div><\/div><div class=\"vc_row wpb_row vc_row-fluid vc_custom_1581954732397\"><div class=\"wpb_column vc_column_container vc_col-sm-6\"><div class=\"vc_column-inner\"><div class=\"wpb_wrapper\">\n\t<div  class=\"wpb_single_image wpb_content_element vc_align_center wpb_content_element  iconswg\">\n\t\t\n\t\t<figure class=\"wpb_wrapper vc_figure\">\n\t\t\t<div class=\"vc_single_image-wrapper   vc_box_border_grey\"><img decoding=\"async\" class=\"vc_single_image-img\" src=\"https:\/\/marbellarentacar.es\/wp-content\/uploads\/2018\/08\/coche-5.svg\" width=\"0\" height=\"0\" alt=\"louer une voiture\" title=\"louer une voiture\" \/><\/div>\n\t\t<\/figure>\n\t<\/div>\n\n\t<div class=\"wpb_text_column wpb_content_element\" >\n\t\t<div class=\"wpb_wrapper\">\n\t\t\t<h2 style=\"text-align: center;\"><strong>\u20ac 10,00 par jour<\/strong><\/h2>\n\n\t\t<\/div>\n\t<\/div>\n\n\t<div class=\"wpb_text_column wpb_content_element center\" >\n\t\t<div class=\"wpb_wrapper\">\n\t\t\t<p>par contrat de location de 30 jours maximum (renouvelable)<\/p>\n\n\t\t<\/div>\n\t<\/div>\n<div class=\"vc_separator wpb_content_element vc_separator_align_center vc_sep_width_100 vc_sep_border_width_3 vc_sep_pos_align_center wpb_content_element franquicia vc_separator-has-text\" ><span class=\"vc_sep_holder vc_sep_holder_l\"><span style=\"border-color:#dd3333;\" class=\"vc_sep_line\"><\/span><\/span><div class=\"vc_icon_element vc_icon_element-outer vc_do_icon vc_icon_element-align-left\"><div class=\"vc_icon_element-inner vc_icon_element-color-custom vc_icon_element-size-md vc_icon_element-style- vc_icon_element-background-color-grey\" ><span class=\"vc_icon_element-icon fa fa-credit-card\" style=\"color:#dd3333 !important\"><\/span><\/div><\/div><h4>\u20ac 1200<\/h4><span class=\"vc_sep_holder vc_sep_holder_r\"><span style=\"border-color:#dd3333;\" class=\"vc_sep_line\"><\/span><\/span>\n<\/div>\n\t<div class=\"wpb_text_column wpb_content_element group group_C\" >\n\t\t<div class=\"wpb_wrapper\">\n\t\t\t<div class=\"group group_C\" style=\"text-align: center;\">Groupes<br \/>\n<strong>G, I, J2, L1<\/strong><\/div>\n\n\t\t<\/div>\n\t<\/div>\n<\/div><\/div><\/div><div class=\"wpb_column vc_column_container vc_col-sm-6\"><div class=\"vc_column-inner\"><div class=\"wpb_wrapper\">\n\t<div  class=\"wpb_single_image wpb_content_element vc_align_center wpb_content_element  iconswg\">\n\t\t\n\t\t<figure class=\"wpb_wrapper vc_figure\">\n\t\t\t<div class=\"vc_single_image-wrapper   vc_box_border_grey\"><img decoding=\"async\" class=\"vc_single_image-img\" src=\"https:\/\/marbellarentacar.es\/wp-content\/uploads\/2018\/08\/coche-5.svg\" width=\"0\" height=\"0\" alt=\"louer une voiture\" title=\"louer une voiture\" \/><\/div>\n\t\t<\/figure>\n\t<\/div>\n\n\t<div class=\"wpb_text_column wpb_content_element\" >\n\t\t<div class=\"wpb_wrapper\">\n\t\t\t<h2 style=\"text-align: center;\"><strong>\u20ac 12,00 par jour<\/strong><\/h2>\n\n\t\t<\/div>\n\t<\/div>\n\n\t<div class=\"wpb_text_column wpb_content_element center\" >\n\t\t<div class=\"wpb_wrapper\">\n\t\t\t<p>par contrat de location de 30 jours maximum (renouvelable)<\/p>\n\n\t\t<\/div>\n\t<\/div>\n<div class=\"vc_separator wpb_content_element vc_separator_align_center vc_sep_width_100 vc_sep_border_width_3 vc_sep_pos_align_center wpb_content_element franquicia vc_separator-has-text\" ><span class=\"vc_sep_holder vc_sep_holder_l\"><span style=\"border-color:#dd3333;\" class=\"vc_sep_line\"><\/span><\/span><div class=\"vc_icon_element vc_icon_element-outer vc_do_icon vc_icon_element-align-left\"><div class=\"vc_icon_element-inner vc_icon_element-color-custom vc_icon_element-size-md vc_icon_element-style- vc_icon_element-background-color-grey\" ><span class=\"vc_icon_element-icon fa fa-credit-card\" style=\"color:#dd3333 !important\"><\/span><\/div><\/div><h4>\u20ac 1400<\/h4><span class=\"vc_sep_holder vc_sep_holder_r\"><span style=\"border-color:#dd3333;\" class=\"vc_sep_line\"><\/span><\/span>\n<\/div>\n\t<div class=\"wpb_text_column wpb_content_element group group_C\" >\n\t\t<div class=\"wpb_wrapper\">\n\t\t\t<div class=\"group group_C\" style=\"text-align: center;\">Groupes<br \/>\n<strong>G1, I1<\/strong><\/div>\n\n\t\t<\/div>\n\t<\/div>\n<\/div><\/div><\/div><\/div><div class=\"vc_row wpb_row vc_row-fluid\"><div class=\"wpb_column vc_column_container vc_col-sm-12\"><div class=\"vc_column-inner\"><div class=\"wpb_wrapper\"><div class=\"vc_message_box vc_message_box-standard vc_message_box-rounded vc_color-info wpb_animate_when_almost_visible wpb_fadeInUp fadeInUp vc_do_message info\" ><div class=\"vc_message_box-icon\"><i class=\"fa fa-solid fa-circle-info\"><\/i><\/div><p>Veuillez noter que les \u00e9l\u00e9ments\/incidents suivants ne sont PAS couverts par l'assurance : amendes routi\u00e8res, d\u00e9pannage par n\u00e9gligence ou omission du code de la route ; nettoyage de la sellerie ; erreur de ravitaillement en carburant et frais occasionn\u00e9s ; perte ou endommagement des cl\u00e9s et frais occasionn\u00e9s ; dommages aux roues, \u00e0 l'embrayage, aux vitres, au toit, au soubassement du v\u00e9hicule et frais occasionn\u00e9s ; accessoires non fix\u00e9s tels qu'antenne, radio, gilet de s\u00e9curit\u00e9, \u00e9tag\u00e8re, etc. ; conduite sous l'influence de l'alcool ou de drogues ; dommages caus\u00e9s par la conduite sur des routes non pav\u00e9es \/ hors route et frais occasionn\u00e9s ; tous les dommages non signal\u00e9s \u00e0 <a class=\"wpil_keyword_link\" href=\"https:\/\/marbellarentacar.es\/fr\/\"   title=\"Marbella Rent a Car\" data-wpil-keyword-link=\"linked\">Marbella Rent a Car<\/a> dans les 24 heures en transmettant un rapport de police ou de dommages ou si le rapport est transmis avec de faux d\u00e9tails et\/ou une fausse repr\u00e9sentation des faits ; le rapport doit \u00eatre rempli avec tous les d\u00e9tails des parties impliqu\u00e9es et doit \u00eatre sign\u00e9 par les deux ; sinon, tous les co\u00fbts peuvent \u00eatre \u00e0 la charge du conducteur.<\/p>\n<\/div><div class=\"vc_empty_space\"   style=\"height: 32px\"><span class=\"vc_empty_space_inner\"><\/span><\/div><\/div><\/div><\/div><\/div><div class=\"vc_row wpb_row vc_row-fluid\"><div class=\"wpb_column vc_column_container vc_col-sm-12\"><div class=\"vc_column-inner\"><div class=\"wpb_wrapper\"><div class=\"vc_empty_space\"   style=\"height: 32px\"><span class=\"vc_empty_space_inner\"><\/span><\/div><div class=\"vc_separator wpb_content_element vc_separator_align_center vc_sep_width_100 vc_sep_border_width_3 vc_sep_pos_align_center vc_separator_no_text wpb_content_element  wpb_content_element\" ><span class=\"vc_sep_holder vc_sep_holder_l\"><span style=\"border-color:#004b82;\" class=\"vc_sep_line\"><\/span><\/span><span class=\"vc_sep_holder vc_sep_holder_r\"><span style=\"border-color:#004b82;\" class=\"vc_sep_line\"><\/span><\/span>\n<\/div><div class=\"vc_empty_space\"   style=\"height: 32px\"><span class=\"vc_empty_space_inner\"><\/span><\/div><h2 style=\"text-align: center\" class=\"vc_custom_heading vc_do_custom_heading\" >Services gratuits ou inclus<\/h2>\n\t<div class=\"wpb_text_column wpb_content_element\" >\n\t\t<div class=\"wpb_wrapper\">\n\t\t\t<h3 style=\"text-align: center;\">Ces services s'appliquent \u00e0 toutes les locations de voitures, ind\u00e9pendamment du lieu de prise en charge ou de restitution ou de la dur\u00e9e de la location.<\/h3>\n\n\t\t<\/div>\n\t<\/div>\n<\/div><\/div><\/div><\/div><div class=\"vc_row wpb_row vc_row-fluid\"><div class=\"wpb_column vc_column_container vc_col-sm-3\"><div class=\"vc_column-inner\"><div class=\"wpb_wrapper\">\n\t<div  class=\"wpb_single_image wpb_content_element vc_align_center wpb_content_element  iconswg\">\n\t\t\n\t\t<figure class=\"wpb_wrapper vc_figure\">\n\t\t\t<div class=\"vc_single_image-wrapper   vc_box_border_grey\"><img decoding=\"async\" class=\"vc_single_image-img\" src=\"https:\/\/marbellarentacar.es\/wp-content\/uploads\/2018\/08\/escritorio.svg\" width=\"0\" height=\"0\" alt=\"pago en mostrador\" title=\"pago en mostrador\" \/><\/div>\n\t\t<\/figure>\n\t<\/div>\n<div class=\"vc_separator wpb_content_element vc_separator_align_center vc_sep_width_100 vc_sep_border_width_3 vc_sep_pos_align_center wpb_content_element vc_separator-has-text\" ><span class=\"vc_sep_holder vc_sep_holder_l\"><span style=\"border-color:#004b82;\" class=\"vc_sep_line\"><\/span><\/span><h4>GRATUIT<\/h4><span class=\"vc_sep_holder vc_sep_holder_r\"><span style=\"border-color:#004b82;\" class=\"vc_sep_line\"><\/span><\/span>\n<\/div>\n\t<div class=\"wpb_text_column wpb_content_element center\" >\n\t\t<div class=\"wpb_wrapper\">\n\t\t\t<p>Enregistrement rapide (si vous nous transmettez toutes vos donn\u00e9es personnelles au moins 72 heures avant l'heure de prise en charge)<\/p>\n\n\t\t<\/div>\n\t<\/div>\n<\/div><\/div><\/div><div class=\"wpb_column vc_column_container vc_col-sm-3\"><div class=\"vc_column-inner\"><div class=\"wpb_wrapper\">\n\t<div  class=\"wpb_single_image wpb_content_element vc_align_center wpb_content_element  iconswg\">\n\t\t\n\t\t<figure class=\"wpb_wrapper vc_figure\">\n\t\t\t<div class=\"vc_single_image-wrapper   vc_box_border_grey\"><img decoding=\"async\" class=\"vc_single_image-img\" src=\"https:\/\/marbellarentacar.es\/wp-content\/uploads\/2018\/08\/barrera-y-coche.svg\" width=\"0\" height=\"0\" alt=\"fronti\u00e8re\" title=\"fronti\u00e8re\" \/><\/div>\n\t\t<\/figure>\n\t<\/div>\n<div class=\"vc_separator wpb_content_element vc_separator_align_center vc_sep_width_100 vc_sep_border_width_3 vc_sep_pos_align_center wpb_content_element vc_separator-has-text\" ><span class=\"vc_sep_holder vc_sep_holder_l\"><span style=\"border-color:#004b82;\" class=\"vc_sep_line\"><\/span><\/span><h4>GRATUIT<\/h4><span class=\"vc_sep_holder vc_sep_holder_r\"><span style=\"border-color:#004b82;\" class=\"vc_sep_line\"><\/span><\/span>\n<\/div>\n\t<div class=\"wpb_text_column wpb_content_element center\" >\n\t\t<div class=\"wpb_wrapper\">\n\t\t\t<p>Passage de la fronti\u00e8re \u00e0 Gibraltar (la voiture doit \u00eatre rendue \u00e0 l'une de nos stations de location en Espagne)<\/p>\n\n\t\t<\/div>\n\t<\/div>\n<\/div><\/div><\/div><div class=\"wpb_column vc_column_container vc_col-sm-3\"><div class=\"vc_column-inner\"><div class=\"wpb_wrapper\">\n\t<div  class=\"wpb_single_image wpb_content_element vc_align_center wpb_content_element  iconswg\">\n\t\t\n\t\t<figure class=\"wpb_wrapper vc_figure\">\n\t\t\t<div class=\"vc_single_image-wrapper   vc_box_border_grey\"><img decoding=\"async\" class=\"vc_single_image-img\" src=\"https:\/\/marbellarentacar.es\/wp-content\/uploads\/2018\/08\/ruta-1.svg\" width=\"0\" height=\"0\" alt=\"louer une voiture\" title=\"louer une voiture\" \/><\/div>\n\t\t<\/figure>\n\t<\/div>\n<div class=\"vc_separator wpb_content_element vc_separator_align_center vc_sep_width_100 vc_sep_border_width_3 vc_sep_pos_align_center wpb_content_element vc_separator-has-text\" ><span class=\"vc_sep_holder vc_sep_holder_l\"><span style=\"border-color:#004b82;\" class=\"vc_sep_line\"><\/span><\/span><h4>GRATUIT<\/h4><span class=\"vc_sep_holder vc_sep_holder_r\"><span style=\"border-color:#004b82;\" class=\"vc_sep_line\"><\/span><\/span>\n<\/div>\n\t<div class=\"wpb_text_column wpb_content_element\" >\n\t\t<div class=\"wpb_wrapper\">\n\t\t\t<p>Aller simple entre les zones, si la dur\u00e9e de la location est de 4 jours, au minimum<\/p>\n\n\t\t<\/div>\n\t<\/div>\n<\/div><\/div><\/div><div class=\"wpb_column vc_column_container vc_col-sm-3\"><div class=\"vc_column-inner\"><div class=\"wpb_wrapper\">\n\t<div  class=\"wpb_single_image wpb_content_element vc_align_center wpb_content_element  iconswg\">\n\t\t\n\t\t<figure class=\"wpb_wrapper vc_figure\">\n\t\t\t<div class=\"vc_single_image-wrapper   vc_box_border_grey\"><img decoding=\"async\" class=\"vc_single_image-img\" src=\"https:\/\/marbellarentacar.es\/wp-content\/uploads\/2018\/08\/mapas-y-localizacion.svg\" width=\"0\" height=\"0\" alt=\"cartes et localisation\" title=\"cartes et localisation\" \/><\/div>\n\t\t<\/figure>\n\t<\/div>\n<div class=\"vc_separator wpb_content_element vc_separator_align_center vc_sep_width_100 vc_sep_border_width_3 vc_sep_pos_align_center wpb_content_element vc_separator-has-text\" ><span class=\"vc_sep_holder vc_sep_holder_l\"><span style=\"border-color:#004b82;\" class=\"vc_sep_line\"><\/span><\/span><h4>GRATUIT<\/h4><span class=\"vc_sep_holder vc_sep_holder_r\"><span style=\"border-color:#004b82;\" class=\"vc_sep_line\"><\/span><\/span>\n<\/div>\n\t<div class=\"wpb_text_column wpb_content_element center\" >\n\t\t<div class=\"wpb_wrapper\">\n\t\t\t<p>Kilom\u00e9trage illimit\u00e9<\/p>\n\n\t\t<\/div>\n\t<\/div>\n<\/div><\/div><\/div><\/div><div class=\"vc_row wpb_row vc_row-fluid\"><div class=\"wpb_column vc_column_container vc_col-sm-12\"><div class=\"vc_column-inner\"><div class=\"wpb_wrapper\"><div class=\"vc_empty_space\"   style=\"height: 32px\"><span class=\"vc_empty_space_inner\"><\/span><\/div><div class=\"vc_separator wpb_content_element vc_separator_align_center vc_sep_width_100 vc_sep_border_width_3 vc_sep_pos_align_center vc_separator_no_text wpb_content_element  wpb_content_element\" ><span class=\"vc_sep_holder vc_sep_holder_l\"><span style=\"border-color:#004b82;\" class=\"vc_sep_line\"><\/span><\/span><span class=\"vc_sep_holder vc_sep_holder_r\"><span style=\"border-color:#004b82;\" class=\"vc_sep_line\"><\/span><\/span>\n<\/div><div class=\"vc_empty_space\"   style=\"height: 32px\"><span class=\"vc_empty_space_inner\"><\/span><\/div><\/div><\/div><\/div><\/div><div class=\"vc_row wpb_row vc_row-fluid\"><div class=\"wpb_column vc_column_container vc_col-sm-3\"><div class=\"vc_column-inner\"><div class=\"wpb_wrapper\"><\/div><\/div><\/div><div class=\"wpb_column vc_column_container vc_col-sm-3\"><div class=\"vc_column-inner\"><div class=\"wpb_wrapper\">\n\t<div  class=\"wpb_single_image wpb_content_element vc_align_center wpb_content_element  iconswg\">\n\t\t\n\t\t<figure class=\"wpb_wrapper vc_figure\">\n\t\t\t<div class=\"vc_single_image-wrapper   vc_box_border_grey\"><img decoding=\"async\" class=\"vc_single_image-img\" src=\"https:\/\/marbellarentacar.es\/wp-content\/uploads\/2023\/06\/bus.svg\" width=\"0\" height=\"0\" alt=\"Louer une voiture\" title=\"bus\" \/><\/div>\n\t\t<\/figure>\n\t<\/div>\n<div class=\"vc_separator wpb_content_element vc_separator_align_center vc_sep_width_100 vc_sep_border_width_3 vc_sep_pos_align_center wpb_content_element vc_separator-has-text\" ><span class=\"vc_sep_holder vc_sep_holder_l\"><span style=\"border-color:#004b82;\" class=\"vc_sep_line\"><\/span><\/span><h4>GRATUIT<\/h4><span class=\"vc_sep_holder vc_sep_holder_r\"><span style=\"border-color:#004b82;\" class=\"vc_sep_line\"><\/span><\/span>\n<\/div>\n\t<div class=\"wpb_text_column wpb_content_element center\" >\n\t\t<div class=\"wpb_wrapper\">\n\t\t\t<p>Service de navette pendant les heures normales de travail (08:00h - 21:59 h) entre l'a\u00e9roport de M\u00e1laga et notre bureau de location situ\u00e9 \u00e0 proximit\u00e9.<\/p>\n\n\t\t<\/div>\n\t<\/div>\n<\/div><\/div><\/div><div class=\"wpb_column vc_column_container vc_col-sm-3\"><div class=\"vc_column-inner\"><div class=\"wpb_wrapper\">\n\t<div  class=\"wpb_single_image wpb_content_element vc_align_center wpb_content_element  iconswg\">\n\t\t\n\t\t<figure class=\"wpb_wrapper vc_figure\">\n\t\t\t<div class=\"vc_single_image-wrapper   vc_box_border_grey\"><img decoding=\"async\" class=\"vc_single_image-img\" src=\"https:\/\/marbellarentacar.es\/wp-content\/uploads\/2018\/08\/24-horas-de-servicio-de-telefono.svg\" width=\"0\" height=\"0\" alt=\"service 24 heures\" title=\"service 24 heures\" \/><\/div>\n\t\t<\/figure>\n\t<\/div>\n<div class=\"vc_separator wpb_content_element vc_separator_align_center vc_sep_width_100 vc_sep_border_width_3 vc_sep_pos_align_center wpb_content_element vc_separator-has-text\" ><span class=\"vc_sep_holder vc_sep_holder_l\"><span style=\"border-color:#004b82;\" class=\"vc_sep_line\"><\/span><\/span><h4>GRATUIT<\/h4><span class=\"vc_sep_holder vc_sep_holder_r\"><span style=\"border-color:#004b82;\" class=\"vc_sep_line\"><\/span><\/span>\n<\/div>\n\t<div class=\"wpb_text_column wpb_content_element center\" >\n\t\t<div class=\"wpb_wrapper\">\n\t\t\t<p>Service d'assistance routi\u00e8re et d\u00e9panneuse 24 heures sur 24<\/p>\n\n\t\t<\/div>\n\t<\/div>\n<\/div><\/div><\/div><div class=\"wpb_column vc_column_container vc_col-sm-3\"><div class=\"vc_column-inner\"><div class=\"wpb_wrapper\"><\/div><\/div><\/div><\/div>\n<\/div>","protected":false},"excerpt":{"rendered":"Assurance compl\u00e9mentaire et optionnelle couvrant les dommages aux vitres et aux roues Conducteur additionnel Si\u00e8ge b\u00e9b\u00e9 \/ rehausseur par si\u00e8ge et par contrat Travers\u00e9e de la fronti\u00e8re avec le Portugal par contrat GPS \/ syst\u00e8me de navigation Conducteur senior 70 \u00e0 99 ans par personne\/contrat Cha\u00eenes \u00e0 neige par contrat Jeune conducteur 19 \u00e0 24 ans par contrat Franchise d'assurance vous n'avez [...]","protected":false},"author":1,"featured_media":0,"parent":0,"menu_order":0,"comment_status":"closed","ping_status":"closed","template":"","meta":{"_joinchat":[],"footnotes":""},"class_list":["post-6324","page","type-page","status-publish"],"_links":{"self":[{"href":"https:\/\/marbellarentacar.es\/fr\/wp-json\/wp\/v2\/pages\/6324","targetHints":{"allow":["GET"]}}],"collection":[{"href":"https:\/\/marbellarentacar.es\/fr\/wp-json\/wp\/v2\/pages"}],"about":[{"href":"https:\/\/marbellarentacar.es\/fr\/wp-json\/wp\/v2\/types\/page"}],"author":[{"embeddable":true,"href":"https:\/\/marbellarentacar.es\/fr\/wp-json\/wp\/v2\/users\/1"}],"replies":[{"embeddable":true,"href":"https:\/\/marbellarentacar.es\/fr\/wp-json\/wp\/v2\/comments?post=6324"}],"version-history":[{"count":0,"href":"https:\/\/marbellarentacar.es\/fr\/wp-json\/wp\/v2\/pages\/6324\/revisions"}],"wp:attachment":[{"href":"https:\/\/marbellarentacar.es\/fr\/wp-json\/wp\/v2\/media?parent=6324"}],"curies":[{"name":"wp","href":"https:\/\/api.w.org\/{rel}","templated":true}]}}