{"id":240,"date":"2019-06-01T10:00:22","date_gmt":"2019-06-01T08:00:22","guid":{"rendered":"http:\/\/grupored.inteligencia-web.com\/?page_id=240"},"modified":"2023-06-20T17:26:49","modified_gmt":"2023-06-20T15:26:49","slug":"location-de-voiture-malaga-2-2","status":"publish","type":"page","link":"https:\/\/marbellarentacar.es\/fr\/","title":{"rendered":"Louer une voiture \u00e0 Marbella"},"content":{"rendered":"<div class=\"wpb-content-wrapper\"><div class=\"vc_row wpb_row vc_row-fluid vc_custom_1592758690632\"><div class=\"wpb_column vc_column_container vc_col-sm-12\"><div class=\"vc_column-inner\"><div class=\"wpb_wrapper\">\n\t<div class=\"wpb_text_column wpb_content_element center\" >\n\t\t<div class=\"wpb_wrapper\">\n\t\t\t<p>D\u00e9couvrez la libert\u00e9 d'explorer \u00e0 votre rythme, toujours avec la qualit\u00e9 et les prix comp\u00e9titifs que nous offrons. Avec nous, chaque voyage est unique !<\/p>\n<h2>D\u00e9couvrez la libert\u00e9 avec Rent a Car Marbella<\/h2>\n<p>Rent a Car Marbella vous permet de voyager en toute ind\u00e9pendance dans les magnifiques paysages de Marbella, Malaga et au-del\u00e0. Profitez de la flexibilit\u00e9 et de la commodit\u00e9 d'\u00e9tablir votre propre itin\u00e9raire.<\/p>\n<p>Gr\u00e2ce \u00e0 nos v\u00e9hicules de haute qualit\u00e9 et \u00e0 nos tarifs comp\u00e9titifs, vous pouvez explorer les sites et les sons du sud de l'Espagne comme jamais auparavant. Laissez-nous transformer votre voyage en une aventure inoubliable.<\/p>\n\n\t\t<\/div>\n\t<\/div>\n<\/div><\/div><\/div><\/div><div class=\"vc_row wpb_row vc_row-fluid vc_custom_1592758690632\"><div class=\"wpb_column vc_column_container vc_col-sm-12\"><div class=\"vc_column-inner\"><div class=\"wpb_wrapper\">\n\t<div  class=\"wpb_single_image wpb_content_element vc_align_center wpb_content_element vc_custom_1685731804690\">\n\t\t\n\t\t<figure class=\"wpb_wrapper vc_figure\">\n\t\t\t<div class=\"vc_single_image-wrapper vc_box_shadow_3d  vc_box_border_grey\"><img decoding=\"async\" width=\"1400\" height=\"200\" src=\"https:\/\/marbellarentacar.es\/wp-content\/uploads\/2023\/06\/ren-a-car-marbella-04.jpeg\" class=\"vc_single_image-img attachment-full\" alt=\"Marbella rent a Car\" title=\"Marbella rent a Car\" srcset=\"https:\/\/marbellarentacar.es\/wp-content\/uploads\/2023\/06\/ren-a-car-marbella-04.jpeg 1400w, https:\/\/marbellarentacar.es\/wp-content\/uploads\/2023\/06\/ren-a-car-marbella-04-300x43.jpeg 300w, https:\/\/marbellarentacar.es\/wp-content\/uploads\/2023\/06\/ren-a-car-marbella-04-1024x146.jpeg 1024w, https:\/\/marbellarentacar.es\/wp-content\/uploads\/2023\/06\/ren-a-car-marbella-04-768x110.jpeg 768w\" sizes=\"(max-width: 1400px) 100vw, 1400px\" \/><\/div>\n\t\t<\/figure>\n\t<\/div>\n<\/div><\/div><\/div><\/div><div class=\"vc_row wpb_row vc_row-fluid vc_custom_1592758690632\"><div class=\"wpb_column vc_column_container vc_col-sm-12 vc_hidden-md vc_hidden-sm vc_hidden-xs\"><div class=\"vc_column-inner\"><div class=\"wpb_wrapper\"><div id=\"ultimate-heading-929469ec8f8984363\" class=\"uvc-heading ult-adjust-bottom-margin ultimate-heading-929469ec8f8984363 uvc-9303\" data-hspacer=\"no_spacer\"  data-halign=\"center\" style=\"text-align:center\"><div class=\"uvc-heading-spacer no_spacer\" style=\"top\"><\/div><div class=\"uvc-main-heading ult-responsive\"  data-ultimate-target='.uvc-heading.ultimate-heading-929469ec8f8984363 h2'  data-responsive-json-new='{\"font-size\":\"desktop:50px;\",\"line-height\":\"\"}' ><h2 style=\"font-weight:normal;color:#dd3333;\">R\u00e9servez votre voiture en toute s\u00e9curit\u00e9 et GRATUITEMENT en cas d'annulation !<\/h2><\/div><\/div><\/div><\/div><\/div><\/div><div class=\"vc_row wpb_row vc_row-fluid vc_custom_1686829640662\"><div class=\"wpb_column vc_column_container vc_col-sm-2\"><div class=\"vc_column-inner\"><div class=\"wpb_wrapper\"><\/div><\/div><\/div><div class=\"wpb_column vc_column_container vc_col-sm-8\"><div class=\"vc_column-inner\"><div class=\"wpb_wrapper\"><div class=\"vc_row wpb_row vc_inner vc_row-fluid\"><div class=\"wpb_column vc_column_container vc_col-sm-4\"><div class=\"vc_column-inner\"><div class=\"wpb_wrapper\"><div class=\"aio-icon-component  vc_custom_1686829864513  icono-seo style_1\"><div id=\"Info-box-wrap-5349\" class=\"aio-icon-box top-icon\" style=\"\"  ><div class=\"aio-icon-top\"><div class=\"ult-just-icon-wrapper\"><div class=\"align-icon\" style=\"text-align:center;\">\n<div class=\"aio-icon none\"  style=\"color:#0085e9;font-size:80px;display:inline-block;\">\n\t<i class=\"Defaults-plane\"><\/i>\n<\/div><\/div><\/div><\/div><div class=\"aio-icon-header\" ><a class=\"aio-icon-box-link\" href=\"https:\/\/marbellarentacar.es\/fr\/malaga-aeroport-location-de-voitures\/\" title=\"Location de voiture \u00e0 l&#039;a\u00e9roport de Malaga\" ><h2 class=\"aio-icon-title ult-responsive\"  data-ultimate-target='#Info-box-wrap-5349 .aio-icon-title'  data-responsive-json-new='{\"font-size\":\"desktop:25px;\",\"line-height\":\"desktop:30px;\"}'  style=\"\">Location de voiture \u00e0 l'a\u00e9roport de M\u00e1laga<\/h2><\/a><\/div> <!-- header --><div class=\"aio-icon-description ult-responsive\"  data-ultimate-target='#Info-box-wrap-5349 .aio-icon-description'  data-responsive-json-new='{\"font-size\":\"\",\"line-height\":\"\"}'  style=\"\">Depuis l'a\u00e9roport de Malaga, sans avoir besoin de revenir au m\u00eame a\u00e9roport.<\/div> <!-- description --><\/div> <!-- aio-icon-box --><\/div> <!-- aio-icon-component --><div class=\"vc_separator wpb_content_element vc_separator_align_center vc_sep_width_80 vc_sep_border_width_4 vc_sep_pos_align_center vc_separator_no_text vc_sep_color_grey wpb_content_element  wpb_content_element\" ><span class=\"vc_sep_holder vc_sep_holder_l\"><span class=\"vc_sep_line\"><\/span><\/span><span class=\"vc_sep_holder vc_sep_holder_r\"><span class=\"vc_sep_line\"><\/span><\/span>\n<\/div><\/div><\/div><\/div><div class=\"wpb_column vc_column_container vc_col-sm-4\"><div class=\"vc_column-inner\"><div class=\"wpb_wrapper\"><div class=\"aio-icon-component  vc_custom_1686829874016  icono-seo style_1\"><div id=\"Info-box-wrap-5605\" class=\"aio-icon-box top-icon\" style=\"\"  ><div class=\"aio-icon-top\"><div class=\"ult-just-icon-wrapper\"><div class=\"align-icon\" style=\"text-align:center;\">\n<div class=\"aio-icon none\" data-animation=\"pulse\" data-animation-delay=\"03\" style=\"color:#0085e9;font-size:80px;display:inline-block;\">\n\t<i class=\"Defaults-thumb-tack\"><\/i>\n<\/div><\/div><\/div><\/div><div class=\"aio-icon-header\" ><a class=\"aio-icon-box-link\" href=\"https:\/\/marbellarentacar.es\/fr\/location-de-voiture-a-malaga\/\" title=\"louer une voiture \u00e0 Malaga\" ><h2 class=\"aio-icon-title ult-responsive\"  data-ultimate-target='#Info-box-wrap-5605 .aio-icon-title'  data-responsive-json-new='{\"font-size\":\"desktop:25px;\",\"line-height\":\"desktop:30px;\"}'  style=\"\">Location de voiture \u00e0 Malaga<\/h2><\/a><\/div> <!-- header --><div class=\"aio-icon-description ult-responsive\"  data-ultimate-target='#Info-box-wrap-5605 .aio-icon-description'  data-responsive-json-new='{\"font-size\":\"\",\"line-height\":\"\"}'  style=\"\">Nous offrons nos services pratiquement dans toute la r\u00e9gion de M\u00e1laga Costa de Sol.<\/div> <!-- description --><\/div> <!-- aio-icon-box --><\/div> <!-- aio-icon-component --><div class=\"vc_separator wpb_content_element vc_separator_align_center vc_sep_width_80 vc_sep_border_width_4 vc_sep_pos_align_center vc_separator_no_text vc_sep_color_grey wpb_content_element  wpb_content_element\" ><span class=\"vc_sep_holder vc_sep_holder_l\"><span class=\"vc_sep_line\"><\/span><\/span><span class=\"vc_sep_holder vc_sep_holder_r\"><span class=\"vc_sep_line\"><\/span><\/span>\n<\/div><\/div><\/div><\/div><div class=\"wpb_column vc_column_container vc_col-sm-4\"><div class=\"vc_column-inner\"><div class=\"wpb_wrapper\"><div class=\"aio-icon-component  vc_custom_1686829883355  icono-seo style_1\"><div id=\"Info-box-wrap-3597\" class=\"aio-icon-box top-icon\" style=\"\"  ><div class=\"aio-icon-top\"><div class=\"ult-just-icon-wrapper\"><div class=\"align-icon\" style=\"text-align:center;\">\n<div class=\"aio-icon none\"  style=\"color:#0085e9;font-size:80px;display:inline-block;\">\n\t<i class=\"Defaults-star\"><\/i>\n<\/div><\/div><\/div><\/div><div class=\"aio-icon-header\" ><a class=\"aio-icon-box-link\" href=\"https:\/\/marbellarentacar.es\/fr\/location-de-voiture-malaga-aeroport\/\" title=\"location de voiture marbella\" ><h2 class=\"aio-icon-title ult-responsive\"  data-ultimate-target='#Info-box-wrap-3597 .aio-icon-title'  data-responsive-json-new='{\"font-size\":\"desktop:25px;\",\"line-height\":\"desktop:30px;\"}'  style=\"\">Location de voiture \u00e0 l'a\u00e9roport de M\u00e1laga<\/h2><\/a><\/div> <!-- header --><div class=\"aio-icon-description ult-responsive\"  data-ultimate-target='#Info-box-wrap-3597 .aio-icon-description'  data-responsive-json-new='{\"font-size\":\"\",\"line-height\":\"\"}'  style=\"\">Si votre destination est Marbella, c'est le moyen le plus confortable pour vous.<\/div> <!-- description --><\/div> <!-- aio-icon-box --><\/div> <!-- aio-icon-component --><div class=\"vc_separator wpb_content_element vc_separator_align_center vc_sep_width_80 vc_sep_border_width_4 vc_sep_pos_align_center vc_separator_no_text vc_sep_color_grey wpb_content_element  wpb_content_element\" ><span class=\"vc_sep_holder vc_sep_holder_l\"><span class=\"vc_sep_line\"><\/span><\/span><span class=\"vc_sep_holder vc_sep_holder_r\"><span class=\"vc_sep_line\"><\/span><\/span>\n<\/div><\/div><\/div><\/div><\/div><\/div><\/div><\/div><div class=\"wpb_column vc_column_container vc_col-sm-2\"><div class=\"vc_column-inner\"><div class=\"wpb_wrapper\"><\/div><\/div><\/div><\/div><div class=\"vc_row wpb_row vc_row-fluid vc_custom_1592758690632\"><div class=\"wpb_column vc_column_container vc_col-sm-12\"><div class=\"vc_column-inner\"><div class=\"wpb_wrapper\">\n\t<div  class=\"wpb_single_image wpb_content_element vc_align_center wpb_content_element vc_custom_1685730964182\">\n\t\t\n\t\t<figure class=\"wpb_wrapper vc_figure\">\n\t\t\t<div class=\"vc_single_image-wrapper vc_box_shadow_3d  vc_box_border_grey\"><img decoding=\"async\" width=\"1400\" height=\"200\" src=\"https:\/\/marbellarentacar.es\/wp-content\/uploads\/2023\/06\/ren-a-car-marbella-01.jpg\" class=\"vc_single_image-img attachment-full\" alt=\"Location de voiture Marbella\" title=\"Location de voiture Marbella\" srcset=\"https:\/\/marbellarentacar.es\/wp-content\/uploads\/2023\/06\/ren-a-car-marbella-01.jpg 1400w, https:\/\/marbellarentacar.es\/wp-content\/uploads\/2023\/06\/ren-a-car-marbella-01-300x43.jpg 300w, https:\/\/marbellarentacar.es\/wp-content\/uploads\/2023\/06\/ren-a-car-marbella-01-1024x146.jpg 1024w, https:\/\/marbellarentacar.es\/wp-content\/uploads\/2023\/06\/ren-a-car-marbella-01-768x110.jpg 768w\" sizes=\"(max-width: 1400px) 100vw, 1400px\" \/><\/div>\n\t\t<\/figure>\n\t<\/div>\n<\/div><\/div><\/div><\/div><div class=\"vc_row wpb_row vc_row-fluid vc_custom_1590600365758\"><div class=\"wpb_column vc_column_container vc_col-sm-12\"><div class=\"vc_column-inner\"><div class=\"wpb_wrapper\">\n\t<div class=\"wpb_text_column wpb_content_element\" >\n\t\t<div class=\"wpb_wrapper\">\n\t\t\t<div class=\"navigation\"><div class=\"car-rental-slider car-rental-loading\"><div class=\"responsive-cars-slider\"><div> <!-- car-rental-item-image 1 --> <div class=\"car-rental-item-image\" ><a href=\"https:\/\/marbellarentacar.es\/fr\/2\/louez-un-seat-mii\/\" title=\"Voir la voiture\"><img decoding=\"async\" src=\"https:\/\/marbellarentacar.es\/wp-content\/uploads\/CarRentalGallery\/thumb_1518181276_seat-mii-Main.png\" title=\"Seat Mii\" alt=\"Seat Mii\"><\/a><\/div><div class=\"car-rental-item-details\"><div class=\"car-rental-slider-bodytype-title\">Type Mini<\/div><div class=\"car-rental-item-title underline full-width\" data-no-auto-translation=\"\"><a class=\"primary_color\" href=\"https:\/\/marbellarentacar.es\/fr\/2\/louez-un-seat-mii\/\" title=\"Voir la voiture\">Seat Mii<\/a><\/div><div class=\"car-rental-item-prefix primary_color\">jour De<\/div><div class=\"car-rental-item-price primary_color\">24\u20ac<\/div><\/div><\/div><div> <!-- car-rental-item-image 1 --> <div class=\"car-rental-item-image\" ><a href=\"https:\/\/marbellarentacar.es\/fr\/2\/louer-une-opel-corsa\/\" title=\"Voir la voiture\"><img decoding=\"async\" src=\"https:\/\/marbellarentacar.es\/wp-content\/uploads\/CarRentalGallery\/thumb_1518182207_opel-corsa-Main.png\" title=\"Opel Corsa\" alt=\"Opel Corsa\"><\/a><\/div><div class=\"car-rental-item-details\"><div class=\"car-rental-slider-bodytype-title\">L'\u00e9conomie<\/div><div class=\"car-rental-item-title underline full-width\" data-no-auto-translation=\"\"><a class=\"primary_color\" href=\"https:\/\/marbellarentacar.es\/fr\/2\/louer-une-opel-corsa\/\" title=\"Voir la voiture\">Opel Corsa<\/a><\/div><div class=\"car-rental-item-prefix primary_color\">jour De<\/div><div class=\"car-rental-item-price primary_color\">28\u20ac<\/div><\/div><\/div><div> <!-- car-rental-item-image 1 --> <div class=\"car-rental-item-image\" ><a href=\"https:\/\/marbellarentacar.es\/fr\/2\/louez-un-seat-ibiza\/\" title=\"Voir la voiture\"><img decoding=\"async\" src=\"https:\/\/marbellarentacar.es\/wp-content\/uploads\/CarRentalGallery\/thumb_1518426848_Seat-Ibiza-Main.png\" title=\"Seat Ibiza\" alt=\"Seat Ibiza\"><\/a><\/div><div class=\"car-rental-item-details\"><div class=\"car-rental-slider-bodytype-title\">L'\u00e9conomie<\/div><div class=\"car-rental-item-title underline full-width\" data-no-auto-translation=\"\"><a class=\"primary_color\" href=\"https:\/\/marbellarentacar.es\/fr\/2\/louez-un-seat-ibiza\/\" title=\"Voir la voiture\">Seat Ibiza<\/a><\/div><div class=\"car-rental-item-prefix primary_color\">jour De<\/div><div class=\"car-rental-item-price primary_color\">28\u20ac<\/div><\/div><\/div><div> <!-- car-rental-item-image 1 --> <div class=\"car-rental-item-image\" ><a href=\"https:\/\/marbellarentacar.es\/fr\/2\/louer-une-volkswagen-polo\/\" title=\"Voir la voiture\"><img decoding=\"async\" src=\"https:\/\/marbellarentacar.es\/wp-content\/uploads\/CarRentalGallery\/thumb_1518181777_vw-polo-Main.png\" title=\"Volkswagen Polo\" alt=\"Volkswagen Polo\"><\/a><\/div><div class=\"car-rental-item-details\"><div class=\"car-rental-slider-bodytype-title\">L'\u00e9conomie<\/div><div class=\"car-rental-item-title underline full-width\" data-no-auto-translation=\"\"><a class=\"primary_color\" href=\"https:\/\/marbellarentacar.es\/fr\/2\/louer-une-volkswagen-polo\/\" title=\"Voir la voiture\">Volkswagen Polo<\/a><\/div><div class=\"car-rental-item-prefix primary_color\">jour De<\/div><div class=\"car-rental-item-price primary_color\">28\u20ac<\/div><\/div><\/div><div> <!-- car-rental-item-image 1 --> <div class=\"car-rental-item-image\" ><a href=\"https:\/\/marbellarentacar.es\/fr\/2\/louer-une-ford-fusion\/\" title=\"Voir la voiture\"><img decoding=\"async\" src=\"https:\/\/marbellarentacar.es\/wp-content\/uploads\/CarRentalGallery\/thumb_1518194516_Ford-Fusion-Main.png\" title=\"Ford Fusion\" alt=\"Ford Fusion\"><\/a><\/div><div class=\"car-rental-item-details\"><div class=\"car-rental-slider-bodytype-title\">Compact<\/div><div class=\"car-rental-item-title underline full-width\" data-no-auto-translation=\"\"><a class=\"primary_color\" href=\"https:\/\/marbellarentacar.es\/fr\/2\/louer-une-ford-fusion\/\" title=\"Voir la voiture\">Ford Fusion<\/a><\/div><div class=\"car-rental-item-prefix primary_color\">jour De<\/div><div class=\"car-rental-item-price primary_color\">29\u20ac<\/div><\/div><\/div><div> <!-- car-rental-item-image 1 --> <div class=\"car-rental-item-image\" ><a href=\"https:\/\/marbellarentacar.es\/fr\/2\/louer-une-nissan-note\/\" title=\"Voir la voiture\"><img decoding=\"async\" src=\"https:\/\/marbellarentacar.es\/wp-content\/uploads\/CarRentalGallery\/thumb_1518183009_nissan-note-Main.png\" title=\"Nissan Note\" alt=\"Nissan Note\"><\/a><\/div><div class=\"car-rental-item-details\"><div class=\"car-rental-slider-bodytype-title\">Compact<\/div><div class=\"car-rental-item-title underline full-width\" data-no-auto-translation=\"\"><a class=\"primary_color\" href=\"https:\/\/marbellarentacar.es\/fr\/2\/louer-une-nissan-note\/\" title=\"Voir la voiture\">Nissan Note<\/a><\/div><div class=\"car-rental-item-prefix primary_color\">jour De<\/div><div class=\"car-rental-item-price primary_color\">29\u20ac<\/div><\/div><\/div><div> <!-- car-rental-item-image 1 --> <div class=\"car-rental-item-image\" ><a href=\"https:\/\/marbellarentacar.es\/fr\/2\/louer-une-opel-astra\/\" title=\"Voir la voiture\"><img decoding=\"async\" src=\"https:\/\/marbellarentacar.es\/wp-content\/uploads\/CarRentalGallery\/thumb_1532431302_opel-astra-Main.png\" title=\"Opel Astra\" alt=\"Opel Astra\"><\/a><\/div><div class=\"car-rental-item-details\"><div class=\"car-rental-slider-bodytype-title\">Compact<\/div><div class=\"car-rental-item-title underline full-width\" data-no-auto-translation=\"\"><a class=\"primary_color\" href=\"https:\/\/marbellarentacar.es\/fr\/2\/louer-une-opel-astra\/\" title=\"Voir la voiture\">Opel Astra<\/a><\/div><div class=\"car-rental-item-prefix primary_color\">jour De<\/div><div class=\"car-rental-item-price primary_color\">33\u20ac<\/div><\/div><\/div><div> <!-- car-rental-item-image 1 --> <div class=\"car-rental-item-image\" ><a href=\"https:\/\/marbellarentacar.es\/fr\/2\/louer-une-renault-megane\/\" title=\"Voir la voiture\"><img decoding=\"async\" src=\"https:\/\/marbellarentacar.es\/wp-content\/uploads\/CarRentalGallery\/thumb_1518183285_Renault-Megane-Main.png\" title=\"Renault Megane\" alt=\"Renault Megane\"><\/a><\/div><div class=\"car-rental-item-details\"><div class=\"car-rental-slider-bodytype-title\">Compact<\/div><div class=\"car-rental-item-title underline full-width\" data-no-auto-translation=\"\"><a class=\"primary_color\" href=\"https:\/\/marbellarentacar.es\/fr\/2\/louer-une-renault-megane\/\" title=\"Voir la voiture\">Renault Megane<\/a><\/div><div class=\"car-rental-item-prefix primary_color\">jour De<\/div><div class=\"car-rental-item-price primary_color\">33\u20ac<\/div><\/div><\/div><div> <!-- car-rental-item-image 1 --> <div class=\"car-rental-item-image\" ><a href=\"https:\/\/marbellarentacar.es\/fr\/2\/louez-un-seat-ibiza-st\/\" title=\"Voir la voiture\"><img decoding=\"async\" src=\"https:\/\/marbellarentacar.es\/wp-content\/uploads\/CarRentalGallery\/thumb_setat-ibiza-ST-Main.png\" title=\"Seat Ibiza STW\" alt=\"Seat Ibiza STW\"><\/a><\/div><div class=\"car-rental-item-details\"><div class=\"car-rental-slider-bodytype-title\">L'\u00e9conomie<\/div><div class=\"car-rental-item-title underline full-width\" data-no-auto-translation=\"\"><a class=\"primary_color\" href=\"https:\/\/marbellarentacar.es\/fr\/2\/louez-un-seat-ibiza-st\/\" title=\"Voir la voiture\">Seat Ibiza STW<\/a><\/div><div class=\"car-rental-item-prefix primary_color\">jour De<\/div><div class=\"car-rental-item-price primary_color\">33\u20ac<\/div><\/div><\/div><div> <!-- car-rental-item-image 1 --> <div class=\"car-rental-item-image\" ><a href=\"https:\/\/marbellarentacar.es\/fr\/2\/louer-une-vw-golf\/\" title=\"Voir la voiture\"><img decoding=\"async\" src=\"https:\/\/marbellarentacar.es\/wp-content\/uploads\/CarRentalGallery\/thumb_1518187332_Volkswagen-Golf-Main.png\" title=\"Volkswagen Golf\" alt=\"Volkswagen Golf\"><\/a><\/div><div class=\"car-rental-item-details\"><div class=\"car-rental-slider-bodytype-title\">Compact<\/div><div class=\"car-rental-item-title underline full-width\" data-no-auto-translation=\"\"><a class=\"primary_color\" href=\"https:\/\/marbellarentacar.es\/fr\/2\/louer-une-vw-golf\/\" title=\"Voir la voiture\">Volkswagen Golf<\/a><\/div><div class=\"car-rental-item-prefix primary_color\">jour De<\/div><div class=\"car-rental-item-price primary_color\">33\u20ac<\/div><\/div><\/div><div> <!-- car-rental-item-image 1 --> <div class=\"car-rental-item-image\" ><a href=\"https:\/\/marbellarentacar.es\/fr\/2\/louer-une-citroen-elysee\/\" title=\"Voir la voiture\"><img decoding=\"async\" src=\"https:\/\/marbellarentacar.es\/wp-content\/uploads\/CarRentalGallery\/thumb_Citroen-C-Elysee-Main.png\" title=\"Citro\u00ebn Elys\u00e9e\" alt=\"Citro\u00ebn Elys\u00e9e\"><\/a><\/div><div class=\"car-rental-item-details\"><div class=\"car-rental-slider-bodytype-title\">Compact Elite<\/div><div class=\"car-rental-item-title underline full-width\" data-no-auto-translation=\"\"><a class=\"primary_color\" href=\"https:\/\/marbellarentacar.es\/fr\/2\/louer-une-citroen-elysee\/\" title=\"Voir la voiture\">Citro\u00ebn Elys\u00e9e<\/a><\/div><div class=\"car-rental-item-prefix primary_color\">jour De<\/div><div class=\"car-rental-item-price primary_color\">36\u20ac<\/div><\/div><\/div><div> <!-- car-rental-item-image 1 --> <div class=\"car-rental-item-image\" ><a href=\"https:\/\/marbellarentacar.es\/fr\/2\/louez-un-peugeot-partner-tepee\/\" title=\"Voir la voiture\"><img decoding=\"async\" src=\"https:\/\/marbellarentacar.es\/wp-content\/uploads\/CarRentalGallery\/thumb_Peugeot-Partner-Teepee-Main.png\" title=\"Peugeot Partner Tepee\" alt=\"Peugeot Partner Tepee\"><\/a><\/div><div class=\"car-rental-item-details\"><div class=\"car-rental-slider-bodytype-title\">Compact<\/div><div class=\"car-rental-item-title underline full-width\" data-no-auto-translation=\"\"><a class=\"primary_color\" href=\"https:\/\/marbellarentacar.es\/fr\/2\/louez-un-peugeot-partner-tepee\/\" title=\"Voir la voiture\">Peugeot Partner Tepee<\/a><\/div><div class=\"car-rental-item-prefix primary_color\">jour De<\/div><div class=\"car-rental-item-price primary_color\">36\u20ac<\/div><\/div><\/div><div> <!-- car-rental-item-image 1 --> <div class=\"car-rental-item-image\" ><a href=\"https:\/\/marbellarentacar.es\/fr\/2\/louer-une-skoda-rapid-1-6-tdi\/\" title=\"Voir la voiture\"><img decoding=\"async\" src=\"https:\/\/marbellarentacar.es\/wp-content\/uploads\/CarRentalGallery\/thumb_skoda_rapid-Main.png\" title=\"Skoda Rapid 1.6 TDI\" alt=\"Skoda Rapid 1.6 TDI\"><\/a><\/div><div class=\"car-rental-item-details\"><div class=\"car-rental-slider-bodytype-title\">Compact Elite<\/div><div class=\"car-rental-item-title underline full-width\" data-no-auto-translation=\"\"><a class=\"primary_color\" href=\"https:\/\/marbellarentacar.es\/fr\/2\/louer-une-skoda-rapid-1-6-tdi\/\" title=\"Voir la voiture\">Skoda Rapid 1.6 TDI<\/a><\/div><div class=\"car-rental-item-prefix primary_color\">jour De<\/div><div class=\"car-rental-item-price primary_color\">36\u20ac<\/div><\/div><\/div><div> <!-- car-rental-item-image 1 --> <div class=\"car-rental-item-image\" ><a href=\"https:\/\/marbellarentacar.es\/fr\/2\/louer-une-seat-leon\/\" title=\"Voir la voiture\"><img decoding=\"async\" src=\"https:\/\/marbellarentacar.es\/wp-content\/uploads\/CarRentalGallery\/thumb_1518191889_seat-leon-Main.png\" title=\"Seat Le\u00f3n STW\" alt=\"Seat Le\u00f3n STW\"><\/a><\/div><div class=\"car-rental-item-details\"><div class=\"car-rental-slider-bodytype-title\">Compact<\/div><div class=\"car-rental-item-title underline full-width\" data-no-auto-translation=\"\"><a class=\"primary_color\" href=\"https:\/\/marbellarentacar.es\/fr\/2\/louer-une-seat-leon\/\" title=\"Voir la voiture\">Seat Le\u00f3n STW<\/a><\/div><div class=\"car-rental-item-prefix primary_color\">jour De<\/div><div class=\"car-rental-item-price primary_color\">41\u20ac<\/div><\/div><\/div><div> <!-- car-rental-item-image 1 --> <div class=\"car-rental-item-image\" ><a href=\"https:\/\/marbellarentacar.es\/fr\/2\/louer-une-opel-zafira\/\" title=\"Voir la voiture\"><img decoding=\"async\" src=\"https:\/\/marbellarentacar.es\/wp-content\/uploads\/CarRentalGallery\/thumb_1518193006_Opel-Zafira-Main.png\" title=\"Opel Zafira\" alt=\"Opel Zafira\"><\/a><\/div><div class=\"car-rental-item-details\"><div class=\"car-rental-slider-bodytype-title\">Interm\u00e9diaire<\/div><div class=\"car-rental-item-title underline full-width\" data-no-auto-translation=\"\"><a class=\"primary_color\" href=\"https:\/\/marbellarentacar.es\/fr\/2\/louer-une-opel-zafira\/\" title=\"Voir la voiture\">Opel Zafira<\/a><\/div><div class=\"car-rental-item-prefix primary_color\">jour De<\/div><div class=\"car-rental-item-price primary_color\">84\u20ac<\/div><\/div><\/div><div> <!-- car-rental-item-image 1 --> <div class=\"car-rental-item-image\" ><a href=\"https:\/\/marbellarentacar.es\/fr\/2\/louer-une-volkswagen-touran\/\" title=\"Voir la voiture\"><img decoding=\"async\" src=\"https:\/\/marbellarentacar.es\/wp-content\/uploads\/CarRentalGallery\/thumb_1518003549_Volkswagen-TOURAN-Main.png\" title=\"Volkswagen Touran\" alt=\"Volkswagen Touran\"><\/a><\/div><div class=\"car-rental-item-details\"><div class=\"car-rental-slider-bodytype-title\">Interm\u00e9diaire<\/div><div class=\"car-rental-item-title underline full-width\" data-no-auto-translation=\"\"><a class=\"primary_color\" href=\"https:\/\/marbellarentacar.es\/fr\/2\/louer-une-volkswagen-touran\/\" title=\"Voir la voiture\">Volkswagen Touran<\/a><\/div><div class=\"car-rental-item-prefix primary_color\">jour De<\/div><div class=\"car-rental-item-price primary_color\">84\u20ac<\/div><\/div><\/div><div> <!-- car-rental-item-image 1 --> <div class=\"car-rental-item-image\" ><a href=\"https:\/\/marbellarentacar.es\/fr\/2\/louer-un-siege-alhambra\/\" title=\"Voir la voiture\"><img decoding=\"async\" src=\"https:\/\/marbellarentacar.es\/wp-content\/uploads\/CarRentalGallery\/thumb_1518193714_Seat-Alhambra-Main.png\" title=\"Seat Alhambra\" alt=\"Seat Alhambra\"><\/a><\/div><div class=\"car-rental-item-details\"><div class=\"car-rental-slider-bodytype-title\">Taille r\u00e9elle<\/div><div class=\"car-rental-item-title underline full-width\" data-no-auto-translation=\"\"><a class=\"primary_color\" href=\"https:\/\/marbellarentacar.es\/fr\/2\/louer-un-siege-alhambra\/\" title=\"Voir la voiture\">Seat Alhambra<\/a><\/div><div class=\"car-rental-item-prefix primary_color\">jour De<\/div><div class=\"car-rental-item-price primary_color\">87\u20ac<\/div><\/div><\/div><div> <!-- car-rental-item-image 1 --> <div class=\"car-rental-item-image\" ><a href=\"https:\/\/marbellarentacar.es\/fr\/2\/louer-une-mercedes-vito\/\" title=\"Voir la voiture\"><img decoding=\"async\" src=\"https:\/\/marbellarentacar.es\/wp-content\/uploads\/CarRentalGallery\/thumb_1620466017_Mercedes-Benz-Vito-Main.png\" title=\"Mercedes Vito\" alt=\"Mercedes Vito\"><\/a><\/div><div class=\"car-rental-item-details\"><div class=\"car-rental-slider-bodytype-title\">Standard<\/div><div class=\"car-rental-item-title underline full-width\" data-no-auto-translation=\"\"><a class=\"primary_color\" href=\"https:\/\/marbellarentacar.es\/fr\/2\/louer-une-mercedes-vito\/\" title=\"Voir la voiture\">Mercedes Vito<\/a><\/div><div class=\"car-rental-item-prefix primary_color\">jour De<\/div><div class=\"car-rental-item-price primary_color\">88\u20ac<\/div><\/div><\/div><div> <!-- car-rental-item-image 1 --> <div class=\"car-rental-item-image\" ><a href=\"https:\/\/marbellarentacar.es\/fr\/2\/louer-une-opel-vivaro\/\" title=\"Voir la voiture\"><img decoding=\"async\" src=\"https:\/\/marbellarentacar.es\/wp-content\/uploads\/CarRentalGallery\/thumb_1518189950_opel-vivaro-Main.png\" title=\"Opel Vivaro\" alt=\"Opel Vivaro\"><\/a><\/div><div class=\"car-rental-item-details\"><div class=\"car-rental-slider-bodytype-title\">Standard<\/div><div class=\"car-rental-item-title underline full-width\" data-no-auto-translation=\"\"><a class=\"primary_color\" href=\"https:\/\/marbellarentacar.es\/fr\/2\/louer-une-opel-vivaro\/\" title=\"Voir la voiture\">Opel Vivaro<\/a><\/div><div class=\"car-rental-item-prefix primary_color\">jour De<\/div><div class=\"car-rental-item-price primary_color\">88\u20ac<\/div><\/div><\/div><\/div>\n\t<\/div><\/div><script type=\"text\/javascript\">\njQuery(document).ready(function() {\n    var slider = jQuery(\".responsive-cars-slider\");\n    slider.slick({lazyLoad:\"ondemand\",dots: false,infinite: false,speed: 500,slidesToShow:  4,slidesToScroll: 2,autoplay: false,autoplaySpeed: 1000,prevArrow: \"<button type=button class=car-rental-slider-prev><\/button>\",nextArrow: \"<button type=button class=car-rental-slider-next><\/button>\",       \n        responsive: [{breakpoint: 1280,settings: {slidesToShow: 3,slidesToScroll: 1}},{breakpoint: 768,settings: {slidesToShow: 2,slidesToScroll: 1}},{breakpoint: 420,settings: {slidesToShow: 1,slidesToScroll: 1}}]});});\n<\/script>\n\n\t\t<\/div>\n\t<\/div>\n<\/div><\/div><\/div><\/div><!-- Row Backgrounds --><div class=\"upb_color\" data-bg-override=\"full\" data-bg-color=\"#ffffff\" data-fadeout=\"\" data-fadeout-percentage=\"30\" data-parallax-content=\"\" data-parallax-content-sense=\"30\" data-row-effect-mobile-disable=\"true\" data-img-parallax-mobile-disable=\"true\" data-rtl=\"false\"  data-custom-vc-row=\"\"  data-vc=\"8.7.1\"  data-is_old_vc=\"\"  data-theme-support=\"\"   data-overlay=\"false\" data-overlay-color=\"\" data-overlay-pattern=\"\" data-overlay-pattern-opacity=\"\" data-overlay-pattern-size=\"\"    ><\/div><div class=\"vc_row wpb_row vc_row-fluid center vc_custom_1685725442904\"><div class=\"wpb_column vc_column_container vc_col-sm-3\"><div class=\"vc_column-inner\"><div class=\"wpb_wrapper\">\n\t<div  class=\"wpb_single_image wpb_content_element vc_align_center wpb_content_element wpb_animate_when_almost_visible wpb_fadeInDown fadeInDown vc_custom_1685725002078\">\n\t\t\n\t\t<figure class=\"wpb_wrapper vc_figure\">\n\t\t\t<div class=\"vc_single_image-wrapper vc_box_circle  vc_box_border_grey\"><img decoding=\"async\" class=\"vc_single_image-img\" src=\"https:\/\/marbellarentacar.es\/wp-content\/uploads\/2023\/06\/puerto-banus-200x200.jpg\" width=\"200\" height=\"200\" alt=\"Location de voiture Puerto Ban\u00fas\" title=\"Location de voiture Puerto Ban\u00fas\" \/><\/div>\n\t\t<\/figure>\n\t<\/div>\n\n\t<div  class=\"wpb_single_image wpb_content_element vc_align_center wpb_content_element wpb_animate_when_almost_visible wpb_fadeIn fadeIn vc_custom_1685724957494\">\n\t\t\n\t\t<figure class=\"wpb_wrapper vc_figure\">\n\t\t\t<div class=\"vc_single_image-wrapper   vc_box_border_grey\"><img decoding=\"async\" width=\"258\" height=\"39\" src=\"https:\/\/marbellarentacar.es\/wp-content\/uploads\/2023\/06\/sombra.png\" class=\"vc_single_image-img attachment-full\" alt=\"Louer une voiture\" title=\"Louer une voiture\" \/><\/div>\n\t\t<\/figure>\n\t<\/div>\n\n\t<div class=\"wpb_text_column wpb_content_element vc_custom_1687030433345 align_center\" >\n\t\t<div class=\"wpb_wrapper\">\n\t\t\t<h3><a title=\"Location de voiture Puerto Ban\u00fas\" href=\"https:\/\/marbellarentacar.es\/fr\/3\/louer-une-voiture-puerto-banus\/\" rel=\"noopener\">Location de voiture Puerto Ban\u00fas<\/a><\/h3>\n<p>Explorez Puerto Ban\u00fas avec style gr\u00e2ce \u00e0 nos services fiables de location de voiture. Que vous assistiez \u00e0 des f\u00eates sur un yacht ou que vous fassiez du shopping dans des boutiques haut de gamme, la location d'une voiture am\u00e9liore votre exp\u00e9rience.<\/p>\n<p>Choisissez la voiture id\u00e9ale parmi notre large s\u00e9lection pour r\u00e9pondre \u00e0 vos pr\u00e9f\u00e9rences. Profitez de la commodit\u00e9 d'explorer Puerto Ban\u00fas et son paysage c\u00f4tier \u00e0 votre propre rythme avec notre service Rent a Car Puerto Ban\u00fas.<\/p>\n\n\t\t<\/div>\n\t<\/div>\n<\/div><\/div><\/div><div class=\"wpb_column vc_column_container vc_col-sm-3\"><div class=\"vc_column-inner\"><div class=\"wpb_wrapper\">\n\t<div  class=\"wpb_single_image wpb_content_element vc_align_center wpb_content_element wpb_animate_when_almost_visible wpb_fadeInDown fadeInDown vc_custom_1685725057566\">\n\t\t\n\t\t<figure class=\"wpb_wrapper vc_figure\">\n\t\t\t<div class=\"vc_single_image-wrapper vc_box_circle  vc_box_border_grey\"><img decoding=\"async\" class=\"vc_single_image-img\" src=\"https:\/\/marbellarentacar.es\/wp-content\/uploads\/2023\/06\/estepona-200x200.jpg\" width=\"200\" height=\"200\" alt=\"Louer une voiture Estepona\" title=\"Louer une voiture Estepona\" \/><\/div>\n\t\t<\/figure>\n\t<\/div>\n\n\t<div  class=\"wpb_single_image wpb_content_element vc_align_center wpb_content_element wpb_animate_when_almost_visible wpb_fadeIn fadeIn vc_custom_1685724957494\">\n\t\t\n\t\t<figure class=\"wpb_wrapper vc_figure\">\n\t\t\t<div class=\"vc_single_image-wrapper   vc_box_border_grey\"><img decoding=\"async\" width=\"258\" height=\"39\" src=\"https:\/\/marbellarentacar.es\/wp-content\/uploads\/2023\/06\/sombra.png\" class=\"vc_single_image-img attachment-full\" alt=\"Louer une voiture\" title=\"Louer une voiture\" \/><\/div>\n\t\t<\/figure>\n\t<\/div>\n\n\t<div class=\"wpb_text_column wpb_content_element vc_custom_1687030471773 align_center\" >\n\t\t<div class=\"wpb_wrapper\">\n\t\t\t<h3><a title=\"Louer une voiture Estepona\" href=\"https:\/\/marbellarentacar.es\/fr\/3\/location-de-voiture-estepona\/\" rel=\"noopener\">Louer une voiture Estepona<\/a><\/h3>\n<p>D\u00e9couvrez la beaut\u00e9 d'Estepona et de ses environs gr\u00e2ce \u00e0 nos services pratiques de location de voiture. Promenez-vous dans la vieille ville, visitez le port de plaisance et explorez les plages et les paysages des environs.<\/p>\n<p>Choisissez parmi notre gamme de voitures de location pour r\u00e9pondre \u00e0 vos besoins et embarquez pour un voyage inoubliable \u00e0 Estepona gr\u00e2ce \u00e0 notre service Rent a Car Estepona.<\/p>\n\n\t\t<\/div>\n\t<\/div>\n<\/div><\/div><\/div><div class=\"wpb_column vc_column_container vc_col-sm-3\"><div class=\"vc_column-inner\"><div class=\"wpb_wrapper\">\n\t<div  class=\"wpb_single_image wpb_content_element vc_align_center wpb_content_element wpb_animate_when_almost_visible wpb_fadeInDown fadeInDown vc_custom_1685725065685\">\n\t\t\n\t\t<figure class=\"wpb_wrapper vc_figure\">\n\t\t\t<div class=\"vc_single_image-wrapper vc_box_circle  vc_box_border_grey\"><img decoding=\"async\" class=\"vc_single_image-img\" src=\"https:\/\/marbellarentacar.es\/wp-content\/uploads\/2023\/06\/benahavis-200x200.jpg\" width=\"200\" height=\"200\" alt=\"Location de voiture Benahavis\" title=\"Location de voiture Benahavis\" \/><\/div>\n\t\t<\/figure>\n\t<\/div>\n\n\t<div  class=\"wpb_single_image wpb_content_element vc_align_center wpb_content_element wpb_animate_when_almost_visible wpb_fadeIn fadeIn vc_custom_1685724957494\">\n\t\t\n\t\t<figure class=\"wpb_wrapper vc_figure\">\n\t\t\t<div class=\"vc_single_image-wrapper   vc_box_border_grey\"><img decoding=\"async\" width=\"258\" height=\"39\" src=\"https:\/\/marbellarentacar.es\/wp-content\/uploads\/2023\/06\/sombra.png\" class=\"vc_single_image-img attachment-full\" alt=\"Louer une voiture\" title=\"Louer une voiture\" \/><\/div>\n\t\t<\/figure>\n\t<\/div>\n\n\t<div class=\"wpb_text_column wpb_content_element vc_custom_1687030481369 align_center\" >\n\t\t<div class=\"wpb_wrapper\">\n\t\t\t<h3><a title=\"Location de voiture Benahavis\" href=\"https:\/\/marbellarentacar.es\/fr\/3\/location-de-voiture-benahavis\/\">Location de voiture Benahavis<\/a><\/h3>\n<p>Plongez dans la tranquillit\u00e9 et la beaut\u00e9 naturelle de Benahavis gr\u00e2ce \u00e0 nos services fiables de location de voitures. Explorez les rues charmantes du village, profitez de la gastronomie exquise et admirez les vues \u00e9poustouflantes sur les montagnes.<\/p>\n<p>Avec nos voitures de location bien entretenues, naviguez sur les routes sinueuses et d\u00e9couvrez les joyaux cach\u00e9s de Benahavis en toute simplicit\u00e9. D\u00e9couvrez la joie d'explorer ce village enchanteur avec notre service Rent a Car Benahavis.<\/p>\n\n\t\t<\/div>\n\t<\/div>\n<\/div><\/div><\/div><div class=\"wpb_column vc_column_container vc_col-sm-3\"><div class=\"vc_column-inner\"><div class=\"wpb_wrapper\">\n\t<div  class=\"wpb_single_image wpb_content_element vc_align_center wpb_content_element wpb_animate_when_almost_visible wpb_fadeInDown fadeInDown vc_custom_1685725073935\">\n\t\t\n\t\t<figure class=\"wpb_wrapper vc_figure\">\n\t\t\t<div class=\"vc_single_image-wrapper vc_box_circle  vc_box_border_grey\"><img decoding=\"async\" class=\"vc_single_image-img\" src=\"https:\/\/marbellarentacar.es\/wp-content\/uploads\/2023\/06\/gibraltar-200x200.jpg\" width=\"200\" height=\"200\" alt=\"Louer une voiture Gibraltar\" title=\"Louer une voiture Gibraltar\" \/><\/div>\n\t\t<\/figure>\n\t<\/div>\n\n\t<div  class=\"wpb_single_image wpb_content_element vc_align_center wpb_content_element wpb_animate_when_almost_visible wpb_fadeIn fadeIn vc_custom_1685724957494\">\n\t\t\n\t\t<figure class=\"wpb_wrapper vc_figure\">\n\t\t\t<div class=\"vc_single_image-wrapper   vc_box_border_grey\"><img decoding=\"async\" width=\"258\" height=\"39\" src=\"https:\/\/marbellarentacar.es\/wp-content\/uploads\/2023\/06\/sombra.png\" class=\"vc_single_image-img attachment-full\" alt=\"Louer une voiture\" title=\"Louer une voiture\" \/><\/div>\n\t\t<\/figure>\n\t<\/div>\n\n\t<div class=\"wpb_text_column wpb_content_element vc_custom_1687274806646 align_center\" >\n\t\t<div class=\"wpb_wrapper\">\n\t\t\t<h3><a title=\"Louer une voiture Gibraltar\" href=\"https:\/\/marbellarentacar.es\/fr\/3\/location-de-voiture-gibraltar\/\" rel=\"noopener\">Louer une voiture Gibraltar<\/a><\/h3>\n<p>D\u00e9couvrez le m\u00e9lange unique des cultures britannique et espagnole \u00e0 Gibraltar gr\u00e2ce \u00e0 nos services pratiques de location de voitures. Explorez le rocher de Gibraltar, visitez les c\u00e9l\u00e8bres macaques de Barbarie et d\u00e9couvrez les rues anim\u00e9es.<\/p>\n<p>Avec notre large gamme de voitures de location, traversez facilement la fronti\u00e8re et explorez Gibraltar et ses environs gr\u00e2ce \u00e0 notre service Rent a Car Gibraltar.<\/p>\n\n\t\t<\/div>\n\t<\/div>\n<\/div><\/div><\/div><\/div><div class=\"vc_row wpb_row vc_row-fluid center vc_custom_1685724265813\"><div class=\"wpb_column vc_column_container vc_col-sm-3\"><div class=\"vc_column-inner\"><div class=\"wpb_wrapper\">\n\t<div  class=\"wpb_single_image wpb_content_element vc_align_center wpb_content_element wpb_animate_when_almost_visible wpb_fadeInDown fadeInDown vc_custom_1685725086591\">\n\t\t\n\t\t<figure class=\"wpb_wrapper vc_figure\">\n\t\t\t<div class=\"vc_single_image-wrapper vc_box_circle  vc_box_border_grey\"><img decoding=\"async\" class=\"vc_single_image-img\" src=\"https:\/\/marbellarentacar.es\/wp-content\/uploads\/2023\/06\/torremolinos-200x200.jpg\" width=\"200\" height=\"200\" alt=\"Location de voiture Torremolinos\" title=\"Location de voiture Torremolinos\" \/><\/div>\n\t\t<\/figure>\n\t<\/div>\n\n\t<div  class=\"wpb_single_image wpb_content_element vc_align_center wpb_content_element wpb_animate_when_almost_visible wpb_fadeIn fadeIn vc_custom_1685724957494\">\n\t\t\n\t\t<figure class=\"wpb_wrapper vc_figure\">\n\t\t\t<div class=\"vc_single_image-wrapper   vc_box_border_grey\"><img decoding=\"async\" width=\"258\" height=\"39\" src=\"https:\/\/marbellarentacar.es\/wp-content\/uploads\/2023\/06\/sombra.png\" class=\"vc_single_image-img attachment-full\" alt=\"Louer une voiture\" title=\"Louer une voiture\" \/><\/div>\n\t\t<\/figure>\n\t<\/div>\n\n\t<div class=\"wpb_text_column wpb_content_element vc_custom_1687030501710 align_center\" >\n\t\t<div class=\"wpb_wrapper\">\n\t\t\t<h3><a title=\"Location de voiture Torremolinos\" href=\"https:\/\/marbellarentacar.es\/fr\/3\/location-de-voiture-torremolinos\/\" rel=\"noopener\">Location de voiture Torremolinos<\/a><\/h3>\n<p>D\u00e9couvrez l'atmosph\u00e8re vibrante et les belles plages de Torremolinos gr\u00e2ce \u00e0 nos services fiables de location de voitures. Promenez-vous le long de la promenade anim\u00e9e, visitez la vieille ville ou d\u00e9tendez-vous sur les plages de sable.<\/p>\n<p>Avec nos voitures de location confortables, explorez sans effort les attractions et les joyaux cach\u00e9s de Torremolinos. Nos <a class=\"wpil_keyword_link\" href=\"https:\/\/marbellarentacar.es\/es\/3\/alquiler-de-coches-torremolinos\/\"   title=\"Location de voiture Torremolinos\" data-wpil-keyword-link=\"linked\">Location de voiture Torremolinos<\/a> vous donne les moyens de cr\u00e9er des souvenirs inoubliables.<\/p>\n\n\t\t<\/div>\n\t<\/div>\n<\/div><\/div><\/div><div class=\"wpb_column vc_column_container vc_col-sm-3\"><div class=\"vc_column-inner\"><div class=\"wpb_wrapper\">\n\t<div  class=\"wpb_single_image wpb_content_element vc_align_center wpb_content_element wpb_animate_when_almost_visible wpb_fadeInDown fadeInDown vc_custom_1685725095130\">\n\t\t\n\t\t<figure class=\"wpb_wrapper vc_figure\">\n\t\t\t<div class=\"vc_single_image-wrapper vc_box_circle  vc_box_border_grey\"><img decoding=\"async\" class=\"vc_single_image-img\" src=\"https:\/\/marbellarentacar.es\/wp-content\/uploads\/2023\/06\/benalmadena-200x200.jpg\" width=\"200\" height=\"200\" alt=\"Location de voiture Benalm\u00e1dena\" title=\"Location de voiture Benalm\u00e1dena\" \/><\/div>\n\t\t<\/figure>\n\t<\/div>\n\n\t<div  class=\"wpb_single_image wpb_content_element vc_align_center wpb_content_element wpb_animate_when_almost_visible wpb_fadeIn fadeIn vc_custom_1685724957494\">\n\t\t\n\t\t<figure class=\"wpb_wrapper vc_figure\">\n\t\t\t<div class=\"vc_single_image-wrapper   vc_box_border_grey\"><img decoding=\"async\" width=\"258\" height=\"39\" src=\"https:\/\/marbellarentacar.es\/wp-content\/uploads\/2023\/06\/sombra.png\" class=\"vc_single_image-img attachment-full\" alt=\"Louer une voiture\" title=\"Louer une voiture\" \/><\/div>\n\t\t<\/figure>\n\t<\/div>\n\n\t<div class=\"wpb_text_column wpb_content_element vc_custom_1687030513601 align_center\" >\n\t\t<div class=\"wpb_wrapper\">\n\t\t\t<h3><a title=\"Location de voiture Benalm\u00e1dena\" href=\"https:\/\/marbellarentacar.es\/fr\/3\/location-de-voiture-benalmadena\/\" rel=\"noopener\">Location de voiture Benalm\u00e1dena<\/a><\/h3>\n<p>Embarquez pour une aventure passionnante \u00e0 Benalm\u00e1dena gr\u00e2ce \u00e0 nos services pratiques de location de voiture. Du port de plaisance anim\u00e9 aux plages magnifiques, cette ville c\u00f4ti\u00e8re offre quelque chose pour tout le monde.<\/p>\n<p>Gr\u00e2ce \u00e0 notre flotte diversifi\u00e9e de voitures de location, vous pourrez facilement naviguer dans la r\u00e9gion et d\u00e9couvrir ses nombreuses attractions. Profitez de sports nautiques palpitants, d'une vie nocturne anim\u00e9e et d'exp\u00e9riences culturelles gr\u00e2ce \u00e0 notre service Rent a Car Benalm\u00e1dena.<\/p>\n\n\t\t<\/div>\n\t<\/div>\n<\/div><\/div><\/div><div class=\"wpb_column vc_column_container vc_col-sm-3\"><div class=\"vc_column-inner\"><div class=\"wpb_wrapper\">\n\t<div  class=\"wpb_single_image wpb_content_element vc_align_center wpb_content_element wpb_animate_when_almost_visible wpb_fadeInDown fadeInDown vc_custom_1685725103958\">\n\t\t\n\t\t<figure class=\"wpb_wrapper vc_figure\">\n\t\t\t<div class=\"vc_single_image-wrapper vc_box_circle  vc_box_border_grey\"><img decoding=\"async\" class=\"vc_single_image-img\" src=\"https:\/\/marbellarentacar.es\/wp-content\/uploads\/2023\/06\/fuengirola-200x200.jpg\" width=\"200\" height=\"200\" alt=\"Louer une voiture Fuengirola\" title=\"Louer une voiture Fuengirola\" \/><\/div>\n\t\t<\/figure>\n\t<\/div>\n\n\t<div  class=\"wpb_single_image wpb_content_element vc_align_center wpb_content_element wpb_animate_when_almost_visible wpb_fadeIn fadeIn vc_custom_1685724957494\">\n\t\t\n\t\t<figure class=\"wpb_wrapper vc_figure\">\n\t\t\t<div class=\"vc_single_image-wrapper   vc_box_border_grey\"><img decoding=\"async\" width=\"258\" height=\"39\" src=\"https:\/\/marbellarentacar.es\/wp-content\/uploads\/2023\/06\/sombra.png\" class=\"vc_single_image-img attachment-full\" alt=\"Louer une voiture\" title=\"Louer une voiture\" \/><\/div>\n\t\t<\/figure>\n\t<\/div>\n\n\t<div class=\"wpb_text_column wpb_content_element vc_custom_1687030524930 align_center\" >\n\t\t<div class=\"wpb_wrapper\">\n\t\t\t<h3><a title=\"Louer une voiture Fuengirola\" href=\"https:\/\/marbellarentacar.es\/fr\/3\/location-de-voiture-fuengirola\/\" rel=\"noopener\">Louer une voiture Fuengirola<\/a><\/h3>\n<p>D\u00e9couvrez l'\u00e9nergie vibrante et le magnifique littoral de Fuengirola gr\u00e2ce \u00e0 nos services fiables de location de voitures. De la promenade anim\u00e9e aux attractions culturelles et \u00e0 la vie nocturne passionnante, Fuengirola offre un large \u00e9ventail d'exp\u00e9riences.<\/p>\n<p>Gr\u00e2ce \u00e0 nos voitures de location bien entretenues, explorez facilement cette ville anim\u00e9e et ses environs. Profitez des sports nautiques, visitez les attractions et laissez-vous tenter par une cuisine d\u00e9licieuse gr\u00e2ce \u00e0 notre service Rent a Car Fuengirola.<\/p>\n\n\t\t<\/div>\n\t<\/div>\n<\/div><\/div><\/div><div class=\"wpb_column vc_column_container vc_col-sm-3\"><div class=\"vc_column-inner\"><div class=\"wpb_wrapper\">\n\t<div  class=\"wpb_single_image wpb_content_element vc_align_center wpb_content_element wpb_animate_when_almost_visible wpb_fadeInDown fadeInDown vc_custom_1685725113130\">\n\t\t\n\t\t<figure class=\"wpb_wrapper vc_figure\">\n\t\t\t<div class=\"vc_single_image-wrapper vc_box_circle  vc_box_border_grey\"><img decoding=\"async\" class=\"vc_single_image-img\" src=\"https:\/\/marbellarentacar.es\/wp-content\/uploads\/2023\/06\/mijas-200x200.jpg\" width=\"200\" height=\"200\" alt=\"Location de voiture Mijas\" title=\"Location de voiture Mijas\" \/><\/div>\n\t\t<\/figure>\n\t<\/div>\n\n\t<div  class=\"wpb_single_image wpb_content_element vc_align_center wpb_content_element wpb_animate_when_almost_visible wpb_fadeIn fadeIn vc_custom_1685724957494\">\n\t\t\n\t\t<figure class=\"wpb_wrapper vc_figure\">\n\t\t\t<div class=\"vc_single_image-wrapper   vc_box_border_grey\"><img decoding=\"async\" width=\"258\" height=\"39\" src=\"https:\/\/marbellarentacar.es\/wp-content\/uploads\/2023\/06\/sombra.png\" class=\"vc_single_image-img attachment-full\" alt=\"Louer une voiture\" title=\"Louer une voiture\" \/><\/div>\n\t\t<\/figure>\n\t<\/div>\n\n\t<div class=\"wpb_text_column wpb_content_element vc_custom_1687030536900 align_center\" >\n\t\t<div class=\"wpb_wrapper\">\n\t\t\t<h3><a title=\"Location de voiture Mijas\" href=\"https:\/\/marbellarentacar.es\/fr\/3\/location-de-voiture-mijas\/\" rel=\"noopener\">Location de voiture Mijas<\/a><\/h3>\n<p>D\u00e9couvrez le charme et la beaut\u00e9 de Mijas gr\u00e2ce \u00e0 nos services pratiques de location de voitures. Ce village pittoresque aux murs blancs offre des vues imprenables et des points de rep\u00e8re culturels.<\/p>\n<p>Avec notre gamme de voitures de location, explorez les rues \u00e9troites, visitez les c\u00e9l\u00e8bres taxis-\u00e2nes et profitez de panoramas \u00e0 couper le souffle. Qu'il s'agisse d'explorer Mijas Pueblo, de jouer au golf ou de s'immerger dans la culture locale, notre <a class=\"wpil_keyword_link\" href=\"https:\/\/marbellarentacar.es\/es\/3\/alquiler-de-coches-mijas\/\"   title=\"Location de voiture Mijas\" data-wpil-keyword-link=\"linked\">Location de voiture Mijas<\/a> Le service de la Commission europ\u00e9enne enrichit votre voyage de souvenirs inoubliables.<\/p>\n\n\t\t<\/div>\n\t<\/div>\n<\/div><\/div><\/div><\/div>\n<\/div>","protected":false},"excerpt":{"rendered":"D\u00e9couvrez la libert\u00e9 d'explorer \u00e0 votre rythme, toujours avec la qualit\u00e9 et les prix comp\u00e9titifs que nous offrons. Avec nous, chaque voyage est unique ! D\u00e9couvrez la libert\u00e9 avec Rent a Car Marbella Rent a Car Marbella est votre billet pour un voyage ind\u00e9pendant \u00e0 travers les magnifiques paysages de Marbella, Malaga et au-del\u00e0. Profitez de la flexibilit\u00e9 et de la commodit\u00e9 [...]","protected":false},"author":1,"featured_media":8379,"parent":0,"menu_order":0,"comment_status":"closed","ping_status":"closed","template":"template-homepage-form2.php","meta":{"_joinchat":[],"footnotes":""},"class_list":["post-240","page","type-page","status-publish","has-post-thumbnail"],"_links":{"self":[{"href":"https:\/\/marbellarentacar.es\/fr\/wp-json\/wp\/v2\/pages\/240","targetHints":{"allow":["GET"]}}],"collection":[{"href":"https:\/\/marbellarentacar.es\/fr\/wp-json\/wp\/v2\/pages"}],"about":[{"href":"https:\/\/marbellarentacar.es\/fr\/wp-json\/wp\/v2\/types\/page"}],"author":[{"embeddable":true,"href":"https:\/\/marbellarentacar.es\/fr\/wp-json\/wp\/v2\/users\/1"}],"replies":[{"embeddable":true,"href":"https:\/\/marbellarentacar.es\/fr\/wp-json\/wp\/v2\/comments?post=240"}],"version-history":[{"count":0,"href":"https:\/\/marbellarentacar.es\/fr\/wp-json\/wp\/v2\/pages\/240\/revisions"}],"wp:featuredmedia":[{"embeddable":true,"href":"https:\/\/marbellarentacar.es\/fr\/wp-json\/wp\/v2\/media\/8379"}],"wp:attachment":[{"href":"https:\/\/marbellarentacar.es\/fr\/wp-json\/wp\/v2\/media?parent=240"}],"curies":[{"name":"wp","href":"https:\/\/api.w.org\/{rel}","templated":true}]}}