{"id":9501,"date":"2019-08-10T14:59:23","date_gmt":"2019-08-10T12:59:23","guid":{"rendered":"https:\/\/marbellarentacar.es\/?page_id=9501"},"modified":"2023-06-15T18:04:25","modified_gmt":"2023-06-15T16:04:25","slug":"alquiler-coches-aeropuerto-malaga","status":"publish","type":"page","link":"https:\/\/marbellarentacar.es\/es\/alquiler-coches-aeropuerto-malaga\/","title":{"rendered":"Alquiler de coches en el Aeropuerto de M\u00e1laga"},"content":{"rendered":"<div class=\"wpb-content-wrapper\"><div class=\"vc_row wpb_row vc_row-fluid justify vc_custom_1663945627524\"><div class=\"wpb_column vc_column_container vc_col-sm-12\"><div class=\"vc_column-inner\"><div class=\"wpb_wrapper\"><div id=\"ultimate-heading-348369f4d4e723afa\" class=\"uvc-heading ult-adjust-bottom-margin ultimate-heading-348369f4d4e723afa uvc-7610\" data-hspacer=\"no_spacer\"  data-halign=\"center\" style=\"text-align:center\"><div class=\"uvc-heading-spacer no_spacer\" style=\"top\"><\/div><div class=\"uvc-main-heading ult-responsive\"  data-ultimate-target='.uvc-heading.ultimate-heading-348369f4d4e723afa h1'  data-responsive-json-new='{\"font-size\":\"desktop:44px;\",\"line-height\":\"\"}' ><h1 style=\"font-weight:bold;margin-bottom:15px;\">Alquiler de coches en el Aeropuerto de M\u00e1laga<\/h1><\/div><div class=\"uvc-sub-heading ult-responsive\"  data-ultimate-target='.uvc-heading.ultimate-heading-348369f4d4e723afa .uvc-sub-heading '  data-responsive-json-new='{\"font-size\":\"desktop:20px;\",\"line-height\":\"desktop:30px;\"}'  style=\"font-weight:normal;color:#878787;margin-bottom:22px;\"><\/p>\n<h2>C\u00f3mo Alquilar un Coche en el Aeropuerto de M\u00e1laga: Lo que necesita saber<\/h2>\n<p>La primera vez que oiga hablar de <strong>Alquiler de coches en el Aeropuerto de M\u00e1laga<\/strong>probablemente piense en alg\u00fan tipo de lujo caro.<br \/>\nPero no siempre es as\u00ed. De hecho, puede ser una alternativa asequible y econ\u00f3mica a otros medios de transporte.<\/p>\n<p>Si viaja al aeropuerto de M\u00e1laga, alquilar un coche es la forma perfecta de desplazarse con seguridad y comodidad.<br \/>\nTanto si necesita ir del aeropuerto a su hotel como si tiene reuniones de negocios en otra ciudad, alquilar un coche puede ser una gran idea para muchos viajeros.<\/p>\n<p>Estas son algunas cosas que debe saber sobre el alquiler de coches en <strong><a href=\"https:\/\/www.aena.es\/\" target=\"_blank\" rel=\"noopener\">Aeropuerto de M\u00e1laga<\/a><\/strong>.<\/div><\/div><\/div><\/div><\/div><\/div><div id=\"bokking\" class=\"vc_row wpb_row vc_row-fluid justify vc_custom_1663931947345\"><div class=\"wpb_column vc_column_container vc_col-sm-12\"><div class=\"vc_column-inner\"><div class=\"wpb_wrapper\">\n\t<div class=\"wpb_text_column wpb_content_element vc_custom_1663927225151\" >\n\t\t<div class=\"wpb_wrapper\">\n\t\t\t<h2 class=\"h2A\">Alquiler de coches en el Aeropuerto de M\u00e1laga<\/h2>\n<h2 class=\"h2B\">Alquiler de coches en el Aeropuerto de M\u00e1laga<\/h2>\n<div class=\"h2separador\"><\/div>\n\n\t\t<\/div>\n\t<\/div>\n<\/div><\/div><\/div><\/div><div class=\"vc_row wpb_row vc_row-fluid justify vc_custom_1663930769096\"><div class=\"wpb_column vc_column_container vc_col-sm-12\"><div class=\"vc_column-inner\"><div class=\"wpb_wrapper\">\n\t<div class=\"wpb_text_column wpb_content_element\" >\n\t\t<div class=\"wpb_wrapper\">\n\t\t\t    <script type=\"text\/javascript\">\n        jQuery(document).ready(function () {\n            var unavailableDates = [];\n            var autofocus = 1;\n            var select2 = 1;\n\n            function unavailable(date) {\n                var ymd = date.getFullYear() + \"-\" + (\"0\" + (date.getMonth() + 1)).slice(-2) + \"-\" + (\"0\" + date.getDate()).slice(-2);\n                var day = new Date(ymd).getDay();\n                if (jQuery.inArray(ymd, unavailableDates) < 0) {\n                    return [true, \"enabled\", \"\"];\n                } else {\n                    return [false, \"disabled\", \"Cerrado\"];\n                }\n            }\n\n            var monthsToShow = 1;\n            var windowWidth = jQuery(window).width();\n            if (windowWidth > 767) {\n                monthsToShow = 2;\n            }\n            var pickUpDateField = jQuery('.pickup-date');\n\n            pickUpDateField.datepicker({\n                minDate: \"+0D\",\n                maxDate: \"+730D\",\n                dateFormat: 'dd\/mm\/yy',\n                firstDay: 1,\n                beforeShowDay: unavailable,\n                numberOfMonths: monthsToShow,\n                onSelect: function (selected) {\n                    var date = jQuery(this).datepicker('getDate');\n                    if (date) {\n                        date.setDate(date.getDate());\n                    }\n                    jQuery('.return-date').datepicker(\"option\", \"minDate\", date);\n                    if (autofocus == 1 && select2 == 1) {\n                        jQuery('select.pickup-time').select2('open');\n                    }\n                },\n                beforeShow: function (input, inst) {\n                    if (autofocus == 1) {\n                        setTimeout(function () {\n                            inst.dpDiv.css({\n                                top: pickUpDateField.offset().top + 35,\n                                left: pickUpDateField.offset().left\n                            });\n                        }, 0);\n                    }\n                }\n            });\n            var returnDateField = jQuery('.return-date');\n            returnDateField.datepicker({\n                minDate: 0,\n                beforeShowDay: unavailable,\n                maxDate: \"+730D\",\n                numberOfMonths: monthsToShow,\n                dateFormat: 'dd\/mm\/yy',\n                firstDay: 1,\n                onSelect: function (selected) {\n                    jQuery('.pickup-date').datepicker(\"option\", \"maxDate\", selected);\n                    if (autofocus == 1 && select2 == 1) {\n                        jQuery('.return-time').select2('open');\n                    }\n                },\n                beforeShow: function (input, inst) {\n                    if (autofocus == 1) {\n                        setTimeout(function () {\n                            inst.dpDiv.css({\n                                top: returnDateField.offset().top + 35,\n                                left: returnDateField.offset().left\n                            });\n                        }, 0);\n                    }\n                }\n            });\n            jQuery('.pickup-date-datepicker').click(function () {\n                jQuery('.pickup-date').datepicker('show');\n            });\n            jQuery('.return-date-datepicker').click(function () {\n                jQuery('.return-date').datepicker('show');\n            });\n\n            jQuery('.car-rental-do-search').click(function () {\n                var objBookingCode = jQuery('.booking-code');\n                var objCouponCode = jQuery('.coupon-code');\n                var objPickupLocation = jQuery('.pickup-location');\n                var objReturnLocation = jQuery('.return-location');\n                var objPickupDate = jQuery('.pickup-date');\n                var objReturnDate = jQuery('.return-date');\n                var objBookingPeriod = jQuery('.booking-period');\n\n                var bookingCode = \"\";\n                var couponCode = \"SKIP\";\n                var pickupLocationId = \"SKIP\";\n                var returnLocationId = \"SKIP\";\n                var pickupDate = \"SKIP\";\n                var returnDate = \"SKIP\";\n                var bookingPeriod = \"SKIP\";\n\n\t\t\t\t\n\t\t\t\t\n\t\t\t\t                if (objPickupLocation.length) {\n                    pickupLocationId = objPickupLocation.val();\n                }\n\t\t\t\t\n\t\t\t\t                if (objReturnLocation.length) {\n                    returnLocationId = objReturnLocation.val();\n                }\n\t\t\t\t\n\t\t\t\t                if (objPickupDate.length) {\n                    pickupDate = objPickupDate.val();\n                }\n\t\t\t\t\n\t\t\t\t                if (objReturnDate.length) {\n                    returnDate = objReturnDate.val();\n                }\n\t\t\t\t\n\t\t\t\t                if (objBookingPeriod.length) {\n                    bookingPeriod = objBookingPeriod.val();\n                }\n\t\t\t\t                \/\/alert('bookingCode[len]:' + objBookingCode.length + ', bookingCode[val]:' + bookingCode);\n\n                if (bookingCode != \"\" && bookingCode != \"Tengo un n\u00famero de reserva:\") {\n                    return true;\n                } else if (couponCode == \"\" || couponCode == \"Tengo c\u00f3digo de cup\u00f3n:\") {\n                    alert('\u00a1Por favor, ingrese el c\u00f3digo de cup\u00f3n!');\n                    return false;\n                } else if (pickupLocationId == 0) {\n                    alert('Por favor, seleccione el lugar de encuentro!');\n                    return false;\n                } else if (returnLocationId == 0) {\n                    alert('Por favor, seleccione el lugar de Devoluci\u00f3n!');\n                    return false;\n                } else if (pickupDate == \"\" || pickupDate == \"Fecha:\") {\n                    alert('Por favor, Ingrese la fecha de Llegada!');\n                    return false;\n                } else if (returnDate == \"\" || returnDate == \"Fecha:\") {\n                    alert('Por favor, Ingrese la Fecha de Salida!');\n                    return false;\n                } else if (bookingPeriod == \"\") {\n                    alert('Por favor, Ingrese la Fecha de Salida!');\n                    return false;\n                } else {\n                    return true;\n                }\n            });\n        });\n    <\/script><!--CAMBIO 365-->\n    <div class=\"row search_form_row step1\" id=\"search_form\">\n        <!--  \/wp-content\/themes\/wp-car-rental\/Extensions\/CarRental\/Templates\/Front\/Booking\/template.Step1ItemsSearchForm.php -->\n        <!-- formElem 105  -->\n\t\t        <!-- <form id=\"formElem\" name=\"formElem\" action=\"< php echo $currentLang;  >\/proceso-de-reserva\/\" method=\"post\"> -->\n        <!-- < php print($actionPageURL);\n\t\t$findme = \"app\";\n\t\t$pos = strpos($actionPageURL, $findme);\n\t\tif ($pos === false) {\n\t\t\techo \"La cadena '$findme' no fue encontrada en la cadena '$actionPageURL'\";\n\t\t} else {\n\t\t\techo \"La cadena '$findme' fue encontrada en la cadena '$actionPageURL'\";\n\t\t\techo \" y existe en la posici\u00f3n $pos\";\n\t\t}\n\t\t > -->\n\t\t\t\t        <form id=\"formElem\" name=\"formElem\" action=\"\/es\/booking-process\/\" method=\"post\" class=\"no_translate\" data-no-auto-translation=\"\" data-trp-original-action=\"\/es\/booking-process\">\n            <div class=\"col-sm-12 col-md-10\">\n                <div class=\"row\">\n                    <div class=\"col-sm-6\">\n\t\t\t\t\t\t                            <span class=\"form_title\">Recogida Informaci\u00f3n<\/span>\n\t\t\t\t\t\t\t                                <select name=\"pickup_location_id\" class=\"form-control pickup-location home-select\">\n                                    <!-- pickupDropDownOptions ADD5 -->\n\t\t\t\t\t\t\t\t\t<option value=\"0\" selected=\"selected\">Ciudad de Recogida y Ubicaci\u00f3n:<\/option><option value=\"1\">1. M\u00e1laga Airport<\/option><option value=\"2\">2. Marbella<\/option><option value=\"3\">3. Gibraltar, La L\u00ednea de la Concepci\u00f3n<\/option><option value=\"4\">4. M\u00e1laga Railway Station<\/option><option value=\"5\">5. Torremolinos<\/option><option value=\"6\">6. Benalm\u00e1dena<\/option><option value=\"7\">7. Fuengirola<\/option><option value=\"8\">8. Mijas<\/option><option value=\"11\">9. Torre del Mar<\/option><option value=\"13\">10. Nerja<\/option><option value=\"14\">11. Estepona<\/option><option value=\"15\">12. Benahavis<\/option><option value=\"16\">13. Algeciras<\/option><option value=\"28\">14. Sotogrande<\/option><option value=\"29\">15. Tarifa<\/option><option value=\"9\">16. M\u00e1laga Downtown<\/option>                                    <!-- \/pickupdropdownoptions ADD5 -->\n                                <\/select>\n\t\t\t\t\t\t\t\t\t\t\t\t\t\t\t\t\t\t\t                            <div class=\"row\">\n                                <div class=\"col-xs-7 col-sm-8 date\">\n                                    <input type=\"text\" name=\"pickup_date\" value=\"Fecha:\"\n                                           class=\"pickup-date\"\n                                           readonly=\"readonly\" autocomplete=\"off\"\/>\n                                <\/div>\n                                <div class=\"col-xs-5 col-sm-4 time\">\n                                    <select name=\"pickup_time\" class=\"pickup-time\">\n\t\t\t\t\t\t\t\t\t\t<option value=\"00:00:00\">00:00<\/option><option value=\"00:30:00\">00:30<\/option><option value=\"01:00:00\">01:00<\/option><option value=\"01:30:00\">01:30<\/option><option value=\"02:00:00\">02:00<\/option><option value=\"02:30:00\">02:30<\/option><option value=\"03:00:00\">03:00<\/option><option value=\"03:30:00\">03:30<\/option><option value=\"04:00:00\">04:00<\/option><option value=\"04:30:00\">04:30<\/option><option value=\"05:00:00\">05:00<\/option><option value=\"05:30:00\">05:30<\/option><option value=\"06:00:00\">06:00<\/option><option value=\"06:30:00\">06:30<\/option><option value=\"07:00:00\">07:00<\/option><option value=\"07:30:00\">07:30<\/option><option value=\"08:00:00\">08:00<\/option><option value=\"08:30:00\">08:30<\/option><option value=\"09:00:00\">09:00<\/option><option value=\"09:30:00\">09:30<\/option><option value=\"10:00:00\">10:00<\/option><option value=\"10:30:00\">10:30<\/option><option value=\"11:00:00\">11:00<\/option><option value=\"11:30:00\">11:30<\/option><option value=\"12:00:00\" selected=\"selected\">12:00<\/option><option value=\"12:30:00\">12:30<\/option><option value=\"13:00:00\">13:00<\/option><option value=\"13:30:00\">13:30<\/option><option value=\"14:00:00\">14:00<\/option><option value=\"14:30:00\">14:30<\/option><option value=\"15:00:00\">15:00<\/option><option value=\"15:30:00\">15:30<\/option><option value=\"16:00:00\">16:00<\/option><option value=\"16:30:00\">16:30<\/option><option value=\"17:00:00\">17:00<\/option><option value=\"17:30:00\">17:30<\/option><option value=\"18:00:00\">18:00<\/option><option value=\"18:30:00\">18:30<\/option><option value=\"19:00:00\">19:00<\/option><option value=\"19:30:00\">19:30<\/option><option value=\"20:00:00\">20:00<\/option><option value=\"20:30:00\">20:30<\/option><option value=\"21:00:00\">21:00<\/option><option value=\"21:30:00\">21:30<\/option><option value=\"22:00:00\">22:00<\/option><option value=\"22:30:00\">22:30<\/option><option value=\"23:00:00\">23:00<\/option><option value=\"23:30:00\">23:30<\/option>                                    <\/select>\n                                <\/div>\n                            <\/div>\n\t\t\t\t\t\t                    <\/div>\n\t\t\t\t\t                        <div class=\"col-sm-6\">\n                            <span class=\"form_title fix_margin\">Devoluci\u00f3n Informaci\u00f3n<\/span>\n\t\t\t\t\t\t\t                                <select name=\"return_location_id\" class=\"form-control return-location home-select\">\n\t\t\t\t\t\t\t\t\t<option value=\"0\" selected=\"selected\">Ciudad de Devoluci\u00f3n y Ubicaci\u00f3n:<\/option><option value=\"1\">1. M\u00e1laga Airport<\/option><option value=\"2\">2. Marbella<\/option><option value=\"3\">3. Gibraltar, La L\u00ednea de la Concepci\u00f3n<\/option><option value=\"4\">4. M\u00e1laga Railway Station<\/option><option value=\"5\">5. Torremolinos<\/option><option value=\"6\">6. Benalm\u00e1dena<\/option><option value=\"7\">7. Fuengirola<\/option><option value=\"8\">8. Mijas<\/option><option value=\"11\">9. Torre del Mar<\/option><option value=\"13\">10. Nerja<\/option><option value=\"14\">11. Estepona<\/option><option value=\"15\">12. Benahavis<\/option><option value=\"16\">13. Algeciras<\/option><option value=\"28\">14. Sotogrande<\/option><option value=\"29\">15. Tarifa<\/option><option value=\"9\">16. M\u00e1laga Downtown<\/option>                                <\/select>\n\t\t\t\t\t\t\t                        <\/div>\n\t\t\t\t\t\t\t\t\t\t                        <div class=\"col-sm-6\">\n                            <div class=\"row\">\n\t\t\t\t\t\t\t\t                                    <div class=\"col-xs-7 col-sm-8 date\">\n                                        <input type=\"text\" name=\"return_date\" class=\"return-date\"\n                                               value=\"Fecha:\"\n                                               readonly=\"readonly\" autocomplete=\"off\"\/>\n                                    <\/div>\n                                    <div class=\"col-xs-5 col-sm-4 time\">\n                                        <select name=\"return_time\" class=\"return-time\">\n\t\t\t\t\t\t\t\t\t\t\t<option value=\"00:00:00\">00:00<\/option><option value=\"00:30:00\">00:30<\/option><option value=\"01:00:00\">01:00<\/option><option value=\"01:30:00\">01:30<\/option><option value=\"02:00:00\">02:00<\/option><option value=\"02:30:00\">02:30<\/option><option value=\"03:00:00\">03:00<\/option><option value=\"03:30:00\">03:30<\/option><option value=\"04:00:00\">04:00<\/option><option value=\"04:30:00\">04:30<\/option><option value=\"05:00:00\">05:00<\/option><option value=\"05:30:00\">05:30<\/option><option value=\"06:00:00\">06:00<\/option><option value=\"06:30:00\">06:30<\/option><option value=\"07:00:00\">07:00<\/option><option value=\"07:30:00\">07:30<\/option><option value=\"08:00:00\">08:00<\/option><option value=\"08:30:00\">08:30<\/option><option value=\"09:00:00\">09:00<\/option><option value=\"09:30:00\">09:30<\/option><option value=\"10:00:00\">10:00<\/option><option value=\"10:30:00\">10:30<\/option><option value=\"11:00:00\">11:00<\/option><option value=\"11:30:00\">11:30<\/option><option value=\"12:00:00\" selected=\"selected\">12:00<\/option><option value=\"12:30:00\">12:30<\/option><option value=\"13:00:00\">13:00<\/option><option value=\"13:30:00\">13:30<\/option><option value=\"14:00:00\">14:00<\/option><option value=\"14:30:00\">14:30<\/option><option value=\"15:00:00\">15:00<\/option><option value=\"15:30:00\">15:30<\/option><option value=\"16:00:00\">16:00<\/option><option value=\"16:30:00\">16:30<\/option><option value=\"17:00:00\">17:00<\/option><option value=\"17:30:00\">17:30<\/option><option value=\"18:00:00\">18:00<\/option><option value=\"18:30:00\">18:30<\/option><option value=\"19:00:00\">19:00<\/option><option value=\"19:30:00\">19:30<\/option><option value=\"20:00:00\">20:00<\/option><option value=\"20:30:00\">20:30<\/option><option value=\"21:00:00\">21:00<\/option><option value=\"21:30:00\">21:30<\/option><option value=\"22:00:00\">22:00<\/option><option value=\"22:30:00\">22:30<\/option><option value=\"23:00:00\">23:00<\/option><option value=\"23:30:00\">23:30<\/option>                                        <\/select>\n                                    <\/div>\n\t\t\t\t\t\t\t\t                            <\/div>\n                        <\/div>\n\t\t\t\t\t\t\t\t\t\t\t\t\t\t\t                <\/div>\n            <\/div>\n            <div class=\"col-xs-12 col-md-2\">\n                <input type=\"hidden\" name=\"car_rental_came_from_step1\" value=\"yes\"\/>\n\t\t\t\t\t\t\t\t\t<input type=\"submit\" name=\"car_rental_do_search\" value=\"Buscar\" class=\"car-rental-do-search\" \/>\t\t\t\t            <\/div>\n        <input type=\"hidden\" name=\"trp-form-language\" value=\"es\"\/><\/form>\n\n\n    <\/div>\n    <!--  CANCEL_BOOKING 1 -->\n    <!--  \/CANCEL_BOOKING 1 -->\n    <script type=\"text\/javascript\">\n        jQuery(document).ready(function () {\n            var locationsSelect2 = '1';\n            var filtersSelect2 = '1';\n            var timeSelect2 = '1';\n            var durationSelect2 = '1';\n            var priceCalculationType = '1';\n            var nrsAutoFocus = '1';\n            var returnLocation = '1';\n            var returnDate = '1';\n            initilizeSelect2(locationsSelect2, filtersSelect2, timeSelect2, durationSelect2, priceCalculationType, nrsAutoFocus, returnLocation, returnDate);\n            SetSubmitButtonHeight();\n        });\n        jQuery(window).resize(function () {\n            SetSubmitButtonHeight();\n        });\n\n        function initilizeSelect2(locationsS2, filtersS2, timeS2, durationS2, priceType, autoFocus, returnLocation, returnDate) {\n            if (locationsS2 == 1) {\n                jQuery(\"select[name='pickup_location_id']\").select2(\n                    {\n                        language: {\n                            \"noResults\": function () {\n                                return \"No location was not found, please can contact us to request custom pricing.\";\n                            }\n                        }\n                    }\n                ).on('select2:select', function () {\n                    autoFocus == 1 ? jQuery('.pickup-date').focus() : '';\n                });\n                jQuery(\"select[name='return_location_id']\").select2(\n                    {\n                        language: {\n                            \"noResults\": function () {\n                                return \"No location was not found, please can contact us to request custom pricing.\";\n                            }\n                        }\n                    }\n                ).on('select2:select', function () {\n                    if (autoFocus == 1 && returnDate == 1) {\n                        if (priceType == 2 && durationS2) {\n                            jQuery('.booking-period').select2('open');\n                        } else {\n                            jQuery('.return-date').focus();\n                        }\n                    }\n                });\n            }\n            if (filtersS2 == 1) {\n                jQuery(\"select[name='partner_id']\").select2();\n                jQuery(\"select[name='manufacturer_id']\").select2();\n                jQuery(\"select[name='body_type_id']\").select2();\n                jQuery(\"select[name='transmission_type_id']\").select2();\n                jQuery(\"select[name='fuel_type_id']\").select2();\n            }\n            if (timeS2 == 1) {\n                jQuery(\"select[name='pickup_time']\").select2(\n                    {\n                        language: {\n                            \"noResults\": function () {\n                                return \"Invalid time format, or not available.\";\n                            }\n                        }\n                    }\n                ).on('select2:select', function () {\n                    if (autoFocus == 1) {\n                        if (returnLocation && locationsS2 == 1) {\n                            jQuery('.return-location').select2('open');\n                        } else if (returnDate == 1) {\n                            if (priceType == 2 && durationS2 == 1) {\n                                jQuery('.booking-period').select2('open');\n                            } else {\n                                jQuery('.return-date').focus();\n                            }\n                        }\n                    }\n                });\n                jQuery(\"select[name='return_time']\").select2(\n                    {\n                        language: {\n                            \"noResults\": function () {\n                                return \"Invalid time format, or not available.\";\n                            }\n                        }\n                    }\n                );\n            }\n            if (durationS2 == 1) {\n                jQuery(\"select[name='booking_period']\").select2();\n            }\n        }\n\n        function SetSubmitButtonHeight() {\n            jQuery('.car-rental-do-search').css('height', '0').css('height', (jQuery('.search_form_row').height() - 35) + 'px');\n        }\n    <\/script>\n\n\n\t\t<\/div>\n\t<\/div>\n<\/div><\/div><\/div><\/div><div class=\"vc_row wpb_row vc_row-fluid justify vc_custom_1663931905267\"><div class=\"wpb_column vc_column_container vc_col-sm-12\"><div class=\"vc_column-inner\"><div class=\"wpb_wrapper\">\n\t<div class=\"wpb_text_column wpb_content_element vc_custom_1663927225151\" >\n\t\t<div class=\"wpb_wrapper\">\n\t\t\t<h2 class=\"h2A\">Alquiler de coches en el Aeropuerto de M\u00e1laga<\/h2>\n<h2 class=\"h2B\">Alquiler de coches en el Aeropuerto de M\u00e1laga<\/h2>\n<div class=\"h2separador\"><\/div>\n\n\t\t<\/div>\n\t<\/div>\n<\/div><\/div><\/div><\/div><div class=\"vc_row wpb_row vc_row-fluid justify vc_custom_1663927032960\"><div class=\"wpb_column vc_column_container vc_col-sm-6\"><div class=\"vc_column-inner\"><div class=\"wpb_wrapper\">\n\t<div class=\"wpb_text_column wpb_content_element\" >\n\t\t<div class=\"wpb_wrapper\">\n\t\t\t<h2><strong>Aseg\u00farese de que su seguro de viaje le cubre<\/strong><\/h2>\n<p>Cuando alquilas un coche, asumes una gran responsabilidad. Si tienes un accidente, puede costarte miles de d\u00f3lares arreglarlo, por no hablar de las posibles lesiones que conlleve.<\/p>\n<blockquote><p>\nSi provocas un accidente, puedes ser considerado responsable econ\u00f3mico de todos esos gastos.\n<\/p><\/blockquote>\n<p>Para estar cubierto en caso de que ocurra algo, aseg\u00farate de que est\u00e1s asegurado.<\/p>\n<p>Aseg\u00farese de que su seguro de autom\u00f3vil es v\u00e1lido en Espa\u00f1a y lea atentamente las condiciones para asegurarse de que tiene la cobertura adecuada.<\/p>\n\n\t\t<\/div>\n\t<\/div>\n\n\t<div class=\"wpb_text_column wpb_content_element\" >\n\t\t<div class=\"wpb_wrapper\">\n\t\t\t<h2><strong>Comprueba el coche antes de alquilarlo<\/strong><\/h2>\n<p>Antes de dirigirte al mostrador de alquiler de coches, aseg\u00farate de revisar el coche. Puede que tenga alg\u00fan golpe, pero aseg\u00farate de que no hay ning\u00fan problema grave.<\/p>\n<p>Si los hay, puede que quieras coger otro coche.<\/p>\n<p>De lo contrario, podr\u00eda tener que pagar una factura de reparaci\u00f3n, adem\u00e1s de todos los dem\u00e1s gastos de alquiler. Las empresas de alquiler esperan que se produzcan ciertos da\u00f1os, por lo que es posible que incluso te cobren por una peque\u00f1a abolladura.<\/p>\n<p>Para revisar el coche, intenta abrir y cerrar todas las puertas y ventanillas, abre el maletero y comprueba los neum\u00e1ticos.<\/p>\n<blockquote><p>\nAseg\u00farate de que no hay un desgaste excesivo.\n<\/p><\/blockquote>\n\n\t\t<\/div>\n\t<\/div>\n<\/div><\/div><\/div><div class=\"wpb_column vc_column_container vc_col-sm-6\"><div class=\"vc_column-inner\"><div class=\"wpb_wrapper\">\n\t<div  class=\"wpb_single_image wpb_content_element vc_align_center wpb_content_element\">\n\t\t\n\t\t<figure class=\"wpb_wrapper vc_figure\">\n\t\t\t<div class=\"vc_single_image-wrapper vc_box_shadow_3d  vc_box_border_grey\"><img decoding=\"async\" width=\"1024\" height=\"1024\" src=\"https:\/\/marbellarentacar.es\/wp-content\/uploads\/2022\/09\/Airport-Car-hire_resultado.jpg\" class=\"vc_single_image-img attachment-full\" alt=\"Alquiler de coches en el Aeropuerto de M\u00e1laga\" title=\"Alquiler de coches en el Aeropuerto de M\u00e1laga\" srcset=\"https:\/\/marbellarentacar.es\/wp-content\/uploads\/2022\/09\/Airport-Car-hire_resultado.jpg 1024w, https:\/\/marbellarentacar.es\/wp-content\/uploads\/2022\/09\/Airport-Car-hire_resultado-300x300.jpg 300w, https:\/\/marbellarentacar.es\/wp-content\/uploads\/2022\/09\/Airport-Car-hire_resultado-150x150.jpg 150w, https:\/\/marbellarentacar.es\/wp-content\/uploads\/2022\/09\/Airport-Car-hire_resultado-768x768.jpg 768w\" sizes=\"(max-width: 1024px) 100vw, 1024px\" \/><\/div>\n\t\t<\/figure>\n\t<\/div>\n<\/div><\/div><\/div><\/div><div class=\"vc_row wpb_row vc_row-fluid justify vc_custom_1663930769096\"><div class=\"wpb_column vc_column_container vc_col-sm-12\"><div class=\"vc_column-inner\"><div class=\"wpb_wrapper\">\n\t<div class=\"wpb_text_column wpb_content_element vc_custom_1663927225151\" >\n\t\t<div class=\"wpb_wrapper\">\n\t\t\t<h2 class=\"h2A\">Alquiler de coches en el Aeropuerto de M\u00e1laga<\/h2>\n<h2 class=\"h2B\">Alquiler de coches en el Aeropuerto de M\u00e1laga<\/h2>\n<div class=\"h2separador\"><\/div>\n\n\t\t<\/div>\n\t<\/div>\n<\/div><\/div><\/div><\/div><div class=\"vc_row wpb_row vc_row-fluid\"><div class=\"wpb_column vc_column_container vc_col-sm-12 vc_hidden-lg vc_hidden-md\"><div class=\"vc_column-inner\"><div class=\"wpb_wrapper\">\n\t<div class=\"wpb_text_column wpb_content_element\" >\n\t\t<div class=\"wpb_wrapper\">\n\t\t\t<h3 style=\"text-align: center;\"><a href=\"#bokking\">Reserve su coche aqu\u00ed<\/a><\/h3>\n\n\t\t<\/div>\n\t<\/div>\n<\/div><\/div><\/div><\/div><div class=\"vc_row wpb_row vc_row-fluid justify vc_custom_1663927032960\"><div class=\"wpb_column vc_column_container vc_col-sm-6\"><div class=\"vc_column-inner\"><div class=\"wpb_wrapper\">\n\t<div  class=\"wpb_single_image wpb_content_element vc_align_center wpb_content_element\">\n\t\t\n\t\t<figure class=\"wpb_wrapper vc_figure\">\n\t\t\t<div class=\"vc_single_image-wrapper vc_box_shadow_3d  vc_box_border_grey\"><img decoding=\"async\" width=\"1024\" height=\"1024\" src=\"https:\/\/marbellarentacar.es\/wp-content\/uploads\/2022\/09\/Airport-Car-hire_resultado-2.jpg\" class=\"vc_single_image-img attachment-full\" alt=\"Alquiler de coches en el Aeropuerto de M\u00e1laga\" title=\"Alquiler de coches en el Aeropuerto de M\u00e1laga\" srcset=\"https:\/\/marbellarentacar.es\/wp-content\/uploads\/2022\/09\/Airport-Car-hire_resultado-2.jpg 1024w, https:\/\/marbellarentacar.es\/wp-content\/uploads\/2022\/09\/Airport-Car-hire_resultado-2-300x300.jpg 300w, https:\/\/marbellarentacar.es\/wp-content\/uploads\/2022\/09\/Airport-Car-hire_resultado-2-150x150.jpg 150w, https:\/\/marbellarentacar.es\/wp-content\/uploads\/2022\/09\/Airport-Car-hire_resultado-2-768x768.jpg 768w\" sizes=\"(max-width: 1024px) 100vw, 1024px\" \/><\/div>\n\t\t<\/figure>\n\t<\/div>\n<\/div><\/div><\/div><div class=\"wpb_column vc_column_container vc_col-sm-6\"><div class=\"vc_column-inner\"><div class=\"wpb_wrapper\">\n\t<div class=\"wpb_text_column wpb_content_element\" >\n\t\t<div class=\"wpb_wrapper\">\n\t\t\t<h2><strong>Navegar por las carreteras espa\u00f1olas<\/strong><\/h2>\n<p>Conducir en Espa\u00f1a es una experiencia completamente diferente a hacerlo en su pa\u00eds de origen.<\/p>\n<p>Antes de empezar a conducir, inf\u00f3rmese sobre las leyes y se\u00f1ales de tr\u00e1fico espa\u00f1olas.<\/p>\n<p>Las carreteras espa\u00f1olas son m\u00e1s peque\u00f1as que las estadounidenses, por lo que conviene tenerlo en cuenta al conducir.<\/p>\n<p>Tambi\u00e9n debe tener en cuenta que en Espa\u00f1a el tiempo invernal es limitado, por lo que le conviene llevar un cepillo para la nieve en el maletero.<\/p>\n<p>Y lo que es m\u00e1s importante, recuerde que en Espa\u00f1a se conduce por la derecha, por lo que deber\u00e1 extremar la precauci\u00f3n al girar cuando circule por las carreteras.<\/p>\n\n\t\t<\/div>\n\t<\/div>\n\n\t<div class=\"wpb_text_column wpb_content_element\" >\n\t\t<div class=\"wpb_wrapper\">\n\t\t\t<h2><strong>\u00bfA qu\u00e9 empresa alquilar?<\/strong><\/h2>\n<p>Cuando quiera alquilar un coche en el Aeropuerto de M\u00e1laga, tendr\u00e1 muchas opciones. Puedes optar por una gran empresa de alquiler de coches como Hertz o Avis, o por una opci\u00f3n m\u00e1s peque\u00f1a y local.<\/p>\n<p>Ambas opciones tienen sus pros y sus contras. Las grandes compa\u00f1\u00edas tendr\u00e1n muchos coches disponibles, pero puede que no sean la mejor opci\u00f3n para tus necesidades de viaje.<\/p>\n<p>Si tiene necesidades de viaje espec\u00edficas, como un determinado tipo de coche o un lugar de recogida y entrega concreto, puede que le convenga una compa\u00f1\u00eda m\u00e1s peque\u00f1a.<\/p>\n<blockquote><p>\nLas empresas m\u00e1s peque\u00f1as suelen ser m\u00e1s flexibles.\n<\/p><\/blockquote>\n<p>Si no est\u00e1s seguro de a qu\u00e9 empresa alquilarle un coche, lee los comentarios y las valoraciones. Tambi\u00e9n puedes pedir recomendaciones al conserje de tu hotel o a otros viajeros.<\/p>\n\n\t\t<\/div>\n\t<\/div>\n<\/div><\/div><\/div><\/div><div class=\"vc_row wpb_row vc_row-fluid justify vc_custom_1663930769096\"><div class=\"wpb_column vc_column_container vc_col-sm-12\"><div class=\"vc_column-inner\"><div class=\"wpb_wrapper\">\n\t<div class=\"wpb_text_column wpb_content_element vc_custom_1663927225151\" >\n\t\t<div class=\"wpb_wrapper\">\n\t\t\t<h2 class=\"h2A\">Alquiler de coches en el Aeropuerto de M\u00e1laga<\/h2>\n<h2 class=\"h2B\">Alquiler de coches en el Aeropuerto de M\u00e1laga<\/h2>\n<div class=\"h2separador\"><\/div>\n\n\t\t<\/div>\n\t<\/div>\n<\/div><\/div><\/div><\/div><div class=\"vc_row wpb_row vc_row-fluid\"><div class=\"wpb_column vc_column_container vc_col-sm-12 vc_hidden-lg vc_hidden-md\"><div class=\"vc_column-inner\"><div class=\"wpb_wrapper\">\n\t<div class=\"wpb_text_column wpb_content_element\" >\n\t\t<div class=\"wpb_wrapper\">\n\t\t\t<h3 style=\"text-align: center;\"><a href=\"#bokking\">Reserve su coche aqu\u00ed<\/a><\/h3>\n\n\t\t<\/div>\n\t<\/div>\n<\/div><\/div><\/div><\/div><div class=\"vc_row wpb_row vc_row-fluid justify vc_custom_1663927032960\"><div class=\"wpb_column vc_column_container vc_col-sm-12\"><div class=\"vc_column-inner\"><div class=\"wpb_wrapper\">\n\t<div class=\"wpb_text_column wpb_content_element\" >\n\t\t<div class=\"wpb_wrapper\">\n\t\t\t<div><div class=\"car-rental-slider car-rental-loading\"><div class=\"responsive-cars-slider\"><div> <!-- car-rental-item-image 1 --> <div class=\"car-rental-item-image\" ><a href=\"https:\/\/marbellarentacar.es\/es\/2\/alquilar-seat-mii\/\" title=\"Ver Coche\"><img decoding=\"async\" src=\"https:\/\/marbellarentacar.es\/wp-content\/uploads\/CarRentalGallery\/thumb_1518181276_seat-mii-Main.png\" title=\"Seat Mii\" alt=\"Seat Mii\"><\/a><\/div><div class=\"car-rental-item-details\"><div class=\"car-rental-slider-bodytype-title\">Tipo Mini<\/div><div class=\"car-rental-item-title underline full-width\" data-no-auto-translation=\"\"><a class=\"primary_color\" href=\"https:\/\/marbellarentacar.es\/es\/2\/alquilar-seat-mii\/\" title=\"Ver Coche\">Seat Mii<\/a><\/div><div class=\"car-rental-item-prefix primary_color\">d\u00eda Desde<\/div><div class=\"car-rental-item-price primary_color\">24\u20ac<\/div><\/div><\/div><div> <!-- car-rental-item-image 1 --> <div class=\"car-rental-item-image\" ><a href=\"https:\/\/marbellarentacar.es\/es\/2\/alquilar-un-opel-corsa\/\" title=\"Ver Coche\"><img decoding=\"async\" src=\"https:\/\/marbellarentacar.es\/wp-content\/uploads\/CarRentalGallery\/thumb_1518182207_opel-corsa-Main.png\" title=\"Opel Corsa\" alt=\"Opel Corsa\"><\/a><\/div><div class=\"car-rental-item-details\"><div class=\"car-rental-slider-bodytype-title\">Econom\u00eda<\/div><div class=\"car-rental-item-title underline full-width\" data-no-auto-translation=\"\"><a class=\"primary_color\" href=\"https:\/\/marbellarentacar.es\/es\/2\/alquilar-un-opel-corsa\/\" title=\"Ver Coche\">Opel Corsa<\/a><\/div><div class=\"car-rental-item-prefix primary_color\">d\u00eda Desde<\/div><div class=\"car-rental-item-price primary_color\">28\u20ac<\/div><\/div><\/div><div> <!-- car-rental-item-image 1 --> <div class=\"car-rental-item-image\" ><a href=\"https:\/\/marbellarentacar.es\/es\/2\/alquilar-un-seat-ibiza\/\" title=\"Ver Coche\"><img decoding=\"async\" src=\"https:\/\/marbellarentacar.es\/wp-content\/uploads\/CarRentalGallery\/thumb_1518426848_Seat-Ibiza-Main.png\" title=\"Seat Ibiza\" alt=\"Seat Ibiza\"><\/a><\/div><div class=\"car-rental-item-details\"><div class=\"car-rental-slider-bodytype-title\">Econom\u00eda<\/div><div class=\"car-rental-item-title underline full-width\" data-no-auto-translation=\"\"><a class=\"primary_color\" href=\"https:\/\/marbellarentacar.es\/es\/2\/alquilar-un-seat-ibiza\/\" title=\"Ver Coche\">Seat Ibiza<\/a><\/div><div class=\"car-rental-item-prefix primary_color\">d\u00eda Desde<\/div><div class=\"car-rental-item-price primary_color\">28\u20ac<\/div><\/div><\/div><div> <!-- car-rental-item-image 1 --> <div class=\"car-rental-item-image\" ><a href=\"https:\/\/marbellarentacar.es\/es\/2\/alquilar-un-volkswagen-polo\/\" title=\"Ver Coche\"><img decoding=\"async\" src=\"https:\/\/marbellarentacar.es\/wp-content\/uploads\/CarRentalGallery\/thumb_1518181777_vw-polo-Main.png\" title=\"Volkswagen Polo\" alt=\"Volkswagen Polo\"><\/a><\/div><div class=\"car-rental-item-details\"><div class=\"car-rental-slider-bodytype-title\">Econom\u00eda<\/div><div class=\"car-rental-item-title underline full-width\" data-no-auto-translation=\"\"><a class=\"primary_color\" href=\"https:\/\/marbellarentacar.es\/es\/2\/alquilar-un-volkswagen-polo\/\" title=\"Ver Coche\">Volkswagen Polo<\/a><\/div><div class=\"car-rental-item-prefix primary_color\">d\u00eda Desde<\/div><div class=\"car-rental-item-price primary_color\">28\u20ac<\/div><\/div><\/div><div> <!-- car-rental-item-image 1 --> <div class=\"car-rental-item-image\" ><a href=\"https:\/\/marbellarentacar.es\/es\/2\/alquile-un-ford-fusion\/\" title=\"Ver Coche\"><img decoding=\"async\" src=\"https:\/\/marbellarentacar.es\/wp-content\/uploads\/CarRentalGallery\/thumb_1518194516_Ford-Fusion-Main.png\" title=\"Ford Fusion\" alt=\"Ford Fusion\"><\/a><\/div><div class=\"car-rental-item-details\"><div class=\"car-rental-slider-bodytype-title\">Compacto<\/div><div class=\"car-rental-item-title underline full-width\" data-no-auto-translation=\"\"><a class=\"primary_color\" href=\"https:\/\/marbellarentacar.es\/es\/2\/alquile-un-ford-fusion\/\" title=\"Ver Coche\">Ford Fusion<\/a><\/div><div class=\"car-rental-item-prefix primary_color\">d\u00eda Desde<\/div><div class=\"car-rental-item-price primary_color\">29\u20ac<\/div><\/div><\/div><div> <!-- car-rental-item-image 1 --> <div class=\"car-rental-item-image\" ><a href=\"https:\/\/marbellarentacar.es\/es\/2\/alquilar-un-nissan-note\/\" title=\"Ver Coche\"><img decoding=\"async\" src=\"https:\/\/marbellarentacar.es\/wp-content\/uploads\/CarRentalGallery\/thumb_1518183009_nissan-note-Main.png\" title=\"Nissan Note\" alt=\"Nissan Note\"><\/a><\/div><div class=\"car-rental-item-details\"><div class=\"car-rental-slider-bodytype-title\">Compacto<\/div><div class=\"car-rental-item-title underline full-width\" data-no-auto-translation=\"\"><a class=\"primary_color\" href=\"https:\/\/marbellarentacar.es\/es\/2\/alquilar-un-nissan-note\/\" title=\"Ver Coche\">Nissan Note<\/a><\/div><div class=\"car-rental-item-prefix primary_color\">d\u00eda Desde<\/div><div class=\"car-rental-item-price primary_color\">29\u20ac<\/div><\/div><\/div><div> <!-- car-rental-item-image 1 --> <div class=\"car-rental-item-image\" ><a href=\"https:\/\/marbellarentacar.es\/es\/2\/alquilar-un-opel-astra\/\" title=\"Ver Coche\"><img decoding=\"async\" src=\"https:\/\/marbellarentacar.es\/wp-content\/uploads\/CarRentalGallery\/thumb_1532431302_opel-astra-Main.png\" title=\"Opel Astra\" alt=\"Opel Astra\"><\/a><\/div><div class=\"car-rental-item-details\"><div class=\"car-rental-slider-bodytype-title\">Compacto<\/div><div class=\"car-rental-item-title underline full-width\" data-no-auto-translation=\"\"><a class=\"primary_color\" href=\"https:\/\/marbellarentacar.es\/es\/2\/alquilar-un-opel-astra\/\" title=\"Ver Coche\">Opel Astra<\/a><\/div><div class=\"car-rental-item-prefix primary_color\">d\u00eda Desde<\/div><div class=\"car-rental-item-price primary_color\">33\u20ac<\/div><\/div><\/div><div> <!-- car-rental-item-image 1 --> <div class=\"car-rental-item-image\" ><a href=\"https:\/\/marbellarentacar.es\/es\/2\/alquilar-un-renault-megane\/\" title=\"Ver Coche\"><img decoding=\"async\" src=\"https:\/\/marbellarentacar.es\/wp-content\/uploads\/CarRentalGallery\/thumb_1518183285_Renault-Megane-Main.png\" title=\"Renault Megane\" alt=\"Renault Megane\"><\/a><\/div><div class=\"car-rental-item-details\"><div class=\"car-rental-slider-bodytype-title\">Compacto<\/div><div class=\"car-rental-item-title underline full-width\" data-no-auto-translation=\"\"><a class=\"primary_color\" href=\"https:\/\/marbellarentacar.es\/es\/2\/alquilar-un-renault-megane\/\" title=\"Ver Coche\">Renault Megane<\/a><\/div><div class=\"car-rental-item-prefix primary_color\">d\u00eda Desde<\/div><div class=\"car-rental-item-price primary_color\">33\u20ac<\/div><\/div><\/div><div> <!-- car-rental-item-image 1 --> <div class=\"car-rental-item-image\" ><a href=\"https:\/\/marbellarentacar.es\/es\/2\/alquilar-un-seat-ibiza-st\/\" title=\"Ver Coche\"><img decoding=\"async\" src=\"https:\/\/marbellarentacar.es\/wp-content\/uploads\/CarRentalGallery\/thumb_setat-ibiza-ST-Main.png\" title=\"Seat Ibiza STW\" alt=\"Seat Ibiza STW\"><\/a><\/div><div class=\"car-rental-item-details\"><div class=\"car-rental-slider-bodytype-title\">Econom\u00eda<\/div><div class=\"car-rental-item-title underline full-width\" data-no-auto-translation=\"\"><a class=\"primary_color\" href=\"https:\/\/marbellarentacar.es\/es\/2\/alquilar-un-seat-ibiza-st\/\" title=\"Ver Coche\">Seat Ibiza STW<\/a><\/div><div class=\"car-rental-item-prefix primary_color\">d\u00eda Desde<\/div><div class=\"car-rental-item-price primary_color\">33\u20ac<\/div><\/div><\/div><div> <!-- car-rental-item-image 1 --> <div class=\"car-rental-item-image\" ><a href=\"https:\/\/marbellarentacar.es\/es\/2\/alquilar-un-vw-golf\/\" title=\"Ver Coche\"><img decoding=\"async\" src=\"https:\/\/marbellarentacar.es\/wp-content\/uploads\/CarRentalGallery\/thumb_1518187332_Volkswagen-Golf-Main.png\" title=\"Volkswagen Golf\" alt=\"Volkswagen Golf\"><\/a><\/div><div class=\"car-rental-item-details\"><div class=\"car-rental-slider-bodytype-title\">Compacto<\/div><div class=\"car-rental-item-title underline full-width\" data-no-auto-translation=\"\"><a class=\"primary_color\" href=\"https:\/\/marbellarentacar.es\/es\/2\/alquilar-un-vw-golf\/\" title=\"Ver Coche\">Volkswagen Golf<\/a><\/div><div class=\"car-rental-item-prefix primary_color\">d\u00eda Desde<\/div><div class=\"car-rental-item-price primary_color\">33\u20ac<\/div><\/div><\/div><div> <!-- car-rental-item-image 1 --> <div class=\"car-rental-item-image\" ><a href=\"https:\/\/marbellarentacar.es\/es\/2\/alquilar-un-citroen-elysee\/\" title=\"Ver Coche\"><img decoding=\"async\" src=\"https:\/\/marbellarentacar.es\/wp-content\/uploads\/CarRentalGallery\/thumb_Citroen-C-Elysee-Main.png\" title=\"Citro\u00ebn Elys\u00e9e\" alt=\"Citro\u00ebn Elys\u00e9e\"><\/a><\/div><div class=\"car-rental-item-details\"><div class=\"car-rental-slider-bodytype-title\">Compact Elite<\/div><div class=\"car-rental-item-title underline full-width\" data-no-auto-translation=\"\"><a class=\"primary_color\" href=\"https:\/\/marbellarentacar.es\/es\/2\/alquilar-un-citroen-elysee\/\" title=\"Ver Coche\">Citro\u00ebn Elys\u00e9e<\/a><\/div><div class=\"car-rental-item-prefix primary_color\">d\u00eda Desde<\/div><div class=\"car-rental-item-price primary_color\">36\u20ac<\/div><\/div><\/div><div> <!-- car-rental-item-image 1 --> <div class=\"car-rental-item-image\" ><a href=\"https:\/\/marbellarentacar.es\/es\/2\/alquilar-un-peugeot-partner-tepee\/\" title=\"Ver Coche\"><img decoding=\"async\" src=\"https:\/\/marbellarentacar.es\/wp-content\/uploads\/CarRentalGallery\/thumb_Peugeot-Partner-Teepee-Main.png\" title=\"Peugeot Partner Tepee\" alt=\"Peugeot Partner Tepee\"><\/a><\/div><div class=\"car-rental-item-details\"><div class=\"car-rental-slider-bodytype-title\">Compacto<\/div><div class=\"car-rental-item-title underline full-width\" data-no-auto-translation=\"\"><a class=\"primary_color\" href=\"https:\/\/marbellarentacar.es\/es\/2\/alquilar-un-peugeot-partner-tepee\/\" title=\"Ver Coche\">Peugeot Partner Tepee<\/a><\/div><div class=\"car-rental-item-prefix primary_color\">d\u00eda Desde<\/div><div class=\"car-rental-item-price primary_color\">36\u20ac<\/div><\/div><\/div><div> <!-- car-rental-item-image 1 --> <div class=\"car-rental-item-image\" ><a href=\"https:\/\/marbellarentacar.es\/es\/2\/alquilar-un-skoda-rapid-1-6-tdi\/\" title=\"Ver Coche\"><img decoding=\"async\" src=\"https:\/\/marbellarentacar.es\/wp-content\/uploads\/CarRentalGallery\/thumb_skoda_rapid-Main.png\" title=\"Skoda Rapid 1.6 TDI\" alt=\"Skoda Rapid 1.6 TDI\"><\/a><\/div><div class=\"car-rental-item-details\"><div class=\"car-rental-slider-bodytype-title\">Compact Elite<\/div><div class=\"car-rental-item-title underline full-width\" data-no-auto-translation=\"\"><a class=\"primary_color\" href=\"https:\/\/marbellarentacar.es\/es\/2\/alquilar-un-skoda-rapid-1-6-tdi\/\" title=\"Ver Coche\">Skoda Rapid 1.6 TDI<\/a><\/div><div class=\"car-rental-item-prefix primary_color\">d\u00eda Desde<\/div><div class=\"car-rental-item-price primary_color\">36\u20ac<\/div><\/div><\/div><div> <!-- car-rental-item-image 1 --> <div class=\"car-rental-item-image\" ><a href=\"https:\/\/marbellarentacar.es\/es\/2\/alquilar-un-seat-leon\/\" title=\"Ver Coche\"><img decoding=\"async\" src=\"https:\/\/marbellarentacar.es\/wp-content\/uploads\/CarRentalGallery\/thumb_1518191889_seat-leon-Main.png\" title=\"Seat Le\u00f3n STW\" alt=\"Seat Le\u00f3n STW\"><\/a><\/div><div class=\"car-rental-item-details\"><div class=\"car-rental-slider-bodytype-title\">Compacto<\/div><div class=\"car-rental-item-title underline full-width\" data-no-auto-translation=\"\"><a class=\"primary_color\" href=\"https:\/\/marbellarentacar.es\/es\/2\/alquilar-un-seat-leon\/\" title=\"Ver Coche\">Seat Le\u00f3n STW<\/a><\/div><div class=\"car-rental-item-prefix primary_color\">d\u00eda Desde<\/div><div class=\"car-rental-item-price primary_color\">41\u20ac<\/div><\/div><\/div><div> <!-- car-rental-item-image 1 --> <div class=\"car-rental-item-image\" ><a href=\"https:\/\/marbellarentacar.es\/es\/2\/alquilar-un-opel-zafira\/\" title=\"Ver Coche\"><img decoding=\"async\" src=\"https:\/\/marbellarentacar.es\/wp-content\/uploads\/CarRentalGallery\/thumb_1518193006_Opel-Zafira-Main.png\" title=\"Opel Zafira\" alt=\"Opel Zafira\"><\/a><\/div><div class=\"car-rental-item-details\"><div class=\"car-rental-slider-bodytype-title\">Intermedio<\/div><div class=\"car-rental-item-title underline full-width\" data-no-auto-translation=\"\"><a class=\"primary_color\" href=\"https:\/\/marbellarentacar.es\/es\/2\/alquilar-un-opel-zafira\/\" title=\"Ver Coche\">Opel Zafira<\/a><\/div><div class=\"car-rental-item-prefix primary_color\">d\u00eda Desde<\/div><div class=\"car-rental-item-price primary_color\">84\u20ac<\/div><\/div><\/div><div> <!-- car-rental-item-image 1 --> <div class=\"car-rental-item-image\" ><a href=\"https:\/\/marbellarentacar.es\/es\/2\/alquilar-un-volkswagen-touran\/\" title=\"Ver Coche\"><img decoding=\"async\" src=\"https:\/\/marbellarentacar.es\/wp-content\/uploads\/CarRentalGallery\/thumb_1518003549_Volkswagen-TOURAN-Main.png\" title=\"Volkswagen Touran\" alt=\"Volkswagen Touran\"><\/a><\/div><div class=\"car-rental-item-details\"><div class=\"car-rental-slider-bodytype-title\">Intermedio<\/div><div class=\"car-rental-item-title underline full-width\" data-no-auto-translation=\"\"><a class=\"primary_color\" href=\"https:\/\/marbellarentacar.es\/es\/2\/alquilar-un-volkswagen-touran\/\" title=\"Ver Coche\">Volkswagen Touran<\/a><\/div><div class=\"car-rental-item-prefix primary_color\">d\u00eda Desde<\/div><div class=\"car-rental-item-price primary_color\">84\u20ac<\/div><\/div><\/div><div> <!-- car-rental-item-image 1 --> <div class=\"car-rental-item-image\" ><a href=\"https:\/\/marbellarentacar.es\/es\/2\/alquilar-un-seat-alhambra\/\" title=\"Ver Coche\"><img decoding=\"async\" src=\"https:\/\/marbellarentacar.es\/wp-content\/uploads\/CarRentalGallery\/thumb_1518193714_Seat-Alhambra-Main.png\" title=\"Seat Alhambra\" alt=\"Seat Alhambra\"><\/a><\/div><div class=\"car-rental-item-details\"><div class=\"car-rental-slider-bodytype-title\">Fullsize<\/div><div class=\"car-rental-item-title underline full-width\" data-no-auto-translation=\"\"><a class=\"primary_color\" href=\"https:\/\/marbellarentacar.es\/es\/2\/alquilar-un-seat-alhambra\/\" title=\"Ver Coche\">Seat Alhambra<\/a><\/div><div class=\"car-rental-item-prefix primary_color\">d\u00eda Desde<\/div><div class=\"car-rental-item-price primary_color\">87\u20ac<\/div><\/div><\/div><div> <!-- car-rental-item-image 1 --> <div class=\"car-rental-item-image\" ><a href=\"https:\/\/marbellarentacar.es\/es\/2\/alquilar-un-mercedes-vito\/\" title=\"Ver Coche\"><img decoding=\"async\" src=\"https:\/\/marbellarentacar.es\/wp-content\/uploads\/CarRentalGallery\/thumb_1620466017_Mercedes-Benz-Vito-Main.png\" title=\"Mercedes Vito\" alt=\"Mercedes Vito\"><\/a><\/div><div class=\"car-rental-item-details\"><div class=\"car-rental-slider-bodytype-title\">Est\u00e1ndar<\/div><div class=\"car-rental-item-title underline full-width\" data-no-auto-translation=\"\"><a class=\"primary_color\" href=\"https:\/\/marbellarentacar.es\/es\/2\/alquilar-un-mercedes-vito\/\" title=\"Ver Coche\">Mercedes Vito<\/a><\/div><div class=\"car-rental-item-prefix primary_color\">d\u00eda Desde<\/div><div class=\"car-rental-item-price primary_color\">88\u20ac<\/div><\/div><\/div><div> <!-- car-rental-item-image 1 --> <div class=\"car-rental-item-image\" ><a href=\"https:\/\/marbellarentacar.es\/es\/2\/alquilar-un-opel-vivaro\/\" title=\"Ver Coche\"><img decoding=\"async\" src=\"https:\/\/marbellarentacar.es\/wp-content\/uploads\/CarRentalGallery\/thumb_1518189950_opel-vivaro-Main.png\" title=\"Opel Vivaro\" alt=\"Opel Vivaro\"><\/a><\/div><div class=\"car-rental-item-details\"><div class=\"car-rental-slider-bodytype-title\">Est\u00e1ndar<\/div><div class=\"car-rental-item-title underline full-width\" data-no-auto-translation=\"\"><a class=\"primary_color\" href=\"https:\/\/marbellarentacar.es\/es\/2\/alquilar-un-opel-vivaro\/\" title=\"Ver Coche\">Opel Vivaro<\/a><\/div><div class=\"car-rental-item-prefix primary_color\">d\u00eda Desde<\/div><div class=\"car-rental-item-price primary_color\">88\u20ac<\/div><\/div><\/div><\/div>\n\t<\/div><\/div><script type=\"text\/javascript\">\njQuery(document).ready(function() {\n    var slider = jQuery(\".responsive-cars-slider\");\n    slider.slick({lazyLoad:\"ondemand\",dots: false,infinite: false,speed: 500,slidesToShow:  4,slidesToScroll: 2,autoplay: false,autoplaySpeed: 1000,prevArrow: \"\",nextArrow: \"\",       \n        responsive: [{breakpoint: 1280,settings: {slidesToShow: 3,slidesToScroll: 1}},{breakpoint: 768,settings: {slidesToShow: 2,slidesToScroll: 1}},{breakpoint: 420,settings: {slidesToShow: 1,slidesToScroll: 1}}]});});\n<\/script>\n\n\t\t<\/div>\n\t<\/div>\n<\/div><\/div><\/div><\/div><div class=\"vc_row wpb_row vc_row-fluid justify vc_custom_1663927032960\"><div class=\"wpb_column vc_column_container vc_col-sm-6\"><div class=\"vc_column-inner\"><div class=\"wpb_wrapper\">\n\t<div class=\"wpb_text_column wpb_content_element\" >\n\t\t<div class=\"wpb_wrapper\">\n\t\t\t<h2><strong>Consejos para alquilar un coche en el aeropuerto<\/strong><\/h2>\n<p>Si desea alquilar un coche en el Aeropuerto de Malaga, hay algunas cosas que debe tener en cuenta. No querr\u00e1 esperar demasiado y arriesgarse a perder su vuelo, pero tambi\u00e9n debe tener cuidado de no perder su cita de alquiler de coches.<\/p>\n<p>Antes de dirigirse a la zona de alquiler de coches, aseg\u00farese de saber ad\u00f3nde tiene que ir y de tener una idea general de cu\u00e1nto tardar\u00e1 en llegar. Si tienes tiempo, tambi\u00e9n puedes buscar la ruta en Internet con antelaci\u00f3n.<\/p>\n<blockquote><p>\nTambi\u00e9n disponemos de alquiler de coches autom\u00e1ticos M\u00e1laga aeropuerto\n<\/p><\/blockquote>\n<p>Compruebe tambi\u00e9n el horario de alquiler de coches en el aeropuerto. Algunas empresas de alquiler de coches pueden cerrar sus mostradores antes de tiempo, por lo que es posible que tengas que llegar al aeropuerto un poco antes de lo que esperas.<\/p>\n\n\t\t<\/div>\n\t<\/div>\n<\/div><\/div><\/div><div class=\"wpb_column vc_column_container vc_col-sm-6\"><div class=\"vc_column-inner\"><div class=\"wpb_wrapper\">\n\t<div class=\"wpb_text_column wpb_content_element\" >\n\t\t<div class=\"wpb_wrapper\">\n\t\t\t<h2><strong>Conclusi\u00f3n<\/strong><\/h2>\n<p>Alquilar un coche es una gran manera de explorar M\u00e1laga, Espa\u00f1a y otras ciudades de la zona. No querr\u00e1s depender del transporte p\u00fablico, especialmente si est\u00e1s intentando ver lo m\u00e1ximo posible durante tu viaje.<\/p>\n<p>Aseg\u00farese de estar preparado antes de dirigirse al mostrador de alquiler de coches. Querr\u00e1s echar un vistazo al coche y asegurarte de que es el adecuado para ti.<\/p>\n<p>Tambi\u00e9n querr\u00e1 asegurarse de que alquila en la empresa adecuada. Aseg\u00farese tambi\u00e9n de que alquila a la hora correcta. Algunas empresas de alquiler de coches cierran temprano o tienen horarios especiales en determinados d\u00edas.<\/p>\n<p>Ahora que sabe m\u00e1s sobre el alquiler de coches en el Aeropuerto de M\u00e1laga, puede tomar una decisi\u00f3n informada.<\/p>\n<p>Con un coche, puede explorar la zona como un lugare\u00f1o, saliendo de la ruta tur\u00edstica y viendo los lugares que m\u00e1s le interesan, con el alquiler de coches en el aeropuerto de M\u00e1laga de ida y vuelta.<\/p>\n\n\t\t<\/div>\n\t<\/div>\n<\/div><\/div><\/div><\/div><div class=\"vc_row wpb_row vc_row-fluid vc_custom_1663927635726\"><div class=\"wpb_column vc_column_container vc_col-sm-12\"><div class=\"vc_column-inner\"><div class=\"wpb_wrapper\"><div class=\"vc_message_box vc_message_box-standard vc_message_box-rounded vc_color-info vc_do_message\" ><div class=\"vc_message_box-icon\"><i class=\"fa fa-solid fa-circle-info\"><\/i><\/div><p>Para cualquier pregunta o duda puede <strong><a href=\"https:\/\/marbellarentacar.es\/es\/contacto\/\">Contacto<\/a><\/strong>los precios que figuran en el sitio web son diferentes de los de nuestro <strong><a href=\"https:\/\/marbellarentacar.es\/es\/ubicacione\/\">oficinas<\/a><\/strong> o socios, no deje de visitar <strong><a href=\"https:\/\/marbellarentacar.es\/es\/nuestra-flota\/\">nuestra flota<\/a> <\/strong>secci\u00f3n.<\/p>\n<\/div><\/div><\/div><\/div><\/div><div class=\"vc_row wpb_row vc_row-fluid\"><div class=\"wpb_column vc_column_container vc_col-sm-12 vc_hidden-lg vc_hidden-md\"><div class=\"vc_column-inner\"><div class=\"wpb_wrapper\">\n\t<div class=\"wpb_text_column wpb_content_element\" >\n\t\t<div class=\"wpb_wrapper\">\n\t\t\t<h3 style=\"text-align: center;\"><a href=\"#bokking\">Reserve su coche aqu\u00ed<\/a><\/h3>\n\n\t\t<\/div>\n\t<\/div>\n<\/div><\/div><\/div><\/div><div class=\"vc_row wpb_row vc_row-fluid\"><div class=\"wpb_column vc_column_container vc_col-sm-12\"><div class=\"vc_column-inner\"><div class=\"wpb_wrapper\"><div id=\"ultimate-heading-237369f4d4e766599\" class=\"uvc-heading ult-adjust-bottom-margin ultimate-heading-237369f4d4e766599 uvc-7082\" data-hspacer=\"no_spacer\"  data-halign=\"center\" style=\"text-align:center\"><div class=\"uvc-heading-spacer no_spacer\" style=\"top\"><\/div><div class=\"uvc-main-heading ult-responsive\"  data-ultimate-target='.uvc-heading.ultimate-heading-237369f4d4e766599 h2'  data-responsive-json-new='{\"font-size\":\"\",\"line-height\":\"\"}' ><h2 style=\"font-weight:normal;margin-bottom:15px;\">Comentarios sobre el alquiler de coches en el aeropuerto de M\u00e1laga<\/h2><\/div><div class=\"uvc-sub-heading ult-responsive\"  data-ultimate-target='.uvc-heading.ultimate-heading-237369f4d4e766599 .uvc-sub-heading '  data-responsive-json-new='{\"font-size\":\"\",\"line-height\":\"\"}'  style=\"font-weight:normal;margin-bottom:33px;\">Si est\u00e1 buscando alquiler de coches en M\u00e1laga y no est\u00e1 seguro de qu\u00e9 empresa es la m\u00e1s fiable, no deje de consultar nuestras opiniones, nuestros clientes son un fiel reflejo de nuestro trabajo.<\/div><\/div><\/div><\/div><\/div><div class=\"wpb_column vc_column_container vc_col-sm-6 vc_col-lg-offset-3 vc_col-lg-3\"><div class=\"vc_column-inner\"><div class=\"wpb_wrapper\">\n\t<div  class=\"wpb_single_image wpb_content_element vc_align_center wpb_content_element\">\n\t\t\n\t\t<figure class=\"wpb_wrapper vc_figure\">\n\t\t\t<a href=\"https:\/\/supple.live\/qx3dzWDXhJHdgaGq7\" target=\"_blank\" class=\"vc_single_image-wrapper   vc_box_border_grey\" rel=\"noopener\"><img decoding=\"async\" width=\"424\" height=\"188\" src=\"https:\/\/marbellarentacar.es\/wp-content\/uploads\/2022\/09\/google.png\" class=\"vc_single_image-img attachment-large\" alt=\"alquiler de coches aeropuerto de malaga opiniones\" title=\"alquiler de coches aeropuerto de malaga opiniones\" srcset=\"https:\/\/marbellarentacar.es\/wp-content\/uploads\/2022\/09\/google.png 424w, https:\/\/marbellarentacar.es\/wp-content\/uploads\/2022\/09\/google-300x133.png 300w\" sizes=\"(max-width: 424px) 100vw, 424px\" \/><\/a>\n\t\t<\/figure>\n\t<\/div>\n<\/div><\/div><\/div><div class=\"wpb_column vc_column_container vc_col-sm-6 vc_col-lg-3\"><div class=\"vc_column-inner\"><div class=\"wpb_wrapper\">\n\t<div  class=\"wpb_single_image wpb_content_element vc_align_center wpb_content_element\">\n\t\t\n\t\t<figure class=\"wpb_wrapper vc_figure\">\n\t\t\t<a href=\"https:\/\/www.trustpilot.com\/review\/marbellarentacar.es\" target=\"_blank\" class=\"vc_single_image-wrapper   vc_box_border_grey\"><img decoding=\"async\" width=\"424\" height=\"188\" src=\"https:\/\/marbellarentacar.es\/wp-content\/uploads\/2022\/09\/trustpilot.png\" class=\"vc_single_image-img attachment-large\" alt=\"alquiler de coches aeropuerto de malaga opiniones\" title=\"alquiler de coches aeropuerto de malaga opiniones\" srcset=\"https:\/\/marbellarentacar.es\/wp-content\/uploads\/2022\/09\/trustpilot.png 424w, https:\/\/marbellarentacar.es\/wp-content\/uploads\/2022\/09\/trustpilot-300x133.png 300w\" sizes=\"(max-width: 424px) 100vw, 424px\" \/><\/a>\n\t\t<\/figure>\n\t<\/div>\n<\/div><\/div><\/div><\/div><div class=\"vc_row wpb_row vc_row-fluid vc_custom_1663927635726\"><div class=\"wpb_column vc_column_container vc_col-sm-12 vc_col-lg-offset-3 vc_col-lg-6\"><div class=\"vc_column-inner\"><div class=\"wpb_wrapper\"><div class=\"vc_message_box vc_message_box-standard vc_message_box-rounded vc_color-success vc_do_message\" ><div class=\"vc_message_box-icon\"><i class=\"fas fa-pound-sign\"><\/i><\/div><p>Si lo m\u00e1s importante es tener un coche de alquiler barato en el aeropuerto de M\u00e1laga, no somos los m\u00e1s caros.<\/p>\n<\/div><\/div><\/div><\/div><\/div><div class=\"vc_row wpb_row vc_row-fluid\"><div class=\"wpb_column vc_column_container vc_col-sm-12\"><div class=\"vc_column-inner\"><div class=\"wpb_wrapper\"><div class=\"vc_btn3-container  BookingCarRental vc_btn3-center vc_do_btn\" ><a class=\"vc_general vc_btn3 vc_btn3-size-md vc_btn3-shape-rounded vc_btn3-style-flat vc_btn3-block vc_btn3-color-blue\" href=\"#bokking\" title=\"#bokking\">RESERVE SU COCHE AQU\u00cd<\/a><\/div><\/div><\/div><\/div><\/div><div class=\"vc_row wpb_row vc_row-fluid vc_custom_1686845062542\"><div class=\"wpb_column vc_column_container vc_col-sm-12\"><div class=\"vc_column-inner\"><div class=\"wpb_wrapper\">\n\t<div class=\"wpb_text_column wpb_content_element\" >\n\t\t<div class=\"wpb_wrapper\">\n\t\t\t<h2>Enlaces de inter\u00e9s:<\/h2>\n\n\t\t<\/div>\n\t<\/div>\n<div class=\"vc_separator wpb_content_element vc_separator_align_center vc_sep_width_100 vc_sep_border_width_4 vc_sep_pos_align_center vc_separator_no_text vc_sep_color_grey wpb_content_element  wpb_content_element\" ><span class=\"vc_sep_holder vc_sep_holder_l\"><span class=\"vc_sep_line\"><\/span><\/span><span class=\"vc_sep_holder vc_sep_holder_r\"><span class=\"vc_sep_line\"><\/span><\/span>\n<\/div>\n\t<div class=\"wpb_text_column wpb_content_element enlaces-columnas\" >\n\t\t<div class=\"wpb_wrapper\">\n\t\t\t<ul>\n<li>\n<h3 class=\"enlaces-h3\"><a href=\"https:\/\/www.malagaturismo.com\/\" target=\"_blank\" rel=\"noopener\">Ver la web de la Oficina de Turismo de M\u00e1laga<\/a><\/h3>\n<p>Esta es la web oficial de turismo de M\u00e1laga. Aqu\u00ed podr\u00e1 encontrar toda la informaci\u00f3n necesaria para su visita, como puntos de inter\u00e9s, eventos culturales, visitas disponibles, entre otros.<\/li>\n<li>\n<h3 class=\"enlaces-h3\"><a href=\"https:\/\/www.museopicassomalaga.org\/\" target=\"_blank\" rel=\"noopener\">Ver sitio web del Museo Picasso M\u00e1laga<\/a><\/h3>\n<p>P\u00e1gina oficial del Museo Picasso, uno de los principales destinos tur\u00edsticos de M\u00e1laga. Aqu\u00ed encontrar\u00e1 informaci\u00f3n sobre las exposiciones actuales, los horarios de apertura y las tarifas de entrada.<\/li>\n<li>\n<h3 class=\"enlaces-h3\"><a href=\"http:\/\/www.malagaturismo.com\/es\/recursos-turisticos\/detalle\/alcazaba\/6\" target=\"_blank\" rel=\"noopener\">Ver el sitio web de la Alcazaba y el Castillo de Gibralfaro<\/a><\/h3>\n<p>Esta p\u00e1gina contiene informaci\u00f3n sobre la Alcazaba y el Castillo de Gibralfaro, dos de los monumentos m\u00e1s emblem\u00e1ticos de la ciudad.<\/li>\n<li>\n<h3 class=\"enlaces-h3\"><a href=\"https:\/\/centrepompidou-malaga.eu\/\" target=\"_blank\" rel=\"noopener\">Ver sitio web del Centre Pompidou M\u00e1laga<\/a><\/h3>\n<p>Este es el sitio oficial del Centro Pompidou de M\u00e1laga, una extensi\u00f3n del famoso museo de arte moderno de Par\u00eds. Aqu\u00ed encontrar\u00e1 informaci\u00f3n sobre las exposiciones y eventos actuales.<\/li>\n<li>\n<h3 class=\"enlaces-h3\"><a href=\"https:\/\/www.malagahoy.es\/\" target=\"_blank\" rel=\"noopener\">Ver sitio web de M\u00e1laga Hoy<\/a><\/h3>\n<p>M\u00e1laga Hoy es un peri\u00f3dico local que puede ser \u00fatil para mantenerse al d\u00eda de los acontecimientos y noticias locales.<\/li>\n<li>\n<h3 class=\"enlaces-h3\"><a href=\"https:\/\/www.lonelyplanet.com\/spain\/andalucia\/malaga\" target=\"_blank\" rel=\"noopener\">Ver sitio web de Lonely Planet M\u00e1laga<\/a><\/h3>\n<p>Lonely Planet es un recurso \u00fatil para cualquier turista, ya que ofrece una visi\u00f3n general de los principales puntos de inter\u00e9s, restaurantes, hoteles y mucho m\u00e1s.<\/li>\n<li>\n<h3 class=\"enlaces-h3\"><a href=\"https:\/\/www.andalucia.org\/es\/malaga\" target=\"_blank\" rel=\"noopener\">Ver sitio web de Andaluc\u00eda.org M\u00e1laga<\/a><\/h3>\n<p>Un recurso oficial de la Junta de Andaluc\u00eda con mucha informaci\u00f3n \u00fatil sobre viajes y turismo en toda la regi\u00f3n, incluida M\u00e1laga.<\/li>\n<\/ul>\n\n\t\t<\/div>\n\t<\/div>\n<div class=\"vc_separator wpb_content_element vc_separator_align_center vc_sep_width_100 vc_sep_border_width_4 vc_sep_pos_align_center vc_separator_no_text vc_sep_color_grey wpb_content_element  wpb_content_element\" ><span class=\"vc_sep_holder vc_sep_holder_l\"><span class=\"vc_sep_line\"><\/span><\/span><span class=\"vc_sep_holder vc_sep_holder_r\"><span class=\"vc_sep_line\"><\/span><\/span>\n<\/div><\/div><\/div><\/div><\/div>\n<\/div>","protected":false},"excerpt":{"rendered":"Alquiler de Coches en el Aeropuerto de Malaga Como Alquilar un Coche en el Aeropuerto de Malaga: Lo que necesita saber La primera vez que oiga hablar del alquiler de coches en el aeropuerto de M\u00e1laga, probablemente pensar\u00e1 en alg\u00fan tipo de lujo caro. Pero no siempre es as\u00ed. De hecho, puede ser una alternativa asequible y de ahorro a otros modos de transporte. Si [...]","protected":false},"author":1,"featured_media":10426,"parent":0,"menu_order":0,"comment_status":"closed","ping_status":"closed","template":"","meta":{"_joinchat":[],"footnotes":""},"class_list":["post-9501","page","type-page","status-publish","has-post-thumbnail"],"_links":{"self":[{"href":"https:\/\/marbellarentacar.es\/es\/wp-json\/wp\/v2\/pages\/9501","targetHints":{"allow":["GET"]}}],"collection":[{"href":"https:\/\/marbellarentacar.es\/es\/wp-json\/wp\/v2\/pages"}],"about":[{"href":"https:\/\/marbellarentacar.es\/es\/wp-json\/wp\/v2\/types\/page"}],"author":[{"embeddable":true,"href":"https:\/\/marbellarentacar.es\/es\/wp-json\/wp\/v2\/users\/1"}],"replies":[{"embeddable":true,"href":"https:\/\/marbellarentacar.es\/es\/wp-json\/wp\/v2\/comments?post=9501"}],"version-history":[{"count":0,"href":"https:\/\/marbellarentacar.es\/es\/wp-json\/wp\/v2\/pages\/9501\/revisions"}],"wp:featuredmedia":[{"embeddable":true,"href":"https:\/\/marbellarentacar.es\/es\/wp-json\/wp\/v2\/media\/10426"}],"wp:attachment":[{"href":"https:\/\/marbellarentacar.es\/es\/wp-json\/wp\/v2\/media?parent=9501"}],"curies":[{"name":"wp","href":"https:\/\/api.w.org\/{rel}","templated":true}]}}