{"id":9499,"date":"2019-08-10T14:47:15","date_gmt":"2019-08-10T12:47:15","guid":{"rendered":"https:\/\/marbellarentacar.es\/?page_id=9499"},"modified":"2023-06-20T17:23:54","modified_gmt":"2023-06-20T15:23:54","slug":"alquiler-de-coches-en-malaga","status":"publish","type":"page","link":"https:\/\/marbellarentacar.es\/es\/alquiler-de-coches-en-malaga\/","title":{"rendered":"Gu\u00eda completa de alquiler de coches en M\u00e1laga"},"content":{"rendered":"<div class=\"wpb-content-wrapper\"><div class=\"vc_row wpb_row vc_row-fluid\"><div class=\"wpb_column vc_column_container vc_col-sm-12\"><div class=\"vc_column-inner\"><div class=\"wpb_wrapper\">\n\t<div class=\"wpb_text_column wpb_content_element center\" >\n\t\t<div class=\"wpb_wrapper\">\n\t\t\t<p>\u00bfEst\u00e1 planeando un viaje a M\u00e1laga, la joya de la Costa del Sol, y se pregunta cu\u00e1les son las mejores opciones para alquilar un coche en M\u00e1laga? En esta entrada del blog, le daremos una visi\u00f3n general de este servicio crucial. Al final, sabr\u00e1 todo lo que necesita para tomar una decisi\u00f3n informada. Adentr\u00e9monos en el mundo del alquiler de coches en M\u00e1laga.<\/p>\n<p>Conocer las distintas opciones de alquiler de coches en M\u00e1laga es crucial para garantizar que su visita sea lo m\u00e1s fluida y agradable posible. Desde el tipo de veh\u00edculo que se adapta a sus necesidades, los mejores lugares de recogida, hasta la comprensi\u00f3n de las normas de conducci\u00f3n locales, cada detalle importa.<\/p>\n<p>A medida que contin\u00fae leyendo, descubrir\u00e1 los mejores consejos, trucos e informaci\u00f3n importante sobre el alquiler de coches en M\u00e1laga que le permitir\u00e1n tomar la mejor decisi\u00f3n para sus necesidades de viaje \u00fanicas.<\/p>\n\n\t\t<\/div>\n\t<\/div>\n<\/div><\/div><\/div><\/div><div class=\"vc_row wpb_row vc_row-fluid\"><div class=\"wpb_column vc_column_container vc_col-sm-12\"><div class=\"vc_column-inner\"><div class=\"wpb_wrapper\">\n\t<div class=\"wpb_text_column wpb_content_element\" >\n\t\t<div class=\"wpb_wrapper\">\n\t\t\t    <script type=\"text\/javascript\">\n        jQuery(document).ready(function () {\n            var unavailableDates = [];\n            var autofocus = 1;\n            var select2 = 1;\n\n            function unavailable(date) {\n                var ymd = date.getFullYear() + \"-\" + (\"0\" + (date.getMonth() + 1)).slice(-2) + \"-\" + (\"0\" + date.getDate()).slice(-2);\n                var day = new Date(ymd).getDay();\n                if (jQuery.inArray(ymd, unavailableDates) < 0) {\n                    return [true, \"enabled\", \"\"];\n                } else {\n                    return [false, \"disabled\", \"Cerrado\"];\n                }\n            }\n\n            var monthsToShow = 1;\n            var windowWidth = jQuery(window).width();\n            if (windowWidth > 767) {\n                monthsToShow = 2;\n            }\n            var pickUpDateField = jQuery('.pickup-date');\n\n            pickUpDateField.datepicker({\n                minDate: \"+0D\",\n                maxDate: \"+730D\",\n                dateFormat: 'dd\/mm\/yy',\n                firstDay: 1,\n                beforeShowDay: unavailable,\n                numberOfMonths: monthsToShow,\n                onSelect: function (selected) {\n                    var date = jQuery(this).datepicker('getDate');\n                    if (date) {\n                        date.setDate(date.getDate());\n                    }\n                    jQuery('.return-date').datepicker(\"option\", \"minDate\", date);\n                    if (autofocus == 1 && select2 == 1) {\n                        jQuery('select.pickup-time').select2('open');\n                    }\n                },\n                beforeShow: function (input, inst) {\n                    if (autofocus == 1) {\n                        setTimeout(function () {\n                            inst.dpDiv.css({\n                                top: pickUpDateField.offset().top + 35,\n                                left: pickUpDateField.offset().left\n                            });\n                        }, 0);\n                    }\n                }\n            });\n            var returnDateField = jQuery('.return-date');\n            returnDateField.datepicker({\n                minDate: 0,\n                beforeShowDay: unavailable,\n                maxDate: \"+730D\",\n                numberOfMonths: monthsToShow,\n                dateFormat: 'dd\/mm\/yy',\n                firstDay: 1,\n                onSelect: function (selected) {\n                    jQuery('.pickup-date').datepicker(\"option\", \"maxDate\", selected);\n                    if (autofocus == 1 && select2 == 1) {\n                        jQuery('.return-time').select2('open');\n                    }\n                },\n                beforeShow: function (input, inst) {\n                    if (autofocus == 1) {\n                        setTimeout(function () {\n                            inst.dpDiv.css({\n                                top: returnDateField.offset().top + 35,\n                                left: returnDateField.offset().left\n                            });\n                        }, 0);\n                    }\n                }\n            });\n            jQuery('.pickup-date-datepicker').click(function () {\n                jQuery('.pickup-date').datepicker('show');\n            });\n            jQuery('.return-date-datepicker').click(function () {\n                jQuery('.return-date').datepicker('show');\n            });\n\n            jQuery('.car-rental-do-search').click(function () {\n                var objBookingCode = jQuery('.booking-code');\n                var objCouponCode = jQuery('.coupon-code');\n                var objPickupLocation = jQuery('.pickup-location');\n                var objReturnLocation = jQuery('.return-location');\n                var objPickupDate = jQuery('.pickup-date');\n                var objReturnDate = jQuery('.return-date');\n                var objBookingPeriod = jQuery('.booking-period');\n\n                var bookingCode = \"\";\n                var couponCode = \"SKIP\";\n                var pickupLocationId = \"SKIP\";\n                var returnLocationId = \"SKIP\";\n                var pickupDate = \"SKIP\";\n                var returnDate = \"SKIP\";\n                var bookingPeriod = \"SKIP\";\n\n\t\t\t\t\n\t\t\t\t\n\t\t\t\t                if (objPickupLocation.length) {\n                    pickupLocationId = objPickupLocation.val();\n                }\n\t\t\t\t\n\t\t\t\t                if (objReturnLocation.length) {\n                    returnLocationId = objReturnLocation.val();\n                }\n\t\t\t\t\n\t\t\t\t                if (objPickupDate.length) {\n                    pickupDate = objPickupDate.val();\n                }\n\t\t\t\t\n\t\t\t\t                if (objReturnDate.length) {\n                    returnDate = objReturnDate.val();\n                }\n\t\t\t\t\n\t\t\t\t                if (objBookingPeriod.length) {\n                    bookingPeriod = objBookingPeriod.val();\n                }\n\t\t\t\t                \/\/alert('bookingCode[len]:' + objBookingCode.length + ', bookingCode[val]:' + bookingCode);\n\n                if (bookingCode != \"\" && bookingCode != \"Tengo un n\u00famero de reserva:\") {\n                    return true;\n                } else if (couponCode == \"\" || couponCode == \"Tengo c\u00f3digo de cup\u00f3n:\") {\n                    alert('\u00a1Por favor, ingrese el c\u00f3digo de cup\u00f3n!');\n                    return false;\n                } else if (pickupLocationId == 0) {\n                    alert('Por favor, seleccione el lugar de encuentro!');\n                    return false;\n                } else if (returnLocationId == 0) {\n                    alert('Por favor, seleccione el lugar de Devoluci\u00f3n!');\n                    return false;\n                } else if (pickupDate == \"\" || pickupDate == \"Fecha:\") {\n                    alert('Por favor, Ingrese la fecha de Llegada!');\n                    return false;\n                } else if (returnDate == \"\" || returnDate == \"Fecha:\") {\n                    alert('Por favor, Ingrese la Fecha de Salida!');\n                    return false;\n                } else if (bookingPeriod == \"\") {\n                    alert('Por favor, Ingrese la Fecha de Salida!');\n                    return false;\n                } else {\n                    return true;\n                }\n            });\n        });\n    <\/script><!--CAMBIO 365-->\n    <div class=\"row search_form_row step1\" id=\"search_form\">\n        <!--  \/wp-content\/themes\/wp-car-rental\/Extensions\/CarRental\/Templates\/Front\/Booking\/template.Step1ItemsSearchForm.php -->\n        <!-- formElem 105  -->\n\t\t        <!-- <form id=\"formElem\" name=\"formElem\" action=\"< php echo $currentLang;  >\/proceso-de-reserva\/\" method=\"post\"> -->\n        <!-- < php print($actionPageURL);\n\t\t$findme = \"app\";\n\t\t$pos = strpos($actionPageURL, $findme);\n\t\tif ($pos === false) {\n\t\t\techo \"La cadena '$findme' no fue encontrada en la cadena '$actionPageURL'\";\n\t\t} else {\n\t\t\techo \"La cadena '$findme' fue encontrada en la cadena '$actionPageURL'\";\n\t\t\techo \" y existe en la posici\u00f3n $pos\";\n\t\t}\n\t\t > -->\n\t\t\t\t        <form id=\"formElem\" name=\"formElem\" action=\"\/es\/booking-process\/\" method=\"post\" class=\"no_translate\" data-no-auto-translation=\"\" data-trp-original-action=\"\/es\/booking-process\">\n            <div class=\"col-sm-12 col-md-10\">\n                <div class=\"row\">\n                    <div class=\"col-sm-6\">\n\t\t\t\t\t\t                            <span class=\"form_title\">Recogida Informaci\u00f3n<\/span>\n\t\t\t\t\t\t\t                                <select name=\"pickup_location_id\" class=\"form-control pickup-location home-select\">\n                                    <!-- pickupDropDownOptions ADD5 -->\n\t\t\t\t\t\t\t\t\t<option value=\"0\" selected=\"selected\">Ciudad de Recogida y Ubicaci\u00f3n:<\/option><option value=\"1\">1. M\u00e1laga Airport<\/option><option value=\"2\">2. Marbella<\/option><option value=\"3\">3. Gibraltar, La L\u00ednea de la Concepci\u00f3n<\/option><option value=\"4\">4. M\u00e1laga Railway Station<\/option><option value=\"5\">5. Torremolinos<\/option><option value=\"6\">6. Benalm\u00e1dena<\/option><option value=\"7\">7. Fuengirola<\/option><option value=\"8\">8. Mijas<\/option><option value=\"11\">9. Torre del Mar<\/option><option value=\"13\">10. Nerja<\/option><option value=\"14\">11. Estepona<\/option><option value=\"15\">12. Benahavis<\/option><option value=\"16\">13. Algeciras<\/option><option value=\"28\">14. Sotogrande<\/option><option value=\"29\">15. Tarifa<\/option><option value=\"9\">16. M\u00e1laga Downtown<\/option>                                    <!-- \/pickupdropdownoptions ADD5 -->\n                                <\/select>\n\t\t\t\t\t\t\t\t\t\t\t\t\t\t\t\t\t\t\t                            <div class=\"row\">\n                                <div class=\"col-xs-7 col-sm-8 date\">\n                                    <input type=\"text\" name=\"pickup_date\" value=\"Fecha:\"\n                                           class=\"pickup-date\"\n                                           readonly=\"readonly\" autocomplete=\"off\"\/>\n                                <\/div>\n                                <div class=\"col-xs-5 col-sm-4 time\">\n                                    <select name=\"pickup_time\" class=\"pickup-time\">\n\t\t\t\t\t\t\t\t\t\t<option value=\"00:00:00\">00:00<\/option><option value=\"00:30:00\">00:30<\/option><option value=\"01:00:00\">01:00<\/option><option value=\"01:30:00\">01:30<\/option><option value=\"02:00:00\">02:00<\/option><option value=\"02:30:00\">02:30<\/option><option value=\"03:00:00\">03:00<\/option><option value=\"03:30:00\">03:30<\/option><option value=\"04:00:00\">04:00<\/option><option value=\"04:30:00\">04:30<\/option><option value=\"05:00:00\">05:00<\/option><option value=\"05:30:00\">05:30<\/option><option value=\"06:00:00\">06:00<\/option><option value=\"06:30:00\">06:30<\/option><option value=\"07:00:00\">07:00<\/option><option value=\"07:30:00\">07:30<\/option><option value=\"08:00:00\">08:00<\/option><option value=\"08:30:00\">08:30<\/option><option value=\"09:00:00\">09:00<\/option><option value=\"09:30:00\">09:30<\/option><option value=\"10:00:00\">10:00<\/option><option value=\"10:30:00\">10:30<\/option><option value=\"11:00:00\">11:00<\/option><option value=\"11:30:00\">11:30<\/option><option value=\"12:00:00\" selected=\"selected\">12:00<\/option><option value=\"12:30:00\">12:30<\/option><option value=\"13:00:00\">13:00<\/option><option value=\"13:30:00\">13:30<\/option><option value=\"14:00:00\">14:00<\/option><option value=\"14:30:00\">14:30<\/option><option value=\"15:00:00\">15:00<\/option><option value=\"15:30:00\">15:30<\/option><option value=\"16:00:00\">16:00<\/option><option value=\"16:30:00\">16:30<\/option><option value=\"17:00:00\">17:00<\/option><option value=\"17:30:00\">17:30<\/option><option value=\"18:00:00\">18:00<\/option><option value=\"18:30:00\">18:30<\/option><option value=\"19:00:00\">19:00<\/option><option value=\"19:30:00\">19:30<\/option><option value=\"20:00:00\">20:00<\/option><option value=\"20:30:00\">20:30<\/option><option value=\"21:00:00\">21:00<\/option><option value=\"21:30:00\">21:30<\/option><option value=\"22:00:00\">22:00<\/option><option value=\"22:30:00\">22:30<\/option><option value=\"23:00:00\">23:00<\/option><option value=\"23:30:00\">23:30<\/option>                                    <\/select>\n                                <\/div>\n                            <\/div>\n\t\t\t\t\t\t                    <\/div>\n\t\t\t\t\t                        <div class=\"col-sm-6\">\n                            <span class=\"form_title fix_margin\">Devoluci\u00f3n Informaci\u00f3n<\/span>\n\t\t\t\t\t\t\t                                <select name=\"return_location_id\" class=\"form-control return-location home-select\">\n\t\t\t\t\t\t\t\t\t<option value=\"0\" selected=\"selected\">Ciudad de Devoluci\u00f3n y Ubicaci\u00f3n:<\/option><option value=\"1\">1. M\u00e1laga Airport<\/option><option value=\"2\">2. Marbella<\/option><option value=\"3\">3. Gibraltar, La L\u00ednea de la Concepci\u00f3n<\/option><option value=\"4\">4. M\u00e1laga Railway Station<\/option><option value=\"5\">5. Torremolinos<\/option><option value=\"6\">6. Benalm\u00e1dena<\/option><option value=\"7\">7. Fuengirola<\/option><option value=\"8\">8. Mijas<\/option><option value=\"11\">9. Torre del Mar<\/option><option value=\"13\">10. Nerja<\/option><option value=\"14\">11. Estepona<\/option><option value=\"15\">12. Benahavis<\/option><option value=\"16\">13. Algeciras<\/option><option value=\"28\">14. Sotogrande<\/option><option value=\"29\">15. Tarifa<\/option><option value=\"9\">16. M\u00e1laga Downtown<\/option>                                <\/select>\n\t\t\t\t\t\t\t                        <\/div>\n\t\t\t\t\t\t\t\t\t\t                        <div class=\"col-sm-6\">\n                            <div class=\"row\">\n\t\t\t\t\t\t\t\t                                    <div class=\"col-xs-7 col-sm-8 date\">\n                                        <input type=\"text\" name=\"return_date\" class=\"return-date\"\n                                               value=\"Fecha:\"\n                                               readonly=\"readonly\" autocomplete=\"off\"\/>\n                                    <\/div>\n                                    <div class=\"col-xs-5 col-sm-4 time\">\n                                        <select name=\"return_time\" class=\"return-time\">\n\t\t\t\t\t\t\t\t\t\t\t<option value=\"00:00:00\">00:00<\/option><option value=\"00:30:00\">00:30<\/option><option value=\"01:00:00\">01:00<\/option><option value=\"01:30:00\">01:30<\/option><option value=\"02:00:00\">02:00<\/option><option value=\"02:30:00\">02:30<\/option><option value=\"03:00:00\">03:00<\/option><option value=\"03:30:00\">03:30<\/option><option value=\"04:00:00\">04:00<\/option><option value=\"04:30:00\">04:30<\/option><option value=\"05:00:00\">05:00<\/option><option value=\"05:30:00\">05:30<\/option><option value=\"06:00:00\">06:00<\/option><option value=\"06:30:00\">06:30<\/option><option value=\"07:00:00\">07:00<\/option><option value=\"07:30:00\">07:30<\/option><option value=\"08:00:00\">08:00<\/option><option value=\"08:30:00\">08:30<\/option><option value=\"09:00:00\">09:00<\/option><option value=\"09:30:00\">09:30<\/option><option value=\"10:00:00\">10:00<\/option><option value=\"10:30:00\">10:30<\/option><option value=\"11:00:00\">11:00<\/option><option value=\"11:30:00\">11:30<\/option><option value=\"12:00:00\" selected=\"selected\">12:00<\/option><option value=\"12:30:00\">12:30<\/option><option value=\"13:00:00\">13:00<\/option><option value=\"13:30:00\">13:30<\/option><option value=\"14:00:00\">14:00<\/option><option value=\"14:30:00\">14:30<\/option><option value=\"15:00:00\">15:00<\/option><option value=\"15:30:00\">15:30<\/option><option value=\"16:00:00\">16:00<\/option><option value=\"16:30:00\">16:30<\/option><option value=\"17:00:00\">17:00<\/option><option value=\"17:30:00\">17:30<\/option><option value=\"18:00:00\">18:00<\/option><option value=\"18:30:00\">18:30<\/option><option value=\"19:00:00\">19:00<\/option><option value=\"19:30:00\">19:30<\/option><option value=\"20:00:00\">20:00<\/option><option value=\"20:30:00\">20:30<\/option><option value=\"21:00:00\">21:00<\/option><option value=\"21:30:00\">21:30<\/option><option value=\"22:00:00\">22:00<\/option><option value=\"22:30:00\">22:30<\/option><option value=\"23:00:00\">23:00<\/option><option value=\"23:30:00\">23:30<\/option>                                        <\/select>\n                                    <\/div>\n\t\t\t\t\t\t\t\t                            <\/div>\n                        <\/div>\n\t\t\t\t\t\t\t\t\t\t\t\t\t\t\t                <\/div>\n            <\/div>\n            <div class=\"col-xs-12 col-md-2\">\n                <input type=\"hidden\" name=\"car_rental_came_from_step1\" value=\"yes\"\/>\n\t\t\t\t\t\t\t\t\t<input type=\"submit\" name=\"car_rental_do_search\" value=\"Buscar\" class=\"car-rental-do-search\" \/>\t\t\t\t            <\/div>\n        <input type=\"hidden\" name=\"trp-form-language\" value=\"es\"\/><\/form>\n\n\n    <\/div>\n    <!--  CANCEL_BOOKING 1 -->\n    <!--  \/CANCEL_BOOKING 1 -->\n    <script type=\"text\/javascript\">\n        jQuery(document).ready(function () {\n            var locationsSelect2 = '1';\n            var filtersSelect2 = '1';\n            var timeSelect2 = '1';\n            var durationSelect2 = '1';\n            var priceCalculationType = '1';\n            var nrsAutoFocus = '1';\n            var returnLocation = '1';\n            var returnDate = '1';\n            initilizeSelect2(locationsSelect2, filtersSelect2, timeSelect2, durationSelect2, priceCalculationType, nrsAutoFocus, returnLocation, returnDate);\n            SetSubmitButtonHeight();\n        });\n        jQuery(window).resize(function () {\n            SetSubmitButtonHeight();\n        });\n\n        function initilizeSelect2(locationsS2, filtersS2, timeS2, durationS2, priceType, autoFocus, returnLocation, returnDate) {\n            if (locationsS2 == 1) {\n                jQuery(\"select[name='pickup_location_id']\").select2(\n                    {\n                        language: {\n                            \"noResults\": function () {\n                                return \"No location was not found, please can contact us to request custom pricing.\";\n                            }\n                        }\n                    }\n                ).on('select2:select', function () {\n                    autoFocus == 1 ? jQuery('.pickup-date').focus() : '';\n                });\n                jQuery(\"select[name='return_location_id']\").select2(\n                    {\n                        language: {\n                            \"noResults\": function () {\n                                return \"No location was not found, please can contact us to request custom pricing.\";\n                            }\n                        }\n                    }\n                ).on('select2:select', function () {\n                    if (autoFocus == 1 && returnDate == 1) {\n                        if (priceType == 2 && durationS2) {\n                            jQuery('.booking-period').select2('open');\n                        } else {\n                            jQuery('.return-date').focus();\n                        }\n                    }\n                });\n            }\n            if (filtersS2 == 1) {\n                jQuery(\"select[name='partner_id']\").select2();\n                jQuery(\"select[name='manufacturer_id']\").select2();\n                jQuery(\"select[name='body_type_id']\").select2();\n                jQuery(\"select[name='transmission_type_id']\").select2();\n                jQuery(\"select[name='fuel_type_id']\").select2();\n            }\n            if (timeS2 == 1) {\n                jQuery(\"select[name='pickup_time']\").select2(\n                    {\n                        language: {\n                            \"noResults\": function () {\n                                return \"Invalid time format, or not available.\";\n                            }\n                        }\n                    }\n                ).on('select2:select', function () {\n                    if (autoFocus == 1) {\n                        if (returnLocation && locationsS2 == 1) {\n                            jQuery('.return-location').select2('open');\n                        } else if (returnDate == 1) {\n                            if (priceType == 2 && durationS2 == 1) {\n                                jQuery('.booking-period').select2('open');\n                            } else {\n                                jQuery('.return-date').focus();\n                            }\n                        }\n                    }\n                });\n                jQuery(\"select[name='return_time']\").select2(\n                    {\n                        language: {\n                            \"noResults\": function () {\n                                return \"Invalid time format, or not available.\";\n                            }\n                        }\n                    }\n                );\n            }\n            if (durationS2 == 1) {\n                jQuery(\"select[name='booking_period']\").select2();\n            }\n        }\n\n        function SetSubmitButtonHeight() {\n            jQuery('.car-rental-do-search').css('height', '0').css('height', (jQuery('.search_form_row').height() - 35) + 'px');\n        }\n    <\/script>\n\n\n\t\t<\/div>\n\t<\/div>\n<\/div><\/div><\/div><\/div><div class=\"vc_row wpb_row vc_row-fluid\"><div class=\"wpb_column vc_column_container vc_col-sm-12\"><div class=\"vc_column-inner\"><div class=\"wpb_wrapper\">\n\t<div class=\"wpb_text_column wpb_content_element\" >\n\t\t<div class=\"wpb_wrapper\">\n\t\t\t<div class=\"navigation\"><div class=\"car-rental-slider car-rental-loading\"><div class=\"responsive-cars-slider\"><div> <!-- car-rental-item-image 1 --> <div class=\"car-rental-item-image\" ><a href=\"https:\/\/marbellarentacar.es\/es\/2\/alquilar-seat-mii\/\" title=\"Ver Coche\"><img decoding=\"async\" src=\"https:\/\/marbellarentacar.es\/wp-content\/uploads\/CarRentalGallery\/thumb_1518181276_seat-mii-Main.png\" title=\"Seat Mii\" alt=\"Seat Mii\"><\/a><\/div><div class=\"car-rental-item-details\"><div class=\"car-rental-slider-bodytype-title\">Tipo Mini<\/div><div class=\"car-rental-item-title underline full-width\" data-no-auto-translation=\"\"><a class=\"primary_color\" href=\"https:\/\/marbellarentacar.es\/es\/2\/alquilar-seat-mii\/\" title=\"Ver Coche\">Seat Mii<\/a><\/div><div class=\"car-rental-item-prefix primary_color\">d\u00eda Desde<\/div><div class=\"car-rental-item-price primary_color\">24\u20ac<\/div><\/div><\/div><div> <!-- car-rental-item-image 1 --> <div class=\"car-rental-item-image\" ><a href=\"https:\/\/marbellarentacar.es\/es\/2\/alquilar-un-opel-corsa\/\" title=\"Ver Coche\"><img decoding=\"async\" src=\"https:\/\/marbellarentacar.es\/wp-content\/uploads\/CarRentalGallery\/thumb_1518182207_opel-corsa-Main.png\" title=\"Opel Corsa\" alt=\"Opel Corsa\"><\/a><\/div><div class=\"car-rental-item-details\"><div class=\"car-rental-slider-bodytype-title\">Econom\u00eda<\/div><div class=\"car-rental-item-title underline full-width\" data-no-auto-translation=\"\"><a class=\"primary_color\" href=\"https:\/\/marbellarentacar.es\/es\/2\/alquilar-un-opel-corsa\/\" title=\"Ver Coche\">Opel Corsa<\/a><\/div><div class=\"car-rental-item-prefix primary_color\">d\u00eda Desde<\/div><div class=\"car-rental-item-price primary_color\">28\u20ac<\/div><\/div><\/div><div> <!-- car-rental-item-image 1 --> <div class=\"car-rental-item-image\" ><a href=\"https:\/\/marbellarentacar.es\/es\/2\/alquilar-un-seat-ibiza\/\" title=\"Ver Coche\"><img decoding=\"async\" src=\"https:\/\/marbellarentacar.es\/wp-content\/uploads\/CarRentalGallery\/thumb_1518426848_Seat-Ibiza-Main.png\" title=\"Seat Ibiza\" alt=\"Seat Ibiza\"><\/a><\/div><div class=\"car-rental-item-details\"><div class=\"car-rental-slider-bodytype-title\">Econom\u00eda<\/div><div class=\"car-rental-item-title underline full-width\" data-no-auto-translation=\"\"><a class=\"primary_color\" href=\"https:\/\/marbellarentacar.es\/es\/2\/alquilar-un-seat-ibiza\/\" title=\"Ver Coche\">Seat Ibiza<\/a><\/div><div class=\"car-rental-item-prefix primary_color\">d\u00eda Desde<\/div><div class=\"car-rental-item-price primary_color\">28\u20ac<\/div><\/div><\/div><div> <!-- car-rental-item-image 1 --> <div class=\"car-rental-item-image\" ><a href=\"https:\/\/marbellarentacar.es\/es\/2\/alquilar-un-volkswagen-polo\/\" title=\"Ver Coche\"><img decoding=\"async\" src=\"https:\/\/marbellarentacar.es\/wp-content\/uploads\/CarRentalGallery\/thumb_1518181777_vw-polo-Main.png\" title=\"Volkswagen Polo\" alt=\"Volkswagen Polo\"><\/a><\/div><div class=\"car-rental-item-details\"><div class=\"car-rental-slider-bodytype-title\">Econom\u00eda<\/div><div class=\"car-rental-item-title underline full-width\" data-no-auto-translation=\"\"><a class=\"primary_color\" href=\"https:\/\/marbellarentacar.es\/es\/2\/alquilar-un-volkswagen-polo\/\" title=\"Ver Coche\">Volkswagen Polo<\/a><\/div><div class=\"car-rental-item-prefix primary_color\">d\u00eda Desde<\/div><div class=\"car-rental-item-price primary_color\">28\u20ac<\/div><\/div><\/div><div> <!-- car-rental-item-image 1 --> <div class=\"car-rental-item-image\" ><a href=\"https:\/\/marbellarentacar.es\/es\/2\/alquile-un-ford-fusion\/\" title=\"Ver Coche\"><img decoding=\"async\" src=\"https:\/\/marbellarentacar.es\/wp-content\/uploads\/CarRentalGallery\/thumb_1518194516_Ford-Fusion-Main.png\" title=\"Ford Fusion\" alt=\"Ford Fusion\"><\/a><\/div><div class=\"car-rental-item-details\"><div class=\"car-rental-slider-bodytype-title\">Compacto<\/div><div class=\"car-rental-item-title underline full-width\" data-no-auto-translation=\"\"><a class=\"primary_color\" href=\"https:\/\/marbellarentacar.es\/es\/2\/alquile-un-ford-fusion\/\" title=\"Ver Coche\">Ford Fusion<\/a><\/div><div class=\"car-rental-item-prefix primary_color\">d\u00eda Desde<\/div><div class=\"car-rental-item-price primary_color\">29\u20ac<\/div><\/div><\/div><div> <!-- car-rental-item-image 1 --> <div class=\"car-rental-item-image\" ><a href=\"https:\/\/marbellarentacar.es\/es\/2\/alquilar-un-nissan-note\/\" title=\"Ver Coche\"><img decoding=\"async\" src=\"https:\/\/marbellarentacar.es\/wp-content\/uploads\/CarRentalGallery\/thumb_1518183009_nissan-note-Main.png\" title=\"Nissan Note\" alt=\"Nissan Note\"><\/a><\/div><div class=\"car-rental-item-details\"><div class=\"car-rental-slider-bodytype-title\">Compacto<\/div><div class=\"car-rental-item-title underline full-width\" data-no-auto-translation=\"\"><a class=\"primary_color\" href=\"https:\/\/marbellarentacar.es\/es\/2\/alquilar-un-nissan-note\/\" title=\"Ver Coche\">Nissan Note<\/a><\/div><div class=\"car-rental-item-prefix primary_color\">d\u00eda Desde<\/div><div class=\"car-rental-item-price primary_color\">29\u20ac<\/div><\/div><\/div><div> <!-- car-rental-item-image 1 --> <div class=\"car-rental-item-image\" ><a href=\"https:\/\/marbellarentacar.es\/es\/2\/alquilar-un-opel-astra\/\" title=\"Ver Coche\"><img decoding=\"async\" src=\"https:\/\/marbellarentacar.es\/wp-content\/uploads\/CarRentalGallery\/thumb_1532431302_opel-astra-Main.png\" title=\"Opel Astra\" alt=\"Opel Astra\"><\/a><\/div><div class=\"car-rental-item-details\"><div class=\"car-rental-slider-bodytype-title\">Compacto<\/div><div class=\"car-rental-item-title underline full-width\" data-no-auto-translation=\"\"><a class=\"primary_color\" href=\"https:\/\/marbellarentacar.es\/es\/2\/alquilar-un-opel-astra\/\" title=\"Ver Coche\">Opel Astra<\/a><\/div><div class=\"car-rental-item-prefix primary_color\">d\u00eda Desde<\/div><div class=\"car-rental-item-price primary_color\">33\u20ac<\/div><\/div><\/div><div> <!-- car-rental-item-image 1 --> <div class=\"car-rental-item-image\" ><a href=\"https:\/\/marbellarentacar.es\/es\/2\/alquilar-un-renault-megane\/\" title=\"Ver Coche\"><img decoding=\"async\" src=\"https:\/\/marbellarentacar.es\/wp-content\/uploads\/CarRentalGallery\/thumb_1518183285_Renault-Megane-Main.png\" title=\"Renault Megane\" alt=\"Renault Megane\"><\/a><\/div><div class=\"car-rental-item-details\"><div class=\"car-rental-slider-bodytype-title\">Compacto<\/div><div class=\"car-rental-item-title underline full-width\" data-no-auto-translation=\"\"><a class=\"primary_color\" href=\"https:\/\/marbellarentacar.es\/es\/2\/alquilar-un-renault-megane\/\" title=\"Ver Coche\">Renault Megane<\/a><\/div><div class=\"car-rental-item-prefix primary_color\">d\u00eda Desde<\/div><div class=\"car-rental-item-price primary_color\">33\u20ac<\/div><\/div><\/div><div> <!-- car-rental-item-image 1 --> <div class=\"car-rental-item-image\" ><a href=\"https:\/\/marbellarentacar.es\/es\/2\/alquilar-un-seat-ibiza-st\/\" title=\"Ver Coche\"><img decoding=\"async\" src=\"https:\/\/marbellarentacar.es\/wp-content\/uploads\/CarRentalGallery\/thumb_setat-ibiza-ST-Main.png\" title=\"Seat Ibiza STW\" alt=\"Seat Ibiza STW\"><\/a><\/div><div class=\"car-rental-item-details\"><div class=\"car-rental-slider-bodytype-title\">Econom\u00eda<\/div><div class=\"car-rental-item-title underline full-width\" data-no-auto-translation=\"\"><a class=\"primary_color\" href=\"https:\/\/marbellarentacar.es\/es\/2\/alquilar-un-seat-ibiza-st\/\" title=\"Ver Coche\">Seat Ibiza STW<\/a><\/div><div class=\"car-rental-item-prefix primary_color\">d\u00eda Desde<\/div><div class=\"car-rental-item-price primary_color\">33\u20ac<\/div><\/div><\/div><div> <!-- car-rental-item-image 1 --> <div class=\"car-rental-item-image\" ><a href=\"https:\/\/marbellarentacar.es\/es\/2\/alquilar-un-vw-golf\/\" title=\"Ver Coche\"><img decoding=\"async\" src=\"https:\/\/marbellarentacar.es\/wp-content\/uploads\/CarRentalGallery\/thumb_1518187332_Volkswagen-Golf-Main.png\" title=\"Volkswagen Golf\" alt=\"Volkswagen Golf\"><\/a><\/div><div class=\"car-rental-item-details\"><div class=\"car-rental-slider-bodytype-title\">Compacto<\/div><div class=\"car-rental-item-title underline full-width\" data-no-auto-translation=\"\"><a class=\"primary_color\" href=\"https:\/\/marbellarentacar.es\/es\/2\/alquilar-un-vw-golf\/\" title=\"Ver Coche\">Volkswagen Golf<\/a><\/div><div class=\"car-rental-item-prefix primary_color\">d\u00eda Desde<\/div><div class=\"car-rental-item-price primary_color\">33\u20ac<\/div><\/div><\/div><div> <!-- car-rental-item-image 1 --> <div class=\"car-rental-item-image\" ><a href=\"https:\/\/marbellarentacar.es\/es\/2\/alquilar-un-citroen-elysee\/\" title=\"Ver Coche\"><img decoding=\"async\" src=\"https:\/\/marbellarentacar.es\/wp-content\/uploads\/CarRentalGallery\/thumb_Citroen-C-Elysee-Main.png\" title=\"Citro\u00ebn Elys\u00e9e\" alt=\"Citro\u00ebn Elys\u00e9e\"><\/a><\/div><div class=\"car-rental-item-details\"><div class=\"car-rental-slider-bodytype-title\">Compact Elite<\/div><div class=\"car-rental-item-title underline full-width\" data-no-auto-translation=\"\"><a class=\"primary_color\" href=\"https:\/\/marbellarentacar.es\/es\/2\/alquilar-un-citroen-elysee\/\" title=\"Ver Coche\">Citro\u00ebn Elys\u00e9e<\/a><\/div><div class=\"car-rental-item-prefix primary_color\">d\u00eda Desde<\/div><div class=\"car-rental-item-price primary_color\">36\u20ac<\/div><\/div><\/div><div> <!-- car-rental-item-image 1 --> <div class=\"car-rental-item-image\" ><a href=\"https:\/\/marbellarentacar.es\/es\/2\/alquilar-un-peugeot-partner-tepee\/\" title=\"Ver Coche\"><img decoding=\"async\" src=\"https:\/\/marbellarentacar.es\/wp-content\/uploads\/CarRentalGallery\/thumb_Peugeot-Partner-Teepee-Main.png\" title=\"Peugeot Partner Tepee\" alt=\"Peugeot Partner Tepee\"><\/a><\/div><div class=\"car-rental-item-details\"><div class=\"car-rental-slider-bodytype-title\">Compacto<\/div><div class=\"car-rental-item-title underline full-width\" data-no-auto-translation=\"\"><a class=\"primary_color\" href=\"https:\/\/marbellarentacar.es\/es\/2\/alquilar-un-peugeot-partner-tepee\/\" title=\"Ver Coche\">Peugeot Partner Tepee<\/a><\/div><div class=\"car-rental-item-prefix primary_color\">d\u00eda Desde<\/div><div class=\"car-rental-item-price primary_color\">36\u20ac<\/div><\/div><\/div><div> <!-- car-rental-item-image 1 --> <div class=\"car-rental-item-image\" ><a href=\"https:\/\/marbellarentacar.es\/es\/2\/alquilar-un-skoda-rapid-1-6-tdi\/\" title=\"Ver Coche\"><img decoding=\"async\" src=\"https:\/\/marbellarentacar.es\/wp-content\/uploads\/CarRentalGallery\/thumb_skoda_rapid-Main.png\" title=\"Skoda Rapid 1.6 TDI\" alt=\"Skoda Rapid 1.6 TDI\"><\/a><\/div><div class=\"car-rental-item-details\"><div class=\"car-rental-slider-bodytype-title\">Compact Elite<\/div><div class=\"car-rental-item-title underline full-width\" data-no-auto-translation=\"\"><a class=\"primary_color\" href=\"https:\/\/marbellarentacar.es\/es\/2\/alquilar-un-skoda-rapid-1-6-tdi\/\" title=\"Ver Coche\">Skoda Rapid 1.6 TDI<\/a><\/div><div class=\"car-rental-item-prefix primary_color\">d\u00eda Desde<\/div><div class=\"car-rental-item-price primary_color\">36\u20ac<\/div><\/div><\/div><div> <!-- car-rental-item-image 1 --> <div class=\"car-rental-item-image\" ><a href=\"https:\/\/marbellarentacar.es\/es\/2\/alquilar-un-seat-leon\/\" title=\"Ver Coche\"><img decoding=\"async\" src=\"https:\/\/marbellarentacar.es\/wp-content\/uploads\/CarRentalGallery\/thumb_1518191889_seat-leon-Main.png\" title=\"Seat Le\u00f3n STW\" alt=\"Seat Le\u00f3n STW\"><\/a><\/div><div class=\"car-rental-item-details\"><div class=\"car-rental-slider-bodytype-title\">Compacto<\/div><div class=\"car-rental-item-title underline full-width\" data-no-auto-translation=\"\"><a class=\"primary_color\" href=\"https:\/\/marbellarentacar.es\/es\/2\/alquilar-un-seat-leon\/\" title=\"Ver Coche\">Seat Le\u00f3n STW<\/a><\/div><div class=\"car-rental-item-prefix primary_color\">d\u00eda Desde<\/div><div class=\"car-rental-item-price primary_color\">41\u20ac<\/div><\/div><\/div><div> <!-- car-rental-item-image 1 --> <div class=\"car-rental-item-image\" ><a href=\"https:\/\/marbellarentacar.es\/es\/2\/alquilar-un-opel-zafira\/\" title=\"Ver Coche\"><img decoding=\"async\" src=\"https:\/\/marbellarentacar.es\/wp-content\/uploads\/CarRentalGallery\/thumb_1518193006_Opel-Zafira-Main.png\" title=\"Opel Zafira\" alt=\"Opel Zafira\"><\/a><\/div><div class=\"car-rental-item-details\"><div class=\"car-rental-slider-bodytype-title\">Intermedio<\/div><div class=\"car-rental-item-title underline full-width\" data-no-auto-translation=\"\"><a class=\"primary_color\" href=\"https:\/\/marbellarentacar.es\/es\/2\/alquilar-un-opel-zafira\/\" title=\"Ver Coche\">Opel Zafira<\/a><\/div><div class=\"car-rental-item-prefix primary_color\">d\u00eda Desde<\/div><div class=\"car-rental-item-price primary_color\">84\u20ac<\/div><\/div><\/div><div> <!-- car-rental-item-image 1 --> <div class=\"car-rental-item-image\" ><a href=\"https:\/\/marbellarentacar.es\/es\/2\/alquilar-un-volkswagen-touran\/\" title=\"Ver Coche\"><img decoding=\"async\" src=\"https:\/\/marbellarentacar.es\/wp-content\/uploads\/CarRentalGallery\/thumb_1518003549_Volkswagen-TOURAN-Main.png\" title=\"Volkswagen Touran\" alt=\"Volkswagen Touran\"><\/a><\/div><div class=\"car-rental-item-details\"><div class=\"car-rental-slider-bodytype-title\">Intermedio<\/div><div class=\"car-rental-item-title underline full-width\" data-no-auto-translation=\"\"><a class=\"primary_color\" href=\"https:\/\/marbellarentacar.es\/es\/2\/alquilar-un-volkswagen-touran\/\" title=\"Ver Coche\">Volkswagen Touran<\/a><\/div><div class=\"car-rental-item-prefix primary_color\">d\u00eda Desde<\/div><div class=\"car-rental-item-price primary_color\">84\u20ac<\/div><\/div><\/div><div> <!-- car-rental-item-image 1 --> <div class=\"car-rental-item-image\" ><a href=\"https:\/\/marbellarentacar.es\/es\/2\/alquilar-un-seat-alhambra\/\" title=\"Ver Coche\"><img decoding=\"async\" src=\"https:\/\/marbellarentacar.es\/wp-content\/uploads\/CarRentalGallery\/thumb_1518193714_Seat-Alhambra-Main.png\" title=\"Seat Alhambra\" alt=\"Seat Alhambra\"><\/a><\/div><div class=\"car-rental-item-details\"><div class=\"car-rental-slider-bodytype-title\">Fullsize<\/div><div class=\"car-rental-item-title underline full-width\" data-no-auto-translation=\"\"><a class=\"primary_color\" href=\"https:\/\/marbellarentacar.es\/es\/2\/alquilar-un-seat-alhambra\/\" title=\"Ver Coche\">Seat Alhambra<\/a><\/div><div class=\"car-rental-item-prefix primary_color\">d\u00eda Desde<\/div><div class=\"car-rental-item-price primary_color\">87\u20ac<\/div><\/div><\/div><div> <!-- car-rental-item-image 1 --> <div class=\"car-rental-item-image\" ><a href=\"https:\/\/marbellarentacar.es\/es\/2\/alquilar-un-mercedes-vito\/\" title=\"Ver Coche\"><img decoding=\"async\" src=\"https:\/\/marbellarentacar.es\/wp-content\/uploads\/CarRentalGallery\/thumb_1620466017_Mercedes-Benz-Vito-Main.png\" title=\"Mercedes Vito\" alt=\"Mercedes Vito\"><\/a><\/div><div class=\"car-rental-item-details\"><div class=\"car-rental-slider-bodytype-title\">Est\u00e1ndar<\/div><div class=\"car-rental-item-title underline full-width\" data-no-auto-translation=\"\"><a class=\"primary_color\" href=\"https:\/\/marbellarentacar.es\/es\/2\/alquilar-un-mercedes-vito\/\" title=\"Ver Coche\">Mercedes Vito<\/a><\/div><div class=\"car-rental-item-prefix primary_color\">d\u00eda Desde<\/div><div class=\"car-rental-item-price primary_color\">88\u20ac<\/div><\/div><\/div><div> <!-- car-rental-item-image 1 --> <div class=\"car-rental-item-image\" ><a href=\"https:\/\/marbellarentacar.es\/es\/2\/alquilar-un-opel-vivaro\/\" title=\"Ver Coche\"><img decoding=\"async\" src=\"https:\/\/marbellarentacar.es\/wp-content\/uploads\/CarRentalGallery\/thumb_1518189950_opel-vivaro-Main.png\" title=\"Opel Vivaro\" alt=\"Opel Vivaro\"><\/a><\/div><div class=\"car-rental-item-details\"><div class=\"car-rental-slider-bodytype-title\">Est\u00e1ndar<\/div><div class=\"car-rental-item-title underline full-width\" data-no-auto-translation=\"\"><a class=\"primary_color\" href=\"https:\/\/marbellarentacar.es\/es\/2\/alquilar-un-opel-vivaro\/\" title=\"Ver Coche\">Opel Vivaro<\/a><\/div><div class=\"car-rental-item-prefix primary_color\">d\u00eda Desde<\/div><div class=\"car-rental-item-price primary_color\">88\u20ac<\/div><\/div><\/div><\/div>\n\t<\/div><\/div><script type=\"text\/javascript\">\njQuery(document).ready(function() {\n    var slider = jQuery(\".responsive-cars-slider\");\n    slider.slick({lazyLoad:\"ondemand\",dots: false,infinite: false,speed: 500,slidesToShow:  4,slidesToScroll: 2,autoplay: false,autoplaySpeed: 1000,prevArrow: \"<button type=button class=car-rental-slider-prev><\/button>\",nextArrow: \"<button type=button class=car-rental-slider-next><\/button>\",       \n        responsive: [{breakpoint: 1280,settings: {slidesToShow: 3,slidesToScroll: 1}},{breakpoint: 768,settings: {slidesToShow: 2,slidesToScroll: 1}},{breakpoint: 420,settings: {slidesToShow: 1,slidesToScroll: 1}}]});});\n<\/script>\n\n\t\t<\/div>\n\t<\/div>\n<\/div><\/div><\/div><\/div><div class=\"vc_row wpb_row vc_row-fluid column column-3\"><div class=\"wpb_column vc_column_container vc_col-sm-12\"><div class=\"vc_column-inner\"><div class=\"wpb_wrapper\">\n\t<div class=\"wpb_text_column wpb_content_element\" >\n\t\t<div class=\"wpb_wrapper\">\n\t\t\t<h2>\u00bfPor qu\u00e9 alquilar un coche en M\u00e1laga?<\/h2>\n<p>Alquilar un coche en M\u00e1laga abre un mundo de posibilidades. La Costa del Sol es famosa por sus impresionantes playas, sus pintorescos pueblos y sus monumentos hist\u00f3ricos. Si opta por el alquiler de coches, podr\u00e1 explorarla a su ritmo.<\/p>\n<p>Adem\u00e1s, no se puede subestimar la comodidad de disponer de su propio transporte, adaptado a sus horarios.<\/p>\n<h3><img decoding=\"async\" class=\"alignnone wp-image-10858 size-full\" title=\"Alquiler de coches en M\u00e1laga\" src=\"https:\/\/marbellarentacar.es\/wp-content\/uploads\/2023\/06\/car-hire-in-malaga_0001_alquiler-coche-malaga-5.jpg\" alt=\"Alquiler de coches en M\u00e1laga\" width=\"420\" height=\"420\" srcset=\"https:\/\/marbellarentacar.es\/wp-content\/uploads\/2023\/06\/car-hire-in-malaga_0001_alquiler-coche-malaga-5.jpg 420w, https:\/\/marbellarentacar.es\/wp-content\/uploads\/2023\/06\/car-hire-in-malaga_0001_alquiler-coche-malaga-5-300x300.jpg 300w, https:\/\/marbellarentacar.es\/wp-content\/uploads\/2023\/06\/car-hire-in-malaga_0001_alquiler-coche-malaga-5-150x150.jpg 150w, https:\/\/marbellarentacar.es\/wp-content\/uploads\/2023\/06\/car-hire-in-malaga_0001_alquiler-coche-malaga-5-12x12.jpg 12w\" sizes=\"(max-width: 420px) 100vw, 420px\" \/><\/h3>\n<h3>Elegir el coche adecuado a sus necesidades<\/h3>\n<p>Cuando se trata de alquiler de coches en M\u00e1laga, hay una amplia gama de veh\u00edculos para elegir. Los coches compactos son perfectos para conducir por la ciudad y aparcar en espacios reducidos.<\/p>\n<p>Para familias o grupos m\u00e1s grandes, un SUV o un monovolumen ofrecen espacio de sobra. Tambi\u00e9n hay opciones de lujo para los que buscan m\u00e1s confort y estilo. Piensa en tus necesidades y elige en funci\u00f3n de ellas.<\/p>\n<h2>Puntos esenciales a tener en cuenta<\/h2>\n<p>Antes de reservar su coche de alquiler en M\u00e1laga, hay algunos puntos cruciales que debe recordar. En primer lugar, compare siempre los precios de varios proveedores. Esto le ayudar\u00e1 a asegurarse la mejor oferta.<\/p>\n<p>n segundo lugar, aseg\u00farate de que entiendes bien el contrato de alquiler, especialmente las pol\u00edticas de seguro y combustible. Por \u00faltimo, reservar con antelaci\u00f3n suele ofrecer mejores ofertas y garantiza la disponibilidad.<\/p>\n<h3>Conocer la normativa local sobre conducci\u00f3n<\/h3>\n<p>Conducir en un pa\u00eds extranjero puede ser una tarea desalentadora. En Espa\u00f1a, los veh\u00edculos se conducen por el lado derecho de la calzada. Los l\u00edmites de velocidad var\u00edan seg\u00fan el tipo de carretera y se hacen cumplir estrictamente. El cintur\u00f3n de seguridad es obligatorio para todos los pasajeros.<\/p>\n<p>Tener claras estas normas har\u00e1 que su experiencia de alquiler de coches en M\u00e1laga sea m\u00e1s fluida.<\/p>\n<h2><img decoding=\"async\" class=\"alignnone wp-image-10856 size-full\" title=\"Alquiler de coches en M\u00e1laga\" src=\"https:\/\/marbellarentacar.es\/wp-content\/uploads\/2023\/06\/car-hire-in-malaga_0000_alquiler-coche-malaga-6.jpg\" alt=\"Alquiler de coches en M\u00e1laga\" width=\"420\" height=\"420\" srcset=\"https:\/\/marbellarentacar.es\/wp-content\/uploads\/2023\/06\/car-hire-in-malaga_0000_alquiler-coche-malaga-6.jpg 420w, https:\/\/marbellarentacar.es\/wp-content\/uploads\/2023\/06\/car-hire-in-malaga_0000_alquiler-coche-malaga-6-300x300.jpg 300w, https:\/\/marbellarentacar.es\/wp-content\/uploads\/2023\/06\/car-hire-in-malaga_0000_alquiler-coche-malaga-6-150x150.jpg 150w, https:\/\/marbellarentacar.es\/wp-content\/uploads\/2023\/06\/car-hire-in-malaga_0000_alquiler-coche-malaga-6-12x12.jpg 12w\" sizes=\"(max-width: 420px) 100vw, 420px\" \/><\/h2>\n<h2>Lugares que visitar con su coche de alquiler<\/h2>\n<p>Ahora que ha optado por el alquiler de coches en M\u00e1laga, \u00bfad\u00f3nde debe ir? Visite la hist\u00f3rica fortaleza de la Alcazaba o el Museo Picasso, situado en pleno centro de la ciudad. Conduzca hasta las hermosas ciudades costeras de <a href=\"https:\/\/www.google.com\/maps\/place\/Marbella\/data=!4m2!3m1!1s0xd72d809904dabdf:0xe6c9db907b5ecab?sa=X&amp;ved=2ahUKEwjr77KL1ab_AhW7U6QEHbOfBL4Q8gF6BAgOEAE\" target=\"_blank\" rel=\"noopener\">Marbella<\/a> y <a href=\"https:\/\/www.google.com\/maps\/place\/29680+Estepona,+M%C3%A1laga\/@36.4241549,-5.1603642,15z\/data=!3m1!4b1!4m6!3m5!1s0xd0cd6a591f6d9d3:0x8a4bf0c5d62d0dcc!8m2!3d36.4256345!4d-5.1510261!16zL20vMDNsMDZu?entry=ttu\" target=\"_blank\" rel=\"noopener\">Estepona<\/a>.<\/p>\n<p>El impresionante Caminito del Rey est\u00e1 a s\u00f3lo una hora en coche. Con un coche de alquiler, podr\u00e1 explorar toda la Costa del Sol.<\/p>\n<h3>Devoluci\u00f3n del veh\u00edculo<\/h3>\n<p>Devolver su coche de alquiler en Malaga suele ser un proceso sencillo.<\/p>\n<p>La mayor\u00eda de las empresas de alquiler tienen instrucciones claras sobre el lugar y la hora de devoluci\u00f3n. Para evitar cualquier recargo por devoluci\u00f3n tard\u00eda, planifica siempre tu viaje con antelaci\u00f3n y deja tiempo suficiente antes de tu vuelo o salida.<\/p>\n<h2>Conclusi\u00f3n<\/h2>\n<p>El alquiler de coches en M\u00e1laga es una gran opci\u00f3n para quienes deseen aprovechar al m\u00e1ximo su visita a la Costa del Sol.<\/p>\n<p>Esperamos que esta gu\u00eda le haya proporcionado toda la informaci\u00f3n necesaria para que su experiencia de alquiler de coches en M\u00e1laga sea todo un \u00e9xito.<\/p>\n<p>\u00bfLe apetece emprender ya su viaje a M\u00e1laga? Con estos consejos en mente, le espera un mundo de aventuras en esta bella ciudad espa\u00f1ola.<\/p>\n<p>El alquiler de coches en M\u00e1laga es su billete para explorar y disfrutar de todo lo que la Costa del Sol tiene que ofrecer. \u00a1Que comience el viaje!<\/p>\n\n\t\t<\/div>\n\t<\/div>\n<\/div><\/div><\/div><\/div><div class=\"vc_row wpb_row vc_row-fluid\"><div class=\"wpb_column vc_column_container vc_col-sm-12\"><div class=\"vc_column-inner\"><div class=\"wpb_wrapper\"><div class=\"vc_message_box vc_message_box-standard vc_message_box-rounded vc_color-info vc_do_message\" ><div class=\"vc_message_box-icon\"><i class=\"fa fa-solid fa-circle-info\"><\/i><\/div><p>Hay muchas empresas de alquiler de coches en la zona, pero le recomendamos que alquile un coche en <strong><a href=\"https:\/\/marbellarentacar.es\/es\/\">Marbella rent a car<\/a><\/strong>. Ofrecen una amplia gama de veh\u00edculos de alquiler y cuentan con un excelente servicio de atenci\u00f3n al cliente.<\/p>\n<\/div><\/div><\/div><\/div><\/div><div class=\"vc_row wpb_row vc_row-fluid vc_custom_1686845062542\"><div class=\"wpb_column vc_column_container vc_col-sm-12\"><div class=\"vc_column-inner\"><div class=\"wpb_wrapper\">\n\t<div class=\"wpb_text_column wpb_content_element\" >\n\t\t<div class=\"wpb_wrapper\">\n\t\t\t<h2>Enlaces de inter\u00e9s:<\/h2>\n\n\t\t<\/div>\n\t<\/div>\n<div class=\"vc_separator wpb_content_element vc_separator_align_center vc_sep_width_100 vc_sep_border_width_4 vc_sep_pos_align_center vc_separator_no_text vc_sep_color_grey wpb_content_element  wpb_content_element\" ><span class=\"vc_sep_holder vc_sep_holder_l\"><span class=\"vc_sep_line\"><\/span><\/span><span class=\"vc_sep_holder vc_sep_holder_r\"><span class=\"vc_sep_line\"><\/span><\/span>\n<\/div>\n\t<div class=\"wpb_text_column wpb_content_element enlaces-columnas\" >\n\t\t<div class=\"wpb_wrapper\">\n\t\t\t<ul>\n<li>\n<h3 class=\"enlaces-h3\"><a href=\"https:\/\/www.malagaturismo.com\/\" target=\"_blank\" rel=\"noopener\">Ver la web de la Oficina de Turismo de M\u00e1laga<\/a><\/h3>\n<p>Esta es la web oficial de turismo de M\u00e1laga. Aqu\u00ed podr\u00e1 encontrar toda la informaci\u00f3n necesaria para su visita, como puntos de inter\u00e9s, eventos culturales, visitas disponibles, entre otros.<\/li>\n<li>\n<h3 class=\"enlaces-h3\"><a href=\"https:\/\/www.museopicassomalaga.org\/\" target=\"_blank\" rel=\"noopener\">Ver sitio web del Museo Picasso M\u00e1laga<\/a><\/h3>\n<p>P\u00e1gina oficial del Museo Picasso, uno de los principales destinos tur\u00edsticos de M\u00e1laga. Aqu\u00ed encontrar\u00e1 informaci\u00f3n sobre las exposiciones actuales, los horarios de apertura y las tarifas de entrada.<\/li>\n<li>\n<h3 class=\"enlaces-h3\"><a href=\"http:\/\/www.malagaturismo.com\/es\/recursos-turisticos\/detalle\/alcazaba\/6\" target=\"_blank\" rel=\"noopener\">Ver el sitio web de la Alcazaba y el Castillo de Gibralfaro<\/a><\/h3>\n<p>Esta p\u00e1gina contiene informaci\u00f3n sobre la Alcazaba y el Castillo de Gibralfaro, dos de los monumentos m\u00e1s emblem\u00e1ticos de la ciudad.<\/li>\n<li>\n<h3 class=\"enlaces-h3\"><a href=\"https:\/\/centrepompidou-malaga.eu\/\" target=\"_blank\" rel=\"noopener\">Ver sitio web del Centre Pompidou M\u00e1laga<\/a><\/h3>\n<p>Este es el sitio oficial del Centro Pompidou de M\u00e1laga, una extensi\u00f3n del famoso museo de arte moderno de Par\u00eds. Aqu\u00ed encontrar\u00e1 informaci\u00f3n sobre las exposiciones y eventos actuales.<\/li>\n<li>\n<h3 class=\"enlaces-h3\"><a href=\"https:\/\/www.malagahoy.es\/\" target=\"_blank\" rel=\"noopener\">Ver sitio web de M\u00e1laga Hoy<\/a><\/h3>\n<p>M\u00e1laga Hoy es un peri\u00f3dico local que puede ser \u00fatil para mantenerse al d\u00eda de los acontecimientos y noticias locales.<\/li>\n<li>\n<h3 class=\"enlaces-h3\"><a href=\"https:\/\/www.lonelyplanet.com\/spain\/andalucia\/malaga\" target=\"_blank\" rel=\"noopener\">Ver sitio web de Lonely Planet M\u00e1laga<\/a><\/h3>\n<p>Lonely Planet es un recurso \u00fatil para cualquier turista, ya que ofrece una visi\u00f3n general de los principales puntos de inter\u00e9s, restaurantes, hoteles y mucho m\u00e1s.<\/li>\n<li>\n<h3 class=\"enlaces-h3\"><a href=\"https:\/\/www.andalucia.org\/es\/malaga\" target=\"_blank\" rel=\"noopener\">Ver sitio web de Andaluc\u00eda.org M\u00e1laga<\/a><\/h3>\n<p>Un recurso oficial de la Junta de Andaluc\u00eda con mucha informaci\u00f3n \u00fatil sobre viajes y turismo en toda la regi\u00f3n, incluida M\u00e1laga.<\/li>\n<\/ul>\n\n\t\t<\/div>\n\t<\/div>\n<div class=\"vc_separator wpb_content_element vc_separator_align_center vc_sep_width_100 vc_sep_border_width_4 vc_sep_pos_align_center vc_separator_no_text vc_sep_color_grey wpb_content_element  wpb_content_element\" ><span class=\"vc_sep_holder vc_sep_holder_l\"><span class=\"vc_sep_line\"><\/span><\/span><span class=\"vc_sep_holder vc_sep_holder_r\"><span class=\"vc_sep_line\"><\/span><\/span>\n<\/div><\/div><\/div><\/div><\/div>\n<\/div>","protected":false},"excerpt":{"rendered":"\u00bfEst\u00e1 planeando un viaje a M\u00e1laga, la joya de la Costa del Sol, y se pregunta cu\u00e1les son las mejores opciones para alquilar un coche en M\u00e1laga? En esta entrada del blog, le daremos una visi\u00f3n general de este servicio crucial. Al final, sabr\u00e1 todo lo que necesita para tomar una decisi\u00f3n informada. Profundicemos [...]","protected":false},"author":1,"featured_media":10332,"parent":0,"menu_order":0,"comment_status":"closed","ping_status":"closed","template":"","meta":{"_joinchat":[],"footnotes":""},"class_list":["post-9499","page","type-page","status-publish","has-post-thumbnail"],"_links":{"self":[{"href":"https:\/\/marbellarentacar.es\/es\/wp-json\/wp\/v2\/pages\/9499","targetHints":{"allow":["GET"]}}],"collection":[{"href":"https:\/\/marbellarentacar.es\/es\/wp-json\/wp\/v2\/pages"}],"about":[{"href":"https:\/\/marbellarentacar.es\/es\/wp-json\/wp\/v2\/types\/page"}],"author":[{"embeddable":true,"href":"https:\/\/marbellarentacar.es\/es\/wp-json\/wp\/v2\/users\/1"}],"replies":[{"embeddable":true,"href":"https:\/\/marbellarentacar.es\/es\/wp-json\/wp\/v2\/comments?post=9499"}],"version-history":[{"count":0,"href":"https:\/\/marbellarentacar.es\/es\/wp-json\/wp\/v2\/pages\/9499\/revisions"}],"wp:featuredmedia":[{"embeddable":true,"href":"https:\/\/marbellarentacar.es\/es\/wp-json\/wp\/v2\/media\/10332"}],"wp:attachment":[{"href":"https:\/\/marbellarentacar.es\/es\/wp-json\/wp\/v2\/media?parent=9499"}],"curies":[{"name":"wp","href":"https:\/\/api.w.org\/{rel}","templated":true}]}}