{"id":8500,"date":"2018-11-09T15:34:36","date_gmt":"2018-11-09T14:34:36","guid":{"rendered":"https:\/\/marbellarentacar.es\/?page_id=8500"},"modified":"2023-06-13T09:31:44","modified_gmt":"2023-06-13T07:31:44","slug":"guia-ruta","status":"publish","type":"page","link":"https:\/\/marbellarentacar.es\/es\/guia-ruta\/","title":{"rendered":"Gu\u00eda de rutas"},"content":{"rendered":"<div class=\"wpb-content-wrapper\"><div class=\"vc_row wpb_row vc_row-fluid\"><div class=\"wpb_column vc_column_container vc_col-sm-2\"><div class=\"vc_column-inner\"><div class=\"wpb_wrapper\"><\/div><\/div><\/div><div class=\"wpb_column vc_column_container vc_col-sm-8\"><div class=\"vc_column-inner\"><div class=\"wpb_wrapper\">\n\t<div class=\"wpb_text_column wpb_content_element\" >\n\t\t<div class=\"wpb_wrapper\">\n\t\t\t<h3 style=\"text-align: center;\">Las rutas m\u00e1s interesantes de la Costa del Sol y Gibraltar, si quieres disfrutar de un viaje y conocer M\u00e1laga y sus alrededores esta es la mejor manera, d\u00e9jate asesorar con esta selecci\u00f3n de rutas s\u00f3lo para ti.<\/h3>\n\n\t\t<\/div>\n\t<\/div>\n<\/div><\/div><\/div><div class=\"wpb_column vc_column_container vc_col-sm-2\"><div class=\"vc_column-inner\"><div class=\"wpb_wrapper\"><\/div><\/div><\/div><\/div><div class=\"vc_row wpb_row vc_row-fluid\"><div class=\"wpb_column vc_column_container vc_col-sm-12\"><div class=\"vc_column-inner\"><div class=\"wpb_wrapper\">\n<div class=\"vc_grid-container-wrapper vc_clearfix vc_grid-animation-none\">\n\t<div class=\"vc_grid-container vc_clearfix wpb_content_element vc_basic_grid\" data-initial-loading-animation=\"none\" data-vc-grid-settings=\"{&quot;page_id&quot;:8500,&quot;style&quot;:&quot;lazy&quot;,&quot;action&quot;:&quot;vc_get_vc_grid_data&quot;,&quot;shortcode_id&quot;:&quot;1686641490765-7a57d4e1-45bc-10&quot;,&quot;items_per_page&quot;:&quot;12&quot;,&quot;tag&quot;:&quot;vc_basic_grid&quot;}\" data-vc-request=\"https:\/\/marbellarentacar.es\/wp-admin\/admin-ajax.php\" data-vc-post-id=\"8500\" data-vc-public-nonce=\"7f00e496e5\">\n\t\t<style data-type=\"vc_shortcodes-custom-css\">.vc_custom_1541775347107{margin-top: 0px !important;padding-top: 0px !important;}.vc_custom_1543853818570{margin-right: 0px !important;margin-left: 0px !important;padding-right: 0px !important;padding-left: 0px !important;}.vc_custom_1550663520574{margin-right: 0px !important;margin-left: 0px !important;padding-right: 0px !important;padding-left: 0px !important;}<\/style><ul class=\"vc_grid-filter vc_clearfix vc_grid-filter-default vc_grid-filter-size-md vc_grid-filter-center vc_grid-filter-color-black\" data-vc-grid-filter=\"category\"><li class=\"vc_active vc_grid-filter-item\"><span data-vc-grid-filter-value=\"*\">Todo<\/span><\/li><li class=\"vc_grid-filter-item\"><span data-vc-grid-filter-value=\".vc_grid-term-3075\">de Gibraltar<\/span><\/li><li class=\"vc_grid-filter-item\"><span data-vc-grid-filter-value=\".vc_grid-term-3073\">de M\u00e1laga<\/span><\/li><li class=\"vc_grid-filter-item\"><span data-vc-grid-filter-value=\".vc_grid-term-3074\">de Marbella<\/span><\/li><li class=\"vc_grid-filter-item\"><span data-vc-grid-filter-value=\".vc_grid-term-13\">Ruta<\/span><\/li><\/ul><div class=\"vc_grid-filter-select vc_grid-filter-center vc_grid-filter-color-black\" data-vc-grid-filter-select=\"category\"><div class=\"vc_grid-styled-select\"><select data-filter=\"category\"><option class=\"vc_active\" value=\"*\">Todo&nbsp;&nbsp;&nbsp;&nbsp;&nbsp;&nbsp;&nbsp;&nbsp;&nbsp;&nbsp;<\/option><option value=\".vc_grid-term-3075\">de Gibraltar&nbsp;&nbsp;&nbsp;&nbsp;&nbsp;&nbsp;&nbsp;&nbsp;&nbsp;&nbsp;<\/option><option value=\".vc_grid-term-3073\">de M\u00e1laga&nbsp;&nbsp;&nbsp;&nbsp;&nbsp;&nbsp;&nbsp;&nbsp;&nbsp;&nbsp;<\/option><option value=\".vc_grid-term-3074\">de Marbella&nbsp;&nbsp;&nbsp;&nbsp;&nbsp;&nbsp;&nbsp;&nbsp;&nbsp;&nbsp;<\/option><option value=\".vc_grid-term-13\">Ruta&nbsp;&nbsp;&nbsp;&nbsp;&nbsp;&nbsp;&nbsp;&nbsp;&nbsp;&nbsp;<\/option><\/select><i class=\"vc_arrow-icon-navicon\"><\/i>\n\t\t<\/div>\n\t<\/div><div class=\"vc_grid vc_row vc_grid-gutter-30px vc_pageable-wrapper vc_hook_hover\" data-vc-pageable-content=\"true\"><div class=\"vc_pageable-slide-wrapper vc_clearfix\" data-vc-grid-content=\"true\"><div class=\"vc_grid-item vc_clearfix vc_col-sm-4 vc_grid-item-zone-c-bottom vc_grid-term-3075 vc_grid-term-13\"><div class=\"vc_grid-item-mini vc_clearfix\"><div class=\"vc_gitem-animated-block\" ><div class=\"vc_gitem-zone vc_gitem-zone-a vc_custom_1543853818570 vc_gitem-is-link\" style=\"height: 150px;\"><a href=\"https:\/\/marbellarentacar.es\/es\/de-gibraltar-a-orchidarium-estepona\/\" title=\"De Gibraltar al Orquidario de Estepona\" class=\"vc_gitem-link vc-zone-link\" ><\/a><div class=\"vc_gitem-zone-mini\"><div class=\"vc_gitem_row vc_row vc_gitem-row-position-top\"><div class=\"vc_col-sm-12 vc_gitem-col vc_gitem-col-align-\">\n\t<div class=\"wpb_single_image wpb_content_element vc_custom_1550663520574 vc_align_\">\n\t\t<figure class=\"wpb_wrapper vc_figure\">\n\t\t\t<a href=\"https:\/\/marbellarentacar.es\/es\/de-gibraltar-a-orchidarium-estepona\/\" class=\"vc_gitem-link vc_single_image-wrapper vc_box_border_grey\" title=\"De Gibraltar al Orquidario de Estepona\"><img decoding=\"async\" class=\"vc_single_image-img\" src=\"https:\/\/marbellarentacar.es\/wp-content\/uploads\/2020\/04\/marbellarentacar-453x131.jpg\" width=\"453\" height=\"131\" alt=\"De Gibraltar al Orquidario de Estepona\" title=\"marbellarentacar\" \/><\/a>\n\t\t<\/figure>\n\t<\/div>\n<\/div><\/div><\/div><\/div><\/div><div class=\"vc_gitem-zone vc_gitem-zone-c vc_custom_1541775347107\"><div class=\"vc_gitem-zone-mini\"><div class=\"vc_gitem_row vc_row vc_gitem-row-position-top\"><div class=\"vc_col-sm-12 vc_gitem-col vc_gitem-col-align-\"><div class=\"vc_custom_heading vc_gitem-post-data vc_gitem-post-data-source-post_title\" ><h2 style=\"text-align: center\" >De Gibraltar al Orquidario de Estepona<\/h2><\/div><div class=\"vc_empty_space\"   style=\"height: 15px\"><span class=\"vc_empty_space_inner\"><\/span><\/div><div class=\"vc_custom_heading vc_gitem-post-data vc_gitem-post-data-source-post_excerpt\" ><div style=\"text-align: justify\" >Cuando la naturaleza, la tecnolog\u00eda y un lujoso dise\u00f1o arquitect\u00f3nico se unen, puede ser el \"lugar perfecto\". En el Orquidario de Estepona, podr\u00e1 aprender m\u00e1s sobre el medio ambiente que nos rodea y ver muchos tipos de plantas y orqu\u00eddeas. Empezar el d\u00eda en el Orquidario y terminarlo en un restaurante italiano, degustando los mejores platos de la carta, o comiendo las mejores pizzas. Es una ruta que toda pareja o familia deber\u00eda hacer.<\/div><\/div><div class=\"vc_btn3-container vc_btn3-center\"><a class=\"vc_general vc_btn3 vc_btn3-size-sm vc_btn3-shape-rounded vc_btn3-style-classic vc_btn3-block vc_btn3-color-sky\" a href=\"https:\/\/marbellarentacar.es\/es\/de-gibraltar-a-orchidarium-estepona\/\" title=\"Seguir leyendo\">Seguir leyendo<\/a><\/div><\/div><\/div><\/div><\/div><\/div><div class=\"vc_clearfix\"><\/div><\/div><div class=\"vc_grid-item vc_clearfix vc_col-sm-4 vc_grid-item-zone-c-bottom vc_grid-term-3073 vc_grid-term-13\"><div class=\"vc_grid-item-mini vc_clearfix\"><div class=\"vc_gitem-animated-block\" ><div class=\"vc_gitem-zone vc_gitem-zone-a vc_custom_1543853818570 vc_gitem-is-link\" style=\"height: 150px;\"><a href=\"https:\/\/marbellarentacar.es\/es\/de-malaga-a-benalmadena-ice-club\/\" title=\"De M\u00e1laga al Club de Hielo de Benalm\u00e1dena\" class=\"vc_gitem-link vc-zone-link\" ><\/a><div class=\"vc_gitem-zone-mini\"><div class=\"vc_gitem_row vc_row vc_gitem-row-position-top\"><div class=\"vc_col-sm-12 vc_gitem-col vc_gitem-col-align-\">\n\t<div class=\"wpb_single_image wpb_content_element vc_custom_1550663520574 vc_align_\">\n\t\t<figure class=\"wpb_wrapper vc_figure\">\n\t\t\t<a href=\"https:\/\/marbellarentacar.es\/es\/de-malaga-a-benalmadena-ice-club\/\" class=\"vc_gitem-link vc_single_image-wrapper vc_box_border_grey\" title=\"De M\u00e1laga al Club de Hielo de Benalm\u00e1dena\"><img decoding=\"async\" class=\"vc_single_image-img\" src=\"https:\/\/marbellarentacar.es\/wp-content\/uploads\/2020\/04\/marbellarentacar-1-453x131.jpg\" width=\"453\" height=\"131\" alt=\"De M\u00e1laga al Club de Hielo de Benalm\u00e1dena\" title=\"marbellarentacar-1\" \/><\/a>\n\t\t<\/figure>\n\t<\/div>\n<\/div><\/div><\/div><\/div><\/div><div class=\"vc_gitem-zone vc_gitem-zone-c vc_custom_1541775347107\"><div class=\"vc_gitem-zone-mini\"><div class=\"vc_gitem_row vc_row vc_gitem-row-position-top\"><div class=\"vc_col-sm-12 vc_gitem-col vc_gitem-col-align-\"><div class=\"vc_custom_heading vc_gitem-post-data vc_gitem-post-data-source-post_title\" ><h2 style=\"text-align: center\" >De M\u00e1laga al Club de Hielo de Benalm\u00e1dena<\/h2><\/div><div class=\"vc_empty_space\"   style=\"height: 15px\"><span class=\"vc_empty_space_inner\"><\/span><\/div><div class=\"vc_custom_heading vc_gitem-post-data vc_gitem-post-data-source-post_excerpt\" ><div style=\"text-align: justify\" >Es excelente tener vacaciones en una de las mejores ciudades de Espa\u00f1a, pero es mucho mejor estar de vacaciones y seguir haciendo ejercicio, actividades estimulantes o patinando sobre hielo en uno de los mejores clubes de la provincia de M\u00e1laga. Despu\u00e9s de un d\u00eda de patinaje sobre hielo, no est\u00e1 mal una velada rom\u00e1ntica o una cena familiar en el Higuer\u00f3n, que tiene platos mediterr\u00e1neos \u00fanicos para terminar el d\u00eda.<\/div><\/div><div class=\"vc_btn3-container vc_btn3-center\"><a class=\"vc_general vc_btn3 vc_btn3-size-sm vc_btn3-shape-rounded vc_btn3-style-classic vc_btn3-block vc_btn3-color-sky\" a href=\"https:\/\/marbellarentacar.es\/es\/de-malaga-a-benalmadena-ice-club\/\" title=\"Seguir leyendo\">Seguir leyendo<\/a><\/div><\/div><\/div><\/div><\/div><\/div><div class=\"vc_clearfix\"><\/div><\/div><div class=\"vc_grid-item vc_clearfix vc_col-sm-4 vc_grid-item-zone-c-bottom vc_grid-term-3073 vc_grid-term-13\"><div class=\"vc_grid-item-mini vc_clearfix\"><div class=\"vc_gitem-animated-block\" ><div class=\"vc_gitem-zone vc_gitem-zone-a vc_custom_1543853818570 vc_gitem-is-link\" style=\"height: 150px;\"><a href=\"https:\/\/marbellarentacar.es\/es\/de-malaga-a-sierra-nevada\/\" title=\"De M\u00e1laga a Sierra Nevada\" class=\"vc_gitem-link vc-zone-link\" ><\/a><div class=\"vc_gitem-zone-mini\"><div class=\"vc_gitem_row vc_row vc_gitem-row-position-top\"><div class=\"vc_col-sm-12 vc_gitem-col vc_gitem-col-align-\">\n\t<div class=\"wpb_single_image wpb_content_element vc_custom_1550663520574 vc_align_\">\n\t\t<figure class=\"wpb_wrapper vc_figure\">\n\t\t\t<a href=\"https:\/\/marbellarentacar.es\/es\/de-malaga-a-sierra-nevada\/\" class=\"vc_gitem-link vc_single_image-wrapper vc_box_border_grey\" title=\"De M\u00e1laga a Sierra Nevada\"><img decoding=\"async\" class=\"vc_single_image-img\" src=\"https:\/\/marbellarentacar.es\/wp-content\/uploads\/2020\/03\/marbellarentacar-2-453x131.jpg\" width=\"453\" height=\"131\" alt=\"De M\u00e1laga a Sierra Nevada\" title=\"marbellarentacar-2\" \/><\/a>\n\t\t<\/figure>\n\t<\/div>\n<\/div><\/div><\/div><\/div><\/div><div class=\"vc_gitem-zone vc_gitem-zone-c vc_custom_1541775347107\"><div class=\"vc_gitem-zone-mini\"><div class=\"vc_gitem_row vc_row vc_gitem-row-position-top\"><div class=\"vc_col-sm-12 vc_gitem-col vc_gitem-col-align-\"><div class=\"vc_custom_heading vc_gitem-post-data vc_gitem-post-data-source-post_title\" ><h2 style=\"text-align: center\" >De M\u00e1laga a Sierra Nevada<\/h2><\/div><div class=\"vc_empty_space\"   style=\"height: 15px\"><span class=\"vc_empty_space_inner\"><\/span><\/div><div class=\"vc_custom_heading vc_gitem-post-data vc_gitem-post-data-source-post_excerpt\" ><div style=\"text-align: justify\" >En Andaluc\u00eda podr\u00e1 disfrutar de las mejores playas, los verdes paisajes y el agradable clima de M\u00e1laga. Aun as\u00ed, tambi\u00e9n puede disfrutar de un entorno diferente en esta misma regi\u00f3n. Cualquier familia puede disfrutar de un divertido d\u00eda en Sierra Nevada, desde esqu\u00ed, parapente hasta snowboard, pasando por incre\u00edbles paseos en trineo con fabulosas vistas.\r\n<\/div><\/div><div class=\"vc_btn3-container vc_btn3-center\"><a class=\"vc_general vc_btn3 vc_btn3-size-sm vc_btn3-shape-rounded vc_btn3-style-classic vc_btn3-block vc_btn3-color-sky\" a href=\"https:\/\/marbellarentacar.es\/es\/de-malaga-a-sierra-nevada\/\" title=\"Seguir leyendo\">Seguir leyendo<\/a><\/div><\/div><\/div><\/div><\/div><\/div><div class=\"vc_clearfix\"><\/div><\/div><div class=\"vc_grid-item vc_clearfix vc_col-sm-4 vc_grid-item-zone-c-bottom vc_grid-term-3074 vc_grid-term-13\"><div class=\"vc_grid-item-mini vc_clearfix\"><div class=\"vc_gitem-animated-block\" ><div class=\"vc_gitem-zone vc_gitem-zone-a vc_custom_1543853818570 vc_gitem-is-link\" style=\"height: 150px;\"><a href=\"https:\/\/marbellarentacar.es\/es\/de-marbella-al-jardin-botanico-malaga\/\" title=\"De Marbella al Jard\u00edn Bot\u00e1nico M\u00e1laga\" class=\"vc_gitem-link vc-zone-link\" ><\/a><div class=\"vc_gitem-zone-mini\"><div class=\"vc_gitem_row vc_row vc_gitem-row-position-top\"><div class=\"vc_col-sm-12 vc_gitem-col vc_gitem-col-align-\">\n\t<div class=\"wpb_single_image wpb_content_element vc_custom_1550663520574 vc_align_\">\n\t\t<figure class=\"wpb_wrapper vc_figure\">\n\t\t\t<a href=\"https:\/\/marbellarentacar.es\/es\/de-marbella-al-jardin-botanico-malaga\/\" class=\"vc_gitem-link vc_single_image-wrapper vc_box_border_grey\" title=\"De Marbella al Jard\u00edn Bot\u00e1nico M\u00e1laga\"><img decoding=\"async\" class=\"vc_single_image-img\" src=\"https:\/\/marbellarentacar.es\/wp-content\/uploads\/2020\/02\/marbellarentacar-3-453x131.jpg\" width=\"453\" height=\"131\" alt=\"De Marbella al Jard\u00edn Bot\u00e1nico M\u00e1laga\" title=\"marbellarentacar-3\" \/><\/a>\n\t\t<\/figure>\n\t<\/div>\n<\/div><\/div><\/div><\/div><\/div><div class=\"vc_gitem-zone vc_gitem-zone-c vc_custom_1541775347107\"><div class=\"vc_gitem-zone-mini\"><div class=\"vc_gitem_row vc_row vc_gitem-row-position-top\"><div class=\"vc_col-sm-12 vc_gitem-col vc_gitem-col-align-\"><div class=\"vc_custom_heading vc_gitem-post-data vc_gitem-post-data-source-post_title\" ><h2 style=\"text-align: center\" >De Marbella al Jard\u00edn Bot\u00e1nico M\u00e1laga<\/h2><\/div><div class=\"vc_empty_space\"   style=\"height: 15px\"><span class=\"vc_empty_space_inner\"><\/span><\/div><div class=\"vc_custom_heading vc_gitem-post-data vc_gitem-post-data-source-post_excerpt\" ><div style=\"text-align: justify\" >La naturaleza forma parte de todos nuestros d\u00edas, y podemos encontrarla conduciendo hacia el trabajo, en nuestra casa, o en el lugar que menos te esperas; hay que observarla. En la actualidad, la contaminaci\u00f3n ambiental es mucho m\u00e1s fuerte que antes, causando importantes da\u00f1os al planeta. A\u00fan as\u00ed, si desea pasar un excelente d\u00eda con la familia para aprender de todo tipo de plantas, \u00e1rboles o flores, el Jard\u00edn Bot\u00e1nico-Hist\u00f3rico La Concepci\u00f3n es el lugar al que debe acudir.<\/div><\/div><div class=\"vc_btn3-container vc_btn3-center\"><a class=\"vc_general vc_btn3 vc_btn3-size-sm vc_btn3-shape-rounded vc_btn3-style-classic vc_btn3-block vc_btn3-color-sky\" a href=\"https:\/\/marbellarentacar.es\/es\/de-marbella-al-jardin-botanico-malaga\/\" title=\"Seguir leyendo\">Seguir leyendo<\/a><\/div><\/div><\/div><\/div><\/div><\/div><div class=\"vc_clearfix\"><\/div><\/div><div class=\"vc_grid-item vc_clearfix vc_col-sm-4 vc_grid-item-zone-c-bottom vc_grid-term-3074 vc_grid-term-13\"><div class=\"vc_grid-item-mini vc_clearfix\"><div class=\"vc_gitem-animated-block\" ><div class=\"vc_gitem-zone vc_gitem-zone-a vc_custom_1543853818570 vc_gitem-is-link\" style=\"height: 150px;\"><a href=\"https:\/\/marbellarentacar.es\/es\/mariposario-de-benalmadena\/\" title=\"De Marbella al Mariposario de Benalm\u00e1dena\" class=\"vc_gitem-link vc-zone-link\" ><\/a><div class=\"vc_gitem-zone-mini\"><div class=\"vc_gitem_row vc_row vc_gitem-row-position-top\"><div class=\"vc_col-sm-12 vc_gitem-col vc_gitem-col-align-\">\n\t<div class=\"wpb_single_image wpb_content_element vc_custom_1550663520574 vc_align_\">\n\t\t<figure class=\"wpb_wrapper vc_figure\">\n\t\t\t<a href=\"https:\/\/marbellarentacar.es\/es\/mariposario-de-benalmadena\/\" class=\"vc_gitem-link vc_single_image-wrapper vc_box_border_grey\" title=\"De Marbella al Mariposario de Benalm\u00e1dena\"><img decoding=\"async\" class=\"vc_single_image-img\" src=\"https:\/\/marbellarentacar.es\/wp-content\/uploads\/2019\/09\/marbellarentacar-4-453x131.jpg\" width=\"453\" height=\"131\" alt=\"De Marbella al Mariposario de Benalm\u00e1dena\" title=\"marbellarentacar-4\" \/><\/a>\n\t\t<\/figure>\n\t<\/div>\n<\/div><\/div><\/div><\/div><\/div><div class=\"vc_gitem-zone vc_gitem-zone-c vc_custom_1541775347107\"><div class=\"vc_gitem-zone-mini\"><div class=\"vc_gitem_row vc_row vc_gitem-row-position-top\"><div class=\"vc_col-sm-12 vc_gitem-col vc_gitem-col-align-\"><div class=\"vc_custom_heading vc_gitem-post-data vc_gitem-post-data-source-post_title\" ><h2 style=\"text-align: center\" >De Marbella al Mariposario de Benalm\u00e1dena<\/h2><\/div><div class=\"vc_empty_space\"   style=\"height: 15px\"><span class=\"vc_empty_space_inner\"><\/span><\/div><div class=\"vc_custom_heading vc_gitem-post-data vc_gitem-post-data-source-post_excerpt\" ><div style=\"text-align: justify\" >Las mariposas son una parte fundamental de la naturaleza y del ecosistema porque indican la calidad del medio ambiente y forman parte del mundo. El mariposario de Benalm\u00e1dena es el lugar id\u00f3neo para pasear con los ni\u00f1os y ense\u00f1arles la importancia de las mariposas, o para dar un paseo en pareja. Adem\u00e1s, puede hacer una parada para comer o cenar en el restaurante Blankko para degustar excelentes platos espa\u00f1oles o mediterr\u00e1neos, postres y un hermoso paisaje.\r\n<\/div><\/div><div class=\"vc_btn3-container vc_btn3-center\"><a class=\"vc_general vc_btn3 vc_btn3-size-sm vc_btn3-shape-rounded vc_btn3-style-classic vc_btn3-block vc_btn3-color-sky\" a href=\"https:\/\/marbellarentacar.es\/es\/mariposario-de-benalmadena\/\" title=\"Seguir leyendo\">Seguir leyendo<\/a><\/div><\/div><\/div><\/div><\/div><\/div><div class=\"vc_clearfix\"><\/div><\/div><div class=\"vc_grid-item vc_clearfix vc_col-sm-4 vc_grid-item-zone-c-bottom vc_grid-term-3074 vc_grid-term-13\"><div class=\"vc_grid-item-mini vc_clearfix\"><div class=\"vc_gitem-animated-block\" ><div class=\"vc_gitem-zone vc_gitem-zone-a vc_custom_1543853818570 vc_gitem-is-link\" style=\"height: 150px;\"><a href=\"https:\/\/marbellarentacar.es\/es\/el-refugio-del-burrito\/\" title=\"De Marbella a El Refugio Del Burrito\" class=\"vc_gitem-link vc-zone-link\" ><\/a><div class=\"vc_gitem-zone-mini\"><div class=\"vc_gitem_row vc_row vc_gitem-row-position-top\"><div class=\"vc_col-sm-12 vc_gitem-col vc_gitem-col-align-\">\n\t<div class=\"wpb_single_image wpb_content_element vc_custom_1550663520574 vc_align_\">\n\t\t<figure class=\"wpb_wrapper vc_figure\">\n\t\t\t<a href=\"https:\/\/marbellarentacar.es\/es\/el-refugio-del-burrito\/\" class=\"vc_gitem-link vc_single_image-wrapper vc_box_border_grey\" title=\"De Marbella a El Refugio Del Burrito\"><img decoding=\"async\" class=\"vc_single_image-img\" src=\"https:\/\/marbellarentacar.es\/wp-content\/uploads\/2019\/07\/marbellarentacar-5-453x131.jpg\" width=\"453\" height=\"131\" alt=\"De Marbella a El Refugio Del Burrito\" title=\"marbellarentacar-5\" \/><\/a>\n\t\t<\/figure>\n\t<\/div>\n<\/div><\/div><\/div><\/div><\/div><div class=\"vc_gitem-zone vc_gitem-zone-c vc_custom_1541775347107\"><div class=\"vc_gitem-zone-mini\"><div class=\"vc_gitem_row vc_row vc_gitem-row-position-top\"><div class=\"vc_col-sm-12 vc_gitem-col vc_gitem-col-align-\"><div class=\"vc_custom_heading vc_gitem-post-data vc_gitem-post-data-source-post_title\" ><h2 style=\"text-align: center\" >De Marbella a El Refugio Del Burrito<\/h2><\/div><div class=\"vc_empty_space\"   style=\"height: 15px\"><span class=\"vc_empty_space_inner\"><\/span><\/div><div class=\"vc_custom_heading vc_gitem-post-data vc_gitem-post-data-source-post_excerpt\" ><div style=\"text-align: justify\" >Antes, los burros eran animales de carga, ahora estos simp\u00e1ticos animales son excelentes compa\u00f1eros. Puedes compartir con los burros que est\u00e1n en este santuario, y tambi\u00e9n apadrinar a alguno de ellos para ayudar en su cuidado. Despu\u00e9s de un d\u00eda de diversi\u00f3n, puedes disfrutar de una excelente cena o comida en el restaurante Mes\u00f3n el Pe\u00f1\u00f3n, y disfrutar de un viaje lleno de naturaleza y verdes paisajes.<\/div><\/div><div class=\"vc_btn3-container vc_btn3-center\"><a class=\"vc_general vc_btn3 vc_btn3-size-sm vc_btn3-shape-rounded vc_btn3-style-classic vc_btn3-block vc_btn3-color-sky\" a href=\"https:\/\/marbellarentacar.es\/es\/el-refugio-del-burrito\/\" title=\"Seguir leyendo\">Seguir leyendo<\/a><\/div><\/div><\/div><\/div><\/div><\/div><div class=\"vc_clearfix\"><\/div><\/div><div class=\"vc_grid-item vc_clearfix vc_col-sm-4 vc_grid-item-zone-c-bottom vc_grid-term-3074 vc_grid-term-13\"><div class=\"vc_grid-item-mini vc_clearfix\"><div class=\"vc_gitem-animated-block\" ><div class=\"vc_gitem-zone vc_gitem-zone-a vc_custom_1543853818570 vc_gitem-is-link\" style=\"height: 150px;\"><a href=\"https:\/\/marbellarentacar.es\/es\/de-marbella-al-zoo-de-castellar\/\" title=\"de Marbella a Zoo de Castellar\" class=\"vc_gitem-link vc-zone-link\" ><\/a><div class=\"vc_gitem-zone-mini\"><div class=\"vc_gitem_row vc_row vc_gitem-row-position-top\"><div class=\"vc_col-sm-12 vc_gitem-col vc_gitem-col-align-\">\n\t<div class=\"wpb_single_image wpb_content_element vc_custom_1550663520574 vc_align_\">\n\t\t<figure class=\"wpb_wrapper vc_figure\">\n\t\t\t<a href=\"https:\/\/marbellarentacar.es\/es\/de-marbella-al-zoo-de-castellar\/\" class=\"vc_gitem-link vc_single_image-wrapper vc_box_border_grey\" title=\"de Marbella a Zoo de Castellar\"><img decoding=\"async\" class=\"vc_single_image-img\" src=\"https:\/\/marbellarentacar.es\/wp-content\/uploads\/2019\/03\/marbellarentacar-6-453x131.jpg\" width=\"453\" height=\"131\" alt=\"de Marbella a Zoo de Castellar\" title=\"marbellarentacar-6\" \/><\/a>\n\t\t<\/figure>\n\t<\/div>\n<\/div><\/div><\/div><\/div><\/div><div class=\"vc_gitem-zone vc_gitem-zone-c vc_custom_1541775347107\"><div class=\"vc_gitem-zone-mini\"><div class=\"vc_gitem_row vc_row vc_gitem-row-position-top\"><div class=\"vc_col-sm-12 vc_gitem-col vc_gitem-col-align-\"><div class=\"vc_custom_heading vc_gitem-post-data vc_gitem-post-data-source-post_title\" ><h2 style=\"text-align: center\" >de Marbella a Zoo de Castellar<\/h2><\/div><div class=\"vc_empty_space\"   style=\"height: 15px\"><span class=\"vc_empty_space_inner\"><\/span><\/div><div class=\"vc_custom_heading vc_gitem-post-data vc_gitem-post-data-source-post_excerpt\" ><div style=\"text-align: justify\" >Los ni\u00f1os siempre sue\u00f1an con estar cerca de los animales que salen en sus programas de televisi\u00f3n; el sue\u00f1o de los padres es degustar una comida exquisita a buen precio con una copa de vino. El lugar donde todo esto puede ocurrir es en el Zoo de Castellar con una parada cercana en el Bar-Restaurante El Mirador. Disfrutar de lo mejor de C\u00e1diz nunca ha sido tan f\u00e1cil.<\/div><\/div><div class=\"vc_btn3-container vc_btn3-center\"><a class=\"vc_general vc_btn3 vc_btn3-size-sm vc_btn3-shape-rounded vc_btn3-style-classic vc_btn3-block vc_btn3-color-sky\" a href=\"https:\/\/marbellarentacar.es\/es\/de-marbella-al-zoo-de-castellar\/\" title=\"Seguir leyendo\">Seguir leyendo<\/a><\/div><\/div><\/div><\/div><\/div><\/div><div class=\"vc_clearfix\"><\/div><\/div><div class=\"vc_grid-item vc_clearfix vc_col-sm-4 vc_grid-item-zone-c-bottom vc_grid-term-3073 vc_grid-term-13\"><div class=\"vc_grid-item-mini vc_clearfix\"><div class=\"vc_gitem-animated-block\" ><div class=\"vc_gitem-zone vc_gitem-zone-a vc_custom_1543853818570 vc_gitem-is-link\" style=\"height: 150px;\"><a href=\"https:\/\/marbellarentacar.es\/es\/de-malaga-al-pantano-la-vinuela\/\" title=\"De M\u00e1laga al Pantano la Vi\u00f1uela\" class=\"vc_gitem-link vc-zone-link\" ><\/a><div class=\"vc_gitem-zone-mini\"><div class=\"vc_gitem_row vc_row vc_gitem-row-position-top\"><div class=\"vc_col-sm-12 vc_gitem-col vc_gitem-col-align-\">\n\t<div class=\"wpb_single_image wpb_content_element vc_custom_1550663520574 vc_align_\">\n\t\t<figure class=\"wpb_wrapper vc_figure\">\n\t\t\t<a href=\"https:\/\/marbellarentacar.es\/es\/de-malaga-al-pantano-la-vinuela\/\" class=\"vc_gitem-link vc_single_image-wrapper vc_box_border_grey\" title=\"De M\u00e1laga al Pantano la Vi\u00f1uela\"><img decoding=\"async\" class=\"vc_single_image-img\" src=\"https:\/\/marbellarentacar.es\/wp-content\/uploads\/2019\/02\/marbellarentacar-7-453x131.jpg\" width=\"453\" height=\"131\" alt=\"De M\u00e1laga al Pantano la Vi\u00f1uela\" title=\"marbellarentacar-7\" \/><\/a>\n\t\t<\/figure>\n\t<\/div>\n<\/div><\/div><\/div><\/div><\/div><div class=\"vc_gitem-zone vc_gitem-zone-c vc_custom_1541775347107\"><div class=\"vc_gitem-zone-mini\"><div class=\"vc_gitem_row vc_row vc_gitem-row-position-top\"><div class=\"vc_col-sm-12 vc_gitem-col vc_gitem-col-align-\"><div class=\"vc_custom_heading vc_gitem-post-data vc_gitem-post-data-source-post_title\" ><h2 style=\"text-align: center\" >De M\u00e1laga al Pantano la Vi\u00f1uela<\/h2><\/div><div class=\"vc_empty_space\"   style=\"height: 15px\"><span class=\"vc_empty_space_inner\"><\/span><\/div><div class=\"vc_custom_heading vc_gitem-post-data vc_gitem-post-data-source-post_excerpt\" ><div style=\"text-align: justify\" >Aire puro, bellos paisajes, buena gastronom\u00eda y una buena ruta, estos son los elementos para disfrutar de un rato en familia haciendo una excursi\u00f3n desde M\u00e1laga al pantano de La Vi\u00f1uelas. Puedes hacer una parada en el restaurante El Pantano, donde podr\u00e1s degustar mucho tipo de comida. Al final del viaje, podr\u00e9is practicar actividades n\u00e1uticas, visitar pueblos antiguos como Benamocarra y V\u00e9lez-M\u00e1laga, llenos de cultura e historia.<\/div><\/div><div class=\"vc_btn3-container vc_btn3-center\"><a class=\"vc_general vc_btn3 vc_btn3-size-sm vc_btn3-shape-rounded vc_btn3-style-classic vc_btn3-block vc_btn3-color-sky\" a href=\"https:\/\/marbellarentacar.es\/es\/de-malaga-al-pantano-la-vinuela\/\" title=\"Seguir leyendo\">Seguir leyendo<\/a><\/div><\/div><\/div><\/div><\/div><\/div><div class=\"vc_clearfix\"><\/div><\/div><div class=\"vc_grid-item vc_clearfix vc_col-sm-4 vc_grid-item-zone-c-bottom vc_grid-term-3074 vc_grid-term-13\"><div class=\"vc_grid-item-mini vc_clearfix\"><div class=\"vc_gitem-animated-block\" ><div class=\"vc_gitem-zone vc_gitem-zone-a vc_custom_1543853818570 vc_gitem-is-link\" style=\"height: 150px;\"><a href=\"https:\/\/marbellarentacar.es\/es\/marbella-ronda\/\" title=\"Qu\u00e9 hacer en Ronda\" class=\"vc_gitem-link vc-zone-link\" ><\/a><div class=\"vc_gitem-zone-mini\"><div class=\"vc_gitem_row vc_row vc_gitem-row-position-top\"><div class=\"vc_col-sm-12 vc_gitem-col vc_gitem-col-align-\">\n\t<div class=\"wpb_single_image wpb_content_element vc_custom_1550663520574 vc_align_\">\n\t\t<figure class=\"wpb_wrapper vc_figure\">\n\t\t\t<a href=\"https:\/\/marbellarentacar.es\/es\/marbella-ronda\/\" class=\"vc_gitem-link vc_single_image-wrapper vc_box_border_grey\" title=\"Qu\u00e9 hacer en Ronda\"><img decoding=\"async\" class=\"vc_single_image-img\" src=\"https:\/\/marbellarentacar.es\/wp-content\/uploads\/2019\/01\/marbellarentacar-8-453x131.jpg\" width=\"453\" height=\"131\" alt=\"Qu\u00e9 hacer en Ronda\" title=\"marbellarentacar-8\" \/><\/a>\n\t\t<\/figure>\n\t<\/div>\n<\/div><\/div><\/div><\/div><\/div><div class=\"vc_gitem-zone vc_gitem-zone-c vc_custom_1541775347107\"><div class=\"vc_gitem-zone-mini\"><div class=\"vc_gitem_row vc_row vc_gitem-row-position-top\"><div class=\"vc_col-sm-12 vc_gitem-col vc_gitem-col-align-\"><div class=\"vc_custom_heading vc_gitem-post-data vc_gitem-post-data-source-post_title\" ><h2 style=\"text-align: center\" >Qu\u00e9 hacer en Ronda<\/h2><\/div><div class=\"vc_empty_space\"   style=\"height: 15px\"><span class=\"vc_empty_space_inner\"><\/span><\/div><div class=\"vc_custom_heading vc_gitem-post-data vc_gitem-post-data-source-post_excerpt\" ><div style=\"text-align: justify\" >Recorre desde Marbella los mejores lugares tur\u00edsticos que tienes en los alrededores con la comodidad de disponer de un veh\u00edculo de alquiler, y si nos lo permites, te facilitaremos un gu\u00eda con el que podr\u00e1s disfrutar de una preciosa ruta por un camino lleno de curvas que rodea hermosas monta\u00f1as y que te llevar\u00e1n hasta la preciosa ciudad de Ronda, un lugar que no debes dejar de visitar.<\/div><\/div><div class=\"vc_btn3-container vc_btn3-center\"><a class=\"vc_general vc_btn3 vc_btn3-size-sm vc_btn3-shape-rounded vc_btn3-style-classic vc_btn3-block vc_btn3-color-sky\" a href=\"https:\/\/marbellarentacar.es\/es\/marbella-ronda\/\" title=\"Seguir leyendo\">Seguir leyendo<\/a><\/div><\/div><\/div><\/div><\/div><\/div><div class=\"vc_clearfix\"><\/div><\/div><div class=\"vc_grid-item vc_clearfix vc_col-sm-4 vc_grid-item-zone-c-bottom vc_grid-term-3075 vc_grid-term-13\"><div class=\"vc_grid-item-mini vc_clearfix\"><div class=\"vc_gitem-animated-block\" ><div class=\"vc_gitem-zone vc_gitem-zone-a vc_custom_1543853818570 vc_gitem-is-link\" style=\"height: 150px;\"><a href=\"https:\/\/marbellarentacar.es\/es\/gibraltar-san-roque\/\" title=\"Desde Gibraltar - San Roque\" class=\"vc_gitem-link vc-zone-link\" ><\/a><div class=\"vc_gitem-zone-mini\"><div class=\"vc_gitem_row vc_row vc_gitem-row-position-top\"><div class=\"vc_col-sm-12 vc_gitem-col vc_gitem-col-align-\">\n\t<div class=\"wpb_single_image wpb_content_element vc_custom_1550663520574 vc_align_\">\n\t\t<figure class=\"wpb_wrapper vc_figure\">\n\t\t\t<a href=\"https:\/\/marbellarentacar.es\/es\/gibraltar-san-roque\/\" class=\"vc_gitem-link vc_single_image-wrapper vc_box_border_grey\" title=\"Desde Gibraltar - San Roque\"><img decoding=\"async\" class=\"vc_single_image-img\" src=\"https:\/\/marbellarentacar.es\/wp-content\/uploads\/2018\/12\/marbellarentacar-9-453x131.jpg\" width=\"453\" height=\"131\" alt=\"Desde Gibraltar - San Roque\" title=\"marbellarentacar-9\" \/><\/a>\n\t\t<\/figure>\n\t<\/div>\n<\/div><\/div><\/div><\/div><\/div><div class=\"vc_gitem-zone vc_gitem-zone-c vc_custom_1541775347107\"><div class=\"vc_gitem-zone-mini\"><div class=\"vc_gitem_row vc_row vc_gitem-row-position-top\"><div class=\"vc_col-sm-12 vc_gitem-col vc_gitem-col-align-\"><div class=\"vc_custom_heading vc_gitem-post-data vc_gitem-post-data-source-post_title\" ><h2 style=\"text-align: center\" >Desde Gibraltar - San Roque<\/h2><\/div><div class=\"vc_empty_space\"   style=\"height: 15px\"><span class=\"vc_empty_space_inner\"><\/span><\/div><div class=\"vc_custom_heading vc_gitem-post-data vc_gitem-post-data-source-post_excerpt\" ><div style=\"text-align: justify\" >Las espectaculares vistas y la fusi\u00f3n entre historia y mezcla de culturas le envolver\u00e1n en una atm\u00f3sfera m\u00e1gica a trav\u00e9s de esta ruta. Desde Gibraltar hasta San Roque podr\u00e1 descubrir magn\u00edficos lugares donde detenerse, una naturaleza exuberante, fant\u00e1sticos campos de golf y vestigios de \u00e9pocas pasadas. Adem\u00e1s, podr\u00e1 disfrutar de la gastronom\u00eda local y de tapas con sus amigos.<\/div><\/div><div class=\"vc_btn3-container vc_btn3-center\"><a class=\"vc_general vc_btn3 vc_btn3-size-sm vc_btn3-shape-rounded vc_btn3-style-classic vc_btn3-block vc_btn3-color-sky\" a href=\"https:\/\/marbellarentacar.es\/es\/gibraltar-san-roque\/\" title=\"Seguir leyendo\">Seguir leyendo<\/a><\/div><\/div><\/div><\/div><\/div><\/div><div class=\"vc_clearfix\"><\/div><\/div><div class=\"vc_grid-item vc_clearfix vc_col-sm-4 vc_grid-item-zone-c-bottom vc_grid-term-3075 vc_grid-term-13\"><div class=\"vc_grid-item-mini vc_clearfix\"><div class=\"vc_gitem-animated-block\" ><div class=\"vc_gitem-zone vc_gitem-zone-a vc_custom_1543853818570 vc_gitem-is-link\" style=\"height: 150px;\"><a href=\"https:\/\/marbellarentacar.es\/es\/la-linea-de-la-concepcion-barbate\/\" title=\"La L\u00ednea de la Concepci\u00f3n - Barbate\" class=\"vc_gitem-link vc-zone-link\" ><\/a><div class=\"vc_gitem-zone-mini\"><div class=\"vc_gitem_row vc_row vc_gitem-row-position-top\"><div class=\"vc_col-sm-12 vc_gitem-col vc_gitem-col-align-\">\n\t<div class=\"wpb_single_image wpb_content_element vc_custom_1550663520574 vc_align_\">\n\t\t<figure class=\"wpb_wrapper vc_figure\">\n\t\t\t<a href=\"https:\/\/marbellarentacar.es\/es\/la-linea-de-la-concepcion-barbate\/\" class=\"vc_gitem-link vc_single_image-wrapper vc_box_border_grey\" title=\"La L\u00ednea de la Concepci\u00f3n - Barbate\"><img decoding=\"async\" class=\"vc_single_image-img\" src=\"https:\/\/marbellarentacar.es\/wp-content\/uploads\/2018\/11\/marbellarentacar-10-453x131.jpg\" width=\"453\" height=\"131\" alt=\"La L\u00ednea de la Concepci\u00f3n - Barbate\" title=\"marbellarentacar-10\" \/><\/a>\n\t\t<\/figure>\n\t<\/div>\n<\/div><\/div><\/div><\/div><\/div><div class=\"vc_gitem-zone vc_gitem-zone-c vc_custom_1541775347107\"><div class=\"vc_gitem-zone-mini\"><div class=\"vc_gitem_row vc_row vc_gitem-row-position-top\"><div class=\"vc_col-sm-12 vc_gitem-col vc_gitem-col-align-\"><div class=\"vc_custom_heading vc_gitem-post-data vc_gitem-post-data-source-post_title\" ><h2 style=\"text-align: center\" >La L\u00ednea de la Concepci\u00f3n - Barbate<\/h2><\/div><div class=\"vc_empty_space\"   style=\"height: 15px\"><span class=\"vc_empty_space_inner\"><\/span><\/div><div class=\"vc_custom_heading vc_gitem-post-data vc_gitem-post-data-source-post_excerpt\" ><div style=\"text-align: justify\" >A lo largo de esta ruta, podr\u00e1 disfrutar del encanto t\u00edpico de las tierras gaditanas, acompa\u00f1ado de la brisa marina y de ese inconfundible olor a sal. Desde La L\u00ednea de la Concepci\u00f3n hasta Barbate encontrar\u00e1s maravillosas playas, paisajes de gran belleza y lugares emblem\u00e1ticos. Tambi\u00e9n podr\u00e1s deleitarte con su gastronom\u00eda que ofrece una gran variedad de sabores, \u00a1todos ellos exquisitos!<\/div><\/div><div class=\"vc_btn3-container vc_btn3-center\"><a class=\"vc_general vc_btn3 vc_btn3-size-sm vc_btn3-shape-rounded vc_btn3-style-classic vc_btn3-block vc_btn3-color-sky\" a href=\"https:\/\/marbellarentacar.es\/es\/la-linea-de-la-concepcion-barbate\/\" title=\"Seguir leyendo\">Seguir leyendo<\/a><\/div><\/div><\/div><\/div><\/div><\/div><div class=\"vc_clearfix\"><\/div><\/div><div class=\"vc_grid-item vc_clearfix vc_col-sm-4 vc_grid-item-zone-c-bottom vc_grid-term-3073 vc_grid-term-13\"><div class=\"vc_grid-item-mini vc_clearfix\"><div class=\"vc_gitem-animated-block\" ><div class=\"vc_gitem-zone vc_gitem-zone-a vc_custom_1543853818570 vc_gitem-is-link\" style=\"height: 150px;\"><a href=\"https:\/\/marbellarentacar.es\/es\/malaga-la-herradura-y-almun%cc%83ecar\/\" title=\"M\u00e1laga, La herradura y Almu\u00f1\u00e9car\" class=\"vc_gitem-link vc-zone-link\" ><\/a><div class=\"vc_gitem-zone-mini\"><div class=\"vc_gitem_row vc_row vc_gitem-row-position-top\"><div class=\"vc_col-sm-12 vc_gitem-col vc_gitem-col-align-\">\n\t<div class=\"wpb_single_image wpb_content_element vc_custom_1550663520574 vc_align_\">\n\t\t<figure class=\"wpb_wrapper vc_figure\">\n\t\t\t<a href=\"https:\/\/marbellarentacar.es\/es\/malaga-la-herradura-y-almun%cc%83ecar\/\" class=\"vc_gitem-link vc_single_image-wrapper vc_box_border_grey\" title=\"M\u00e1laga, La herradura y Almu\u00f1\u00e9car\"><img decoding=\"async\" class=\"vc_single_image-img\" src=\"https:\/\/marbellarentacar.es\/wp-content\/uploads\/2018\/10\/marbellarentacar-11-453x131.jpg\" width=\"453\" height=\"131\" alt=\"M\u00e1laga, La herradura y Almu\u00f1\u00e9car\" title=\"marbellarentacar-11\" \/><\/a>\n\t\t<\/figure>\n\t<\/div>\n<\/div><\/div><\/div><\/div><\/div><div class=\"vc_gitem-zone vc_gitem-zone-c vc_custom_1541775347107\"><div class=\"vc_gitem-zone-mini\"><div class=\"vc_gitem_row vc_row vc_gitem-row-position-top\"><div class=\"vc_col-sm-12 vc_gitem-col vc_gitem-col-align-\"><div class=\"vc_custom_heading vc_gitem-post-data vc_gitem-post-data-source-post_title\" ><h2 style=\"text-align: center\" >M\u00e1laga, La herradura y Almu\u00f1\u00e9car<\/h2><\/div><div class=\"vc_empty_space\"   style=\"height: 15px\"><span class=\"vc_empty_space_inner\"><\/span><\/div><div class=\"vc_custom_heading vc_gitem-post-data vc_gitem-post-data-source-post_excerpt\" ><div style=\"text-align: justify\" >A trav\u00e9s de esta ruta podr\u00e1 disfrutar de los encantadores pueblos andaluces. De M\u00e1laga a Almu\u00f1\u00e9car (Granada) podr\u00e1s disfrutar de su patrimonio hist\u00f3rico y cultural y de sus costas, con interminables avenidas y playas, donde podr\u00e1s bucear y descubrir los fondos marinos. Otra de las ventajas de esta ruta es que podr\u00e1 disfrutar de una deliciosa gastronom\u00eda mientras contempla unas vistas espectaculares.<\/div><\/div><div class=\"vc_btn3-container vc_btn3-center\"><a class=\"vc_general vc_btn3 vc_btn3-size-sm vc_btn3-shape-rounded vc_btn3-style-classic vc_btn3-block vc_btn3-color-sky\" a href=\"https:\/\/marbellarentacar.es\/es\/malaga-la-herradura-y-almun%cc%83ecar\/\" title=\"Seguir leyendo\">Seguir leyendo<\/a><\/div><\/div><\/div><\/div><\/div><\/div><div class=\"vc_clearfix\"><\/div><\/div><\/div><div data-lazy-loading-btn=\"true\" style=\"display: none;\"><a href=\"https:\/\/marbellarentacar.es\/es\/guia-ruta\/\"><\/a><\/div><\/div>\n\t<\/div>\n<\/div><\/div><\/div><\/div><\/div>\n<\/div>","protected":false},"excerpt":{"rendered":"Las rutas m\u00e1s interesantes de la Costa del Sol y Gibraltar, si quieres disfrutar de un viaje y conocer M\u00e1laga y sus alrededores esta es la mejor manera, d\u00e9jate asesorar con esta selecci\u00f3n de rutas s\u00f3lo para ti. Tododesde Gibraltardesde M\u00e1lagadesde MarbellaRutaTodo desde Gibraltar desde M\u00e1laga desde Marbella Ruta Desde Gibraltar hasta Orquidario EsteponaCuando [...]","protected":false},"author":1,"featured_media":0,"parent":0,"menu_order":0,"comment_status":"closed","ping_status":"closed","template":"","meta":{"_joinchat":[],"footnotes":""},"class_list":["post-8500","page","type-page","status-publish"],"_links":{"self":[{"href":"https:\/\/marbellarentacar.es\/es\/wp-json\/wp\/v2\/pages\/8500","targetHints":{"allow":["GET"]}}],"collection":[{"href":"https:\/\/marbellarentacar.es\/es\/wp-json\/wp\/v2\/pages"}],"about":[{"href":"https:\/\/marbellarentacar.es\/es\/wp-json\/wp\/v2\/types\/page"}],"author":[{"embeddable":true,"href":"https:\/\/marbellarentacar.es\/es\/wp-json\/wp\/v2\/users\/1"}],"replies":[{"embeddable":true,"href":"https:\/\/marbellarentacar.es\/es\/wp-json\/wp\/v2\/comments?post=8500"}],"version-history":[{"count":0,"href":"https:\/\/marbellarentacar.es\/es\/wp-json\/wp\/v2\/pages\/8500\/revisions"}],"wp:attachment":[{"href":"https:\/\/marbellarentacar.es\/es\/wp-json\/wp\/v2\/media?parent=8500"}],"curies":[{"name":"wp","href":"https:\/\/api.w.org\/{rel}","templated":true}]}}